{"id":6,"date":"2022-06-06T11:09:10","date_gmt":"2022-06-06T14:09:10","guid":{"rendered":"https:\/\/repositorio.faculdadedegoiana.com.br\/index.php\/base-de-conhecimento\/"},"modified":"2022-06-15T16:14:35","modified_gmt":"2022-06-15T19:14:35","slug":"fag","status":"publish","type":"page","link":"https:\/\/repositorio.faculdadedegoiana.com.br\/","title":{"rendered":"Base de conhecimento"},"content":{"rendered":"\t\t<div data-elementor-type=\"wp-page\" data-elementor-id=\"6\" class=\"elementor elementor-6\">\n\t\t\t\t\t\t\t\t\t<section class=\"elementor-section elementor-top-section elementor-element elementor-element-1aeeb783 elementor-section-boxed elementor-section-height-default elementor-section-height-default\" data-id=\"1aeeb783\" data-element_type=\"section\">\n\t\t\t\t\t\t<div class=\"elementor-container elementor-column-gap-default\">\n\t\t\t\t\t<div class=\"elementor-column elementor-col-100 elementor-top-column elementor-element elementor-element-6d2af07e\" data-id=\"6d2af07e\" data-element_type=\"column\">\n\t\t\t<div class=\"elementor-widget-wrap elementor-element-populated\">\n\t\t\t\t\t\t\t\t<div class=\"elementor-element elementor-element-67c757a elementor-widget elementor-widget-text-editor\" data-id=\"67c757a\" data-element_type=\"widget\" data-widget_type=\"text-editor.default\">\n\t\t\t\t<div class=\"elementor-widget-container\">\n\t\t\t<style>\/*! elementor - v3.6.5 - 27-04-2022 *\/\n.elementor-widget-text-editor.elementor-drop-cap-view-stacked .elementor-drop-cap{background-color:#818a91;color:#fff}.elementor-widget-text-editor.elementor-drop-cap-view-framed .elementor-drop-cap{color:#818a91;border:3px solid;background-color:transparent}.elementor-widget-text-editor:not(.elementor-drop-cap-view-default) .elementor-drop-cap{margin-top:8px}.elementor-widget-text-editor:not(.elementor-drop-cap-view-default) .elementor-drop-cap-letter{width:1em;height:1em}.elementor-widget-text-editor .elementor-drop-cap{float:left;text-align:center;line-height:1;font-size:50px}.elementor-widget-text-editor .elementor-drop-cap-letter{display:inline-block}<\/style>\t\t\t\t\t\t\t\t\t\t<\/div>\n\t\t\t\t<\/div>\n\t\t\t\t<div class=\"elementor-element elementor-element-ee8a67f elementor-widget elementor-widget-image\" data-id=\"ee8a67f\" data-element_type=\"widget\" data-widget_type=\"image.default\">\n\t\t\t\t<div class=\"elementor-widget-container\">\n\t\t\t<style>\/*! elementor - v3.6.5 - 27-04-2022 *\/\n.elementor-widget-image{text-align:center}.elementor-widget-image a{display:inline-block}.elementor-widget-image a img[src$=\".svg\"]{width:48px}.elementor-widget-image img{vertical-align:middle;display:inline-block}<\/style>\t\t\t\t\t\t\t\t\t\t\t\t<img width=\"300\" height=\"144\" src=\"https:\/\/repositorio.faculdadedegoiana.com.br\/wp-content\/uploads\/2022\/06\/logofag-300x144.png\" class=\"attachment-medium size-medium\" alt=\"\" loading=\"lazy\" srcset=\"https:\/\/repositorio.faculdadedegoiana.com.br\/wp-content\/uploads\/2022\/06\/logofag-300x144.png 300w, https:\/\/repositorio.faculdadedegoiana.com.br\/wp-content\/uploads\/2022\/06\/logofag.png 640w\" sizes=\"(max-width: 300px) 100vw, 300px\" \/>\t\t\t\t\t\t\t\t\t\t\t\t\t\t\t<\/div>\n\t\t\t\t<\/div>\n\t\t\t\t<div class=\"elementor-element elementor-element-9a9bf45 elementor-widget elementor-widget-heading\" data-id=\"9a9bf45\" data-element_type=\"widget\" data-widget_type=\"heading.default\">\n\t\t\t\t<div class=\"elementor-widget-container\">\n\t\t\t<style>\/*! elementor - v3.6.5 - 27-04-2022 *\/\n.elementor-heading-title{padding:0;margin:0;line-height:1}.elementor-widget-heading .elementor-heading-title[class*=elementor-size-]>a{color:inherit;font-size:inherit;line-height:inherit}.elementor-widget-heading .elementor-heading-title.elementor-size-small{font-size:15px}.elementor-widget-heading .elementor-heading-title.elementor-size-medium{font-size:19px}.elementor-widget-heading .elementor-heading-title.elementor-size-large{font-size:29px}.elementor-widget-heading .elementor-heading-title.elementor-size-xl{font-size:39px}.elementor-widget-heading .elementor-heading-title.elementor-size-xxl{font-size:59px}<\/style><h1 class=\"elementor-heading-title elementor-size-default\">Reposit\u00f3rio | Faculdade de Goiana <\/h1>\t\t<\/div>\n\t\t\t\t<\/div>\n\t\t\t\t\t<\/div>\n\t\t<\/div>\n\t\t\t\t\t\t\t<\/div>\n\t\t<\/section>\n\t\t\t\t<section class=\"elementor-section elementor-top-section elementor-element elementor-element-83bf78b elementor-section-boxed elementor-section-height-default elementor-section-height-default\" data-id=\"83bf78b\" data-element_type=\"section\">\n\t\t\t\t\t\t<div class=\"elementor-container elementor-column-gap-default\">\n\t\t\t\t\t<div class=\"elementor-column elementor-col-100 elementor-top-column elementor-element elementor-element-efdcad0\" data-id=\"efdcad0\" data-element_type=\"column\">\n\t\t\t<div class=\"elementor-widget-wrap elementor-element-populated\">\n\t\t\t\t\t\t\t\t<div class=\"elementor-element elementor-element-0220b14 elementor-widget elementor-widget-shortcode\" data-id=\"0220b14\" data-element_type=\"widget\" data-widget_type=\"shortcode.default\">\n\t\t\t\t<div class=\"elementor-widget-container\">\n\t\t\t\t\t<div class=\"elementor-shortcode\">\n<table id=\"tablepress-1\" class=\"tablepress tablepress-id-1\">\n<thead>\n<tr class=\"row-1 odd\">\n\t<th class=\"column-1\">T\u00cdTULO<\/th><th class=\"column-2\">AUTOR<\/th><th class=\"column-3\">TIPO DO DOCUMENTO<\/th><th class=\"column-4\">CURSO<\/th><th class=\"column-5\">PALAVRAS-CHAVE<\/th><th class=\"column-6\">DATA<\/th><th class=\"column-7\">DOWNLOAD<\/th>\n<\/tr>\n<\/thead>\n<tbody class=\"row-hover\">\n<tr class=\"row-2 even\">\n\t<td class=\"column-1\">Sustentabilidade na produ\u00e7\u00e3o industrial: estudo de caso na empresa <br \/>\nBrose<\/td><td class=\"column-2\">Anna Laura Monteiro Veloso Guedes; Gutemberg Belizio <br \/>\nAnulino Junior<\/td><td class=\"column-3\">TCC - Artigo<\/td><td class=\"column-4\">Administra\u00e7\u00e3o<\/td><td class=\"column-5\">Sustentabilidade; Produ\u00e7\u00e3o industrial; Responsabilidade <br \/>\nambiental.<\/td><td class=\"column-6\">2025<\/td><td class=\"column-7\"><a href=\"http:\/\/repositorio.faculdadedegoiana.com.br\/wp-content\/uploads\/2025\/12\/TCC-Repositorio-Anna-Laura-e-Gutemberg.pdf\">BAIXAR<\/a><\/td>\n<\/tr>\n<tr class=\"row-3 odd\">\n\t<td class=\"column-1\">Pol\u00edticas e pr\u00e1ticas de uma ind\u00fastria automotiva de Goiana\u2013PE para o <br \/>\nretorno de mulheres ao trabalho ap\u00f3s a maternidade: desafios e <br \/>\nestrat\u00e9gias<\/td><td class=\"column-2\"> Beatriz Silva Nascimento; Evelly Emanuelly Moura de Abreu<\/td><td class=\"column-3\">TCC - Artigo<\/td><td class=\"column-4\">Administra\u00e7\u00e3o<\/td><td class=\"column-5\">Maternidade; Trabalho feminino; Ind\u00fastria; Reinser\u00e7\u00e3o <br \/>\nprofissional.<\/td><td class=\"column-6\">2025<\/td><td class=\"column-7\"><a href=\"http:\/\/repositorio.faculdadedegoiana.com.br\/wp-content\/uploads\/2025\/12\/TCC-Repositorio-Beatriz-e-Evelly.pdf\">BAIXAR<\/a><\/td>\n<\/tr>\n<tr class=\"row-4 even\">\n\t<td class=\"column-1\">An\u00e1lise da aplica\u00e7\u00e3o do marketing digital em micro e pequenas empresas: uma revis\u00e3o de literatura<\/td><td class=\"column-2\">Carlos Alberto da Silva J\u00fanior; <br \/>\nThabata Cardoso Batista<\/td><td class=\"column-3\">TCC - Artigo<\/td><td class=\"column-4\">Administra\u00e7\u00e3o<\/td><td class=\"column-5\">Marketing; Microempresas; Pequenas empresas; Revis\u00e3o;  <br \/>\nEmpreendedorismo digital.<\/td><td class=\"column-6\">2025<\/td><td class=\"column-7\"><a href=\"http:\/\/repositorio.faculdadedegoiana.com.br\/wp-content\/uploads\/2025\/12\/TCC-Repositorio-Carlos-e-Thabata-1.pdf\">BAIXAR<\/a><\/td>\n<\/tr>\n<tr class=\"row-5 odd\">\n\t<td class=\"column-1\">Assimetria informacional no PCP e possibilidades de uso do big data: <br \/>\nestudo de caso em uma ind\u00fastria papeleira<\/td><td class=\"column-2\">Clarice Vit\u00f3rya da Silva <br \/>\nNunes; Mallu Stephanny Alves Ramos da Silva; W\u00e9gina Mirelle Alves <br \/>\nde Paula<\/td><td class=\"column-3\">TCC - Artigo<\/td><td class=\"column-4\">Administra\u00e7\u00e3o<\/td><td class=\"column-5\">Big Data; Planejamento e controle da produ\u00e7\u00e3o; Assimetria de <br \/>\ninforma\u00e7\u00f5es; Ind\u00fastria papeleira; Efici\u00eancia produtiva.<\/td><td class=\"column-6\">2025<\/td><td class=\"column-7\"><a href=\"http:\/\/repositorio.faculdadedegoiana.com.br\/wp-content\/uploads\/2025\/12\/TCC-Repositorio-Clarice-Mallu-e-Wegina.pdf\">BAIXAR<\/a><\/td>\n<\/tr>\n<tr class=\"row-6 even\">\n\t<td class=\"column-1\">Impactos da implementa\u00e7\u00e3o do 5S na efici\u00eancia operacional no setor <br \/>\nadministrativo: estudo de caso em um mercado familiar de Goiana - PE<\/td><td class=\"column-2\">Emerson de Fran\u00e7a Silva<\/td><td class=\"column-3\">TCC - Artigo<\/td><td class=\"column-4\">Administra\u00e7\u00e3o<\/td><td class=\"column-5\">5S; Efici\u00eancia operacional; Organiza\u00e7\u00e3o; Gest\u00e3o da qualidade; Mercado familiar.<\/td><td class=\"column-6\">2025<\/td><td class=\"column-7\"><a href=\"http:\/\/repositorio.faculdadedegoiana.com.br\/wp-content\/uploads\/2025\/12\/TCC-Repositorio-Emerson.pdf\">BAIXAR<\/a><\/td>\n<\/tr>\n<tr class=\"row-7 odd\">\n\t<td class=\"column-1\">Percep\u00e7\u00f5es e expectativas dos empreendedores sobre a qualidade do servi\u00e7o no Food Park de Goiana PE: um estudo de caso utilizando o <br \/>\nmodelo SERVQUAL<\/td><td class=\"column-2\">Emilly Rochele Oliveira da Silva; Geovani Moura da Cruz Neto<\/td><td class=\"column-3\">TCC - Artigo<\/td><td class=\"column-4\">Administra\u00e7\u00e3o<\/td><td class=\"column-5\">Qualidade de servi\u00e7os; Percep\u00e7\u00e3o do usu\u00e1rio; Experi\u00eancia do <br \/>\nempreendedor; SERVQUAL.<\/td><td class=\"column-6\">2025<\/td><td class=\"column-7\"><a href=\"http:\/\/repositorio.faculdadedegoiana.com.br\/wp-content\/uploads\/2025\/12\/TCC-Repositorio-Emily-e-Geovani.pdf\">BAIXAR<\/a><\/td>\n<\/tr>\n<tr class=\"row-8 even\">\n\t<td class=\"column-1\">A efic\u00e1cia das campanhas de marketing com influenciadores digitais no comportamento de compra dos consumidores: uma revis\u00e3o da <br \/>\nliteratura<\/td><td class=\"column-2\">Fabiana Clarice Oliveira da Silva; Maria Dayne da Silva Correia<\/td><td class=\"column-3\">TCC - Artigo<\/td><td class=\"column-4\">Administra\u00e7\u00e3o<\/td><td class=\"column-5\">Efic\u00e1cia;<br \/>\nMarketing; Influenciadores digitais;<br \/>\nComportamento de compra;  Consumidor.<\/td><td class=\"column-6\">2025<\/td><td class=\"column-7\"><a href=\"http:\/\/repositorio.faculdadedegoiana.com.br\/wp-content\/uploads\/2025\/12\/TCC-Repositorio-Fabiana-e-Maria-Dayne-1.pdf\">BAIXAR<\/a><\/td>\n<\/tr>\n<tr class=\"row-9 odd\">\n\t<td class=\"column-1\">Entre redes e mariscos: a busca pelo trabalho decente das marisqueiras de Ponta de Pedras - PE \u00e0 luz da Teoria dos Comuns<\/td><td class=\"column-2\">Ilka Larissa Guedes da Costa; Kaylane Kelly da Cruz Lima<\/td><td class=\"column-3\">TCC - Artigo<\/td><td class=\"column-4\">Administra\u00e7\u00e3o<\/td><td class=\"column-5\">Governan\u00e7a coletiva; Recursos comuns; Trabalho decente;<br \/>\nMarisqueiras; Saberes tradicionais.<\/td><td class=\"column-6\">2025<\/td><td class=\"column-7\"><a href=\"http:\/\/repositorio.faculdadedegoiana.com.br\/wp-content\/uploads\/2025\/12\/TCC-Repositorio-Ilka-e-Kaylane.pdf\">BAIXAR<\/a><\/td>\n<\/tr>\n<tr class=\"row-10 even\">\n\t<td class=\"column-1\">Log\u00edstica reversa e sustentabilidade: estrat\u00e9gias para descarte <br \/>\nrespons\u00e1vel de produtos<\/td><td class=\"column-2\">Jo\u00e3o Victor Lopes da Silva; Wibson Soares <br \/>\ndos Santos<\/td><td class=\"column-3\">TCC - Artigo<\/td><td class=\"column-4\">Administra\u00e7\u00e3o<\/td><td class=\"column-5\">Log\u00edstica reversa; Sustentabilidade; Gest\u00e3o de res\u00edduos.<\/td><td class=\"column-6\">2025<\/td><td class=\"column-7\"><a href=\"http:\/\/repositorio.faculdadedegoiana.com.br\/wp-content\/uploads\/2025\/12\/TCC-Repositorio-Joao-Victor-e-Wibson.pdf\">BAIXAR<\/a><\/td>\n<\/tr>\n<tr class=\"row-11 odd\">\n\t<td class=\"column-1\">An\u00e1lise estrat\u00e9gica de estoques com Curva ABC e M\u00e9todo TOPSIS: <br \/>\nestudo de caso em uma empresa do setor t\u00eaxtil<\/td><td class=\"column-2\">Jos\u00e9 Eduardo Barbosa do Nascimento; Walacy Ferreira de Moraes Brand\u00e3o<\/td><td class=\"column-3\">TCC - Artigo<\/td><td class=\"column-4\">Administra\u00e7\u00e3o<\/td><td class=\"column-5\">Curva ABC; M\u00e9todo TOPSIS; Gest\u00e3o de estoques; Log\u00edstica; An\u00e1lise multicrit\u00e9rio; Estoque t\u00eaxtil.<\/td><td class=\"column-6\">2025<\/td><td class=\"column-7\"><a href=\"http:\/\/repositorio.faculdadedegoiana.com.br\/wp-content\/uploads\/2025\/12\/TCC-Repositorio-Jose-Eduardo-e-Walacy.pdf\">BAIXAR<\/a><\/td>\n<\/tr>\n<tr class=\"row-12 even\">\n\t<td class=\"column-1\">Gest\u00e3o estrat\u00e9gica de marketing em pequenas e m\u00e9dias empresas: <br \/>\ndesafios e oportunidades<\/td><td class=\"column-2\">Lucas Renan Maurino de Barros; Mariana <br \/>\nVeloso da Cunha<\/td><td class=\"column-3\">TCC - Artigo<\/td><td class=\"column-4\">Administra\u00e7\u00e3o<\/td><td class=\"column-5\">Marketing Estrat\u00e9gico; Pequenas empresas; Competitividade; <br \/>\nOportunidades.<\/td><td class=\"column-6\">2025<\/td><td class=\"column-7\"><a href=\"http:\/\/repositorio.faculdadedegoiana.com.br\/wp-content\/uploads\/2025\/12\/TCC-Repositorio-Lucas-e-Mariana.pdf\">BAIXAR<\/a><\/td>\n<\/tr>\n<tr class=\"row-13 odd\">\n\t<td class=\"column-1\">Rastreamento por sat\u00e9lite no transporte de cargas: um estudo de caso sobre seguran\u00e7a das entregas e satisfa\u00e7\u00e3o dos clientes em cinco <br \/>\ntransportadoras terceirizadas de uma empresa produtora de papel\u00e3o<\/td><td class=\"column-2\">Maria Gabryella Marques da Silva<\/td><td class=\"column-3\">TCC - Artigo<\/td><td class=\"column-4\">Administra\u00e7\u00e3o<\/td><td class=\"column-5\">Log\u00edstica; Rastreabilidade; Tecnologia; Seguran\u00e7a;<br \/>\nQualidade; Transporte.<\/td><td class=\"column-6\">2025<\/td><td class=\"column-7\"><a href=\"http:\/\/repositorio.faculdadedegoiana.com.br\/wp-content\/uploads\/2025\/11\/TCC-Maria-Gabryella-Repositorio.pdf\">BAIXAR<\/a><\/td>\n<\/tr>\n<tr class=\"row-14 even\">\n\t<td class=\"column-1\">Gest\u00e3o de compras e sele\u00e7\u00e3o de fornecedores em microempresas do <br \/>\nsetor de vestu\u00e1rio em Goiana\/PE: um estudo comparativo<\/td><td class=\"column-2\">Matheus de <br \/>\nVasconcelos Lira Sulzbach<\/td><td class=\"column-3\">TCC - Artigo<\/td><td class=\"column-4\">Administra\u00e7\u00e3o<\/td><td class=\"column-5\">Gest\u00e3o de compras; Fornecedores; Microempresas.<\/td><td class=\"column-6\">2025<\/td><td class=\"column-7\"><a href=\"http:\/\/repositorio.faculdadedegoiana.com.br\/wp-content\/uploads\/2025\/12\/TCC-Repositorio-Matheus.pdf\">BAIXAR<\/a><\/td>\n<\/tr>\n<tr class=\"row-15 odd\">\n\t<td class=\"column-1\">N\u00edvel de servi\u00e7o em operadores log\u00edsticos e sua rela\u00e7\u00e3o com contratos log\u00edsticos: uma revis\u00e3o narrativa (2019-2024)<\/td><td class=\"column-2\">Rodolpho Matheus <br \/>\nMendes Maciel<\/td><td class=\"column-3\">TCC - Artigo<\/td><td class=\"column-4\">Administra\u00e7\u00e3o<\/td><td class=\"column-5\">Log\u00edstica; Contratos log\u00edsticos; SLA; Desempenho log\u00edstico; Terceiriza\u00e7\u00e3o.<\/td><td class=\"column-6\">2025<\/td><td class=\"column-7\"><a href=\"http:\/\/repositorio.faculdadedegoiana.com.br\/wp-content\/uploads\/2025\/12\/TCC-Repositorio-Rodolpho.pdf\">BAIXAR<\/a><\/td>\n<\/tr>\n<tr class=\"row-16 even\">\n\t<td class=\"column-1\">Percep\u00e7\u00e3o de usu\u00e1rios da aten\u00e7\u00e3o prim\u00e1ria \u00e0 sa\u00fade a respeito da <br \/>\ndoa\u00e7\u00e3o de \u00f3rg\u00e3os<\/td><td class=\"column-2\"> Adriano Monteiro de Ara\u00fajo; Isabella Rodrigues de <br \/>\nSouza Oliveira Botelho<\/td><td class=\"column-3\">TCC - Artigo<\/td><td class=\"column-4\">Enfermagem<\/td><td class=\"column-5\">Obten\u00e7\u00e3o de \u00f3rg\u00e3os e tecido; Aten\u00e7\u00e3o prim\u00e1ria \u00e0 sa\u00fade;<br \/>\nEduca\u00e7\u00e3o em sa\u00fade; Cuidados de enfermagem.<\/td><td class=\"column-6\">2025<\/td><td class=\"column-7\"><a href=\"http:\/\/repositorio.faculdadedegoiana.com.br\/wp-content\/uploads\/2025\/12\/TCC-Repositorio-Adriano-e-Isabella.pdf\">BAIXAR<\/a><\/td>\n<\/tr>\n<tr class=\"row-17 odd\">\n\t<td class=\"column-1\">O papel do enfermeiro obstetra na promo\u00e7\u00e3o do parto humanizado<\/td><td class=\"column-2\">Alanny Ferreira do Nascimento; Carla Regina do Nascimento<\/td><td class=\"column-3\">TCC - Artigo<\/td><td class=\"column-4\">Enfermagem<\/td><td class=\"column-5\">Parto humanizado; Enfermeiro obstetra; Assist\u00eancia ao parto; <br \/>\nPr\u00e1ticas humanizadas.<\/td><td class=\"column-6\">2025<\/td><td class=\"column-7\"><a href=\"http:\/\/repositorio.faculdadedegoiana.com.br\/wp-content\/uploads\/2025\/11\/TCC-Alanny-e-Carla-Repositorio.pdf\">BAIXAR<\/a><\/td>\n<\/tr>\n<tr class=\"row-18 even\">\n\t<td class=\"column-1\">Desmame precoce: fatores desencadeadores e consequ\u00eancias para o lactente<\/td><td class=\"column-2\">Ana Beatriz da Cruz Tavares; Bruna Beatriz da Paz Costa<\/td><td class=\"column-3\">TCC - Artigo<\/td><td class=\"column-4\">Enfermagem<\/td><td class=\"column-5\">Desmame; Lactente; Enfermagem.<\/td><td class=\"column-6\">2025<\/td><td class=\"column-7\"><a href=\"http:\/\/repositorio.faculdadedegoiana.com.br\/wp-content\/uploads\/2025\/12\/TCC-Repositorio-Ana-Beatriz-e-Bruna-Beatriz.pdf\">BAIXAR<\/a><\/td>\n<\/tr>\n<tr class=\"row-19 odd\">\n\t<td class=\"column-1\">Consult\u00f3rio de enfermagem est\u00e9tica: uma nova fronteira da pr\u00e1tica avan\u00e7ada em sa\u00fade<\/td><td class=\"column-2\">Ana Caroline Felix da Silva<\/td><td class=\"column-3\">TCC - Artigo<\/td><td class=\"column-4\">Enfermagem<\/td><td class=\"column-5\">Consult\u00f3rio; Enfermagem; Est\u00e9tica; Dermatologia; <br \/>\nEmpreendedor.<\/td><td class=\"column-6\">2025<\/td><td class=\"column-7\"><a href=\"http:\/\/repositorio.faculdadedegoiana.com.br\/wp-content\/uploads\/2025\/12\/TCC-Repositorio-Ana-Caroline-Felix.pdf\">BAIXAR<\/a><\/td>\n<\/tr>\n<tr class=\"row-20 even\">\n\t<td class=\"column-1\">Desafios vivenciados pelo enfermeiro no manejo de pacientes em crise psiqui\u00e1trica em hospitais gerais<\/td><td class=\"column-2\">Ana Claudia Soares da Silva Vasconcelos<\/td><td class=\"column-3\">TCC - Artigo<\/td><td class=\"column-4\">Enfermagem<\/td><td class=\"column-5\">Interven\u00e7\u00e3o na crise; Servi\u00e7os de emerg\u00eancia psiqui\u00e1trica; <br \/>\nEnfermagem;  Sa\u00fade mental; Hospitais gerais.<\/td><td class=\"column-6\">2025<\/td><td class=\"column-7\"><a href=\"http:\/\/repositorio.faculdadedegoiana.com.br\/wp-content\/uploads\/2025\/11\/TCC-Ana-Claudia-Soares-Repositorio.pdf\">BAIXAR<\/a><\/td>\n<\/tr>\n<tr class=\"row-21 odd\">\n\t<td class=\"column-1\">Impactos da viol\u00eancia obst\u00e9trica na sa\u00fade mental de mulheres<\/td><td class=\"column-2\">Ana Paula Soares da Silva; Carla Vanessa Soares da Silva<\/td><td class=\"column-3\">TCC - Artigo<\/td><td class=\"column-4\">Enfermagem<\/td><td class=\"column-5\">Sa\u00fade Mental; Viol\u00eancia Obst\u00e9trica; Enfermagem.<\/td><td class=\"column-6\">2025<\/td><td class=\"column-7\"><a href=\"http:\/\/repositorio.faculdadedegoiana.com.br\/wp-content\/uploads\/2025\/11\/TCC-Ana-Paula-e-Carla-Vanessa-Repositorio.pdf\">BAIXAR<\/a><\/td>\n<\/tr>\n<tr class=\"row-22 even\">\n\t<td class=\"column-1\">S\u00edndromes hipertensivas gestacionais: import\u00e2ncia do pr\u00e9-natal de <br \/>\nqualidade e da atua\u00e7\u00e3o do enfermeiro<\/td><td class=\"column-2\">Ana Luiza de Souza Silva Assis<\/td><td class=\"column-3\">TCC - Artigo<\/td><td class=\"column-4\">Enfermagem<\/td><td class=\"column-5\">Cuidado pr\u00e9-natal; Hipertens\u00e3o gestacional; Enfermagem.<\/td><td class=\"column-6\">2025<\/td><td class=\"column-7\"><a href=\"http:\/\/repositorio.faculdadedegoiana.com.br\/wp-content\/uploads\/2025\/12\/TCC-Repositorio-Ana-Luiza-de-Souza.pdf\">BAIXAR<\/a><\/td>\n<\/tr>\n<tr class=\"row-23 odd\">\n\t<td class=\"column-1\">Atua\u00e7\u00e3o do enfermeiro no atendimento pr\u00e9-hospitalar \u00e0 pacientes em <br \/>\nparada cardiorrespirat\u00f3ria<\/td><td class=\"column-2\">Anderson Lu\u00eds Nunes Amorim; Rosenilda de <br \/>\nFran\u00e7a Souza<\/td><td class=\"column-3\">TCC - Artigo<\/td><td class=\"column-4\">Enfermagem<\/td><td class=\"column-5\">Atendimento pr\u00e9- hospitalar; Parada cardiorrespirat\u00f3ria; <br \/>\nInterven\u00e7\u00e3o do enfermeiro; Ressuscita\u00e7\u00e3o cardiopulmonar. <\/td><td class=\"column-6\">2025<\/td><td class=\"column-7\"><a href=\"http:\/\/repositorio.faculdadedegoiana.com.br\/wp-content\/uploads\/2025\/12\/TCC-Repositorio-Anderson-e-Rosenilda-1.pdf\">BAIXAR<\/a><\/td>\n<\/tr>\n<tr class=\"row-24 even\">\n\t<td class=\"column-1\">Atua\u00e7\u00e3o do enfermeiro na preven\u00e7\u00e3o da s\u00edfilis cong\u00eanita: <br \/>\nestrat\u00e9gias e desafios na aten\u00e7\u00e3o prim\u00e1ria \u00e0 sa\u00fade<\/td><td class=\"column-2\">Andriely Gomes de Lima<\/td><td class=\"column-3\">TCC - Artigo<\/td><td class=\"column-4\">Enfermagem<\/td><td class=\"column-5\">S\u00edfilis Cong\u00eanita; Enfermeiro; Preven\u00e7\u00e3o.<\/td><td class=\"column-6\">2025<\/td><td class=\"column-7\"><a href=\"http:\/\/repositorio.faculdadedegoiana.com.br\/wp-content\/uploads\/2025\/11\/TCC-Andriely-Repositorio.pdf\">BAIXAR<\/a><\/td>\n<\/tr>\n<tr class=\"row-25 odd\">\n\t<td class=\"column-1\">Atua\u00e7\u00e3o do enfermeiro na educa\u00e7\u00e3o em sa\u00fade sexual e reprodutiva de adolescentes na aten\u00e7\u00e3o prim\u00e1ria<\/td><td class=\"column-2\">Anne Dominique Rodrigues Jord\u00e3o<\/td><td class=\"column-3\">TCC - Artigo<\/td><td class=\"column-4\">Enfermagem<\/td><td class=\"column-5\">Enfermagem; Sa\u00fade do adolescente; Educa\u00e7\u00e3o sexual.<\/td><td class=\"column-6\">2025<\/td><td class=\"column-7\"><a href=\"http:\/\/repositorio.faculdadedegoiana.com.br\/wp-content\/uploads\/2025\/12\/TCC-Repositorio-Anne-Dominique.pdf\">BAIXAR<\/a><\/td>\n<\/tr>\n<tr class=\"row-26 even\">\n\t<td class=\"column-1\">Dificuldades enfrentadas por profissionais para a humaniza\u00e7\u00e3o dos <br \/>\ncuidados de enfermagem em servi\u00e7os de urg\u00eancia e emerg\u00eancia<\/td><td class=\"column-2\">B\u00e1rbara Amanda Xavier da Silva; Indal\u00e9cia Roberta Maciel da Silva<\/td><td class=\"column-3\">TCC - Artigo<\/td><td class=\"column-4\">Enfermagem<\/td><td class=\"column-5\">Humaniza\u00e7\u00e3o em Sa\u00fade; Servi\u00e7os de Urg\u00eancia e Emerg\u00eancia; <br \/>\nHumaniza\u00e7\u00e3o e os Cuidados de Enfermagem.<\/td><td class=\"column-6\">2025<\/td><td class=\"column-7\"><a href=\"http:\/\/repositorio.faculdadedegoiana.com.br\/wp-content\/uploads\/2025\/11\/TCC-Barbara-e-Indalecia-Repositorio.pdf\">BAIXAR<\/a><\/td>\n<\/tr>\n<tr class=\"row-27 odd\">\n\t<td class=\"column-1\">Impactos da pandemia na sa\u00fade mental dos profissionais de <br \/>\nenfermagem: desafios e estrat\u00e9gias de cuidado durante e p\u00f3s pandemia da <br \/>\ncovid-19<\/td><td class=\"column-2\">Beatriz Soares da Anuncia\u00e7\u00e3o Neta; Wilma Thais Gomes de Souza Ambrosio<\/td><td class=\"column-3\">TCC - Artigo<\/td><td class=\"column-4\">Enfermagem<\/td><td class=\"column-5\">Sa\u00fade mental; Profissionais de enfermagem; Pandemia de <br \/>\nCOVID-19.<\/td><td class=\"column-6\">2025<\/td><td class=\"column-7\"><a href=\"http:\/\/repositorio.faculdadedegoiana.com.br\/wp-content\/uploads\/2025\/12\/TCC-Repositorio-Beatriz-e-Wilma.pdf\">BAIXAR<\/a><\/td>\n<\/tr>\n<tr class=\"row-28 even\">\n\t<td class=\"column-1\">Desafios vivenciados por enfermeiros da aten\u00e7\u00e3o prim\u00e1ria \u00e0 sa\u00fade na <br \/>\nassist\u00eancia \u00e0 popula\u00e7\u00e3o LGBTQIA+<\/td><td class=\"column-2\">Breno Gomes Pereira<\/td><td class=\"column-3\">TCC - Artigo<\/td><td class=\"column-4\">Enfermagem<\/td><td class=\"column-5\">Pessoas LGBTQIA+; Aten\u00e7\u00e3o Prim\u00e1ria \u00e0 Sa\u00fade; Enfermeiro.<\/td><td class=\"column-6\">2025<\/td><td class=\"column-7\"><a href=\"http:\/\/repositorio.faculdadedegoiana.com.br\/wp-content\/uploads\/2025\/11\/TCC-Breno-Repositorio.pdf\">BAIXAR<\/a><\/td>\n<\/tr>\n<tr class=\"row-29 odd\">\n\t<td class=\"column-1\">Sa\u00fade mental e qualidade de vida: interven\u00e7\u00f5es de enfermagem para o <br \/>\nacompanhamento de pessoas com vitiligo<\/td><td class=\"column-2\">Bruna Mendes da Rocha<\/td><td class=\"column-3\">TCC - Artigo<\/td><td class=\"column-4\">Enfermagem<\/td><td class=\"column-5\">Sa\u00fade mental; Enfermagem; Vitiligo; Qualidade de vida.<\/td><td class=\"column-6\">2025<\/td><td class=\"column-7\"><a href=\"http:\/\/repositorio.faculdadedegoiana.com.br\/wp-content\/uploads\/2025\/12\/TCC-Repositorio-Bruna-Mendes.pdf\">BAIXAR<\/a><\/td>\n<\/tr>\n<tr class=\"row-30 even\">\n\t<td class=\"column-1\">Comportamento sexual de mulheres no per\u00edodo p\u00f3s parto<\/td><td class=\"column-2\">Claudiane <br \/>\nMaria da Silva; Cristiane Lopes da Silva<\/td><td class=\"column-3\">TCC - Artigo<\/td><td class=\"column-4\">Enfermagem<\/td><td class=\"column-5\">Comportamento Sexual; Sa\u00fade da Mulher; Parto; Cuidado de <br \/>\nenfermagem.<\/td><td class=\"column-6\">2025<\/td><td class=\"column-7\"><a href=\"http:\/\/repositorio.faculdadedegoiana.com.br\/wp-content\/uploads\/2025\/11\/TCC-Claudiane-e-Cristiane-Repositorio.pdf\">BAIXAR<\/a><\/td>\n<\/tr>\n<tr class=\"row-31 odd\">\n\t<td class=\"column-1\">Atua\u00e7\u00e3o do enfermeiro na assist\u00eancia aos pacientes em cuidados <br \/>\npaliativos: desafios para um atendimento humanizado<\/td><td class=\"column-2\">Daliane <br \/>\nRodrigues dos Santos; La\u00eds Tavares de Santana<\/td><td class=\"column-3\">TCC - Artigo<\/td><td class=\"column-4\">Enfermagem<\/td><td class=\"column-5\">Cuidados paliativos; Assist\u00eancia de Enfermagem; Desafios.<\/td><td class=\"column-6\">2025<\/td><td class=\"column-7\"><a href=\"http:\/\/repositorio.faculdadedegoiana.com.br\/wp-content\/uploads\/2025\/11\/TCC-Daliane-e-Lais-Repositorio.pdf\">BAIXAR<\/a><\/td>\n<\/tr>\n<tr class=\"row-32 even\">\n\t<td class=\"column-1\">A viv\u00eancia gestacional de mulheres com HIV\/AIDS<\/td><td class=\"column-2\">Dayane Torres <br \/>\nJustino da Silva; Ruberlandia Dion\u00edsio da Silva<\/td><td class=\"column-3\">TCC - Artigo<\/td><td class=\"column-4\">Enfermagem<\/td><td class=\"column-5\">Mulher; HIV\/AIDS; Maternidade.<\/td><td class=\"column-6\">2025<\/td><td class=\"column-7\"><a href=\"http:\/\/repositorio.faculdadedegoiana.com.br\/wp-content\/uploads\/2026\/02\/TCC-Dayane-e-Ruberlandia-Repositorio-1.pdf\">BAIXAR<\/a><\/td>\n<\/tr>\n<tr class=\"row-33 odd\">\n\t<td class=\"column-1\">A import\u00e2ncia da capacita\u00e7\u00e3o em libras para enfermagem na Aten\u00e7\u00e3o Prim\u00e1ria \u00e0 Sa\u00fade<\/td><td class=\"column-2\">Edilza Paulino de Freitas Ferreira; Izabel Cristina da <br \/>\nSilva<\/td><td class=\"column-3\">TCC - Artigo<\/td><td class=\"column-4\">Enfermagem<\/td><td class=\"column-5\">L\u00ednguas de sinais, Surdez; Cuidados de enfermagem; Pessoa surda; Acessibilidade; Capacita\u00e7\u00e3o.<\/td><td class=\"column-6\">2025<\/td><td class=\"column-7\"><a href=\"http:\/\/repositorio.faculdadedegoiana.com.br\/wp-content\/uploads\/2025\/12\/TCC-Repositorio-Edilza-e-Izabel.pdf\">BAIXAR<\/a><\/td>\n<\/tr>\n<tr class=\"row-34 even\">\n\t<td class=\"column-1\">Abordagens de comunica\u00e7\u00e3o afetiva no atendimento a idosos com <br \/>\nAlzheimer: desafios e estrat\u00e9gia<\/td><td class=\"column-2\">Eduarda Cosmo da Silva; Michele Salgado da Silva<\/td><td class=\"column-3\">TCC - Artigo<\/td><td class=\"column-4\">Enfermagem<\/td><td class=\"column-5\">Comunica\u00e7\u00e3o; Idosos; Alzheimer; Enfermagem; Qualidade. <br \/>\nde vida<\/td><td class=\"column-6\">2025<\/td><td class=\"column-7\"><a href=\"http:\/\/repositorio.faculdadedegoiana.com.br\/wp-content\/uploads\/2025\/12\/TCC-Repositorio-Eduarda-e-Michelle.pdf\">BAIXAR<\/a><\/td>\n<\/tr>\n<tr class=\"row-35 odd\">\n\t<td class=\"column-1\">Percep\u00e7\u00e3o de enfermeiros acerca dos desafios vivenciados no per\u00edodo puerperal e estrat\u00e9gias de enfrentamento<\/td><td class=\"column-2\">Elisete Carvalho dos Santos; <br \/>\nTamires Carvalho Martins de Oliveira<\/td><td class=\"column-3\">TCC - Artigo<\/td><td class=\"column-4\">Enfermagem<\/td><td class=\"column-5\">Puerp\u00e9rio; Sa\u00fade materno-infantil; Enfermeiro.<\/td><td class=\"column-6\">2025<\/td><td class=\"column-7\"><a href=\"http:\/\/repositorio.faculdadedegoiana.com.br\/wp-content\/uploads\/2025\/12\/TCC-Repositorio-Elisete-e-Tamires.pdf\">BAIXAR<\/a><\/td>\n<\/tr>\n<tr class=\"row-36 even\">\n\t<td class=\"column-1\">Desafios enfrentados por profissionais de sa\u00fade para a pr\u00e1tica adequada da higieniza\u00e7\u00e3o das m\u00e3os<\/td><td class=\"column-2\">Eneida de Sena Barbosa<\/td><td class=\"column-3\">TCC - Artigo<\/td><td class=\"column-4\">Enfermagem<\/td><td class=\"column-5\">Enfermagem; Higieniza\u00e7\u00e3o das m\u00e3os; Ades\u00e3o profissional. <\/td><td class=\"column-6\">2025<\/td><td class=\"column-7\"><a href=\"http:\/\/repositorio.faculdadedegoiana.com.br\/wp-content\/uploads\/2025\/12\/TCC-Repositorio-Eneida.pdf\">BAIXAR<\/a><\/td>\n<\/tr>\n<tr class=\"row-37 odd\">\n\t<td class=\"column-1\">A atua\u00e7\u00e3o do enfermeiro obstetra na humaniza\u00e7\u00e3o da assist\u00eancia ao <br \/>\nparto normal<\/td><td class=\"column-2\">Erica Pereira dos Santos Batista<\/td><td class=\"column-3\">TCC - Artigo<\/td><td class=\"column-4\">Enfermagem<\/td><td class=\"column-5\">Parto humanizado; Assist\u00eancia; Enfermeiro obstetra.<\/td><td class=\"column-6\">2025<\/td><td class=\"column-7\"><a href=\"http:\/\/repositorio.faculdadedegoiana.com.br\/wp-content\/uploads\/2025\/12\/TCC-Repositorio-Erica.pdf\">BAIXAR<\/a><\/td>\n<\/tr>\n<tr class=\"row-38 even\">\n\t<td class=\"column-1\">Desafios da enfermagem na assist\u00eancia a pacientes com infarto agudo <br \/>\ndo mioc\u00e1rdio na aten\u00e7\u00e3o prim\u00e1ria<\/td><td class=\"column-2\">Erlania Maria de Souza Fran\u00e7a<\/td><td class=\"column-3\">TCC - Artigo<\/td><td class=\"column-4\">Enfermagem<\/td><td class=\"column-5\">Aten\u00e7\u00e3o Prim\u00e1ria \u00e0 Sa\u00fade; Cuidado de Enfermagem; Infarto <br \/>\nAgudo do Mioc\u00e1rdio; Promo\u00e7\u00e3o da Sa\u00fade.<\/td><td class=\"column-6\">2025<\/td><td class=\"column-7\"><a href=\"http:\/\/repositorio.faculdadedegoiana.com.br\/wp-content\/uploads\/2025\/12\/TCC-Repositorio-Erlania-2.pdf\">BAIXAR<\/a><\/td>\n<\/tr>\n<tr class=\"row-39 odd\">\n\t<td class=\"column-1\">Cuidados de enfermagem para mulheres com diabetes gestacional: <br \/>\nestrat\u00e9gias para a promo\u00e7\u00e3o da sa\u00fade materna e fetal<\/td><td class=\"column-2\">Fabiana Vieira <br \/>\nDutra de Moura; Valtilene Alves de Ara\u00fajo<\/td><td class=\"column-3\">TCC - Artigo<\/td><td class=\"column-4\">Enfermagem<\/td><td class=\"column-5\">Diabetes Gestacional; Cuidados da Enfermagem; Sa\u00fade <br \/>\nMaterno-Fetal; Promo\u00e7\u00e3o da Sa\u00fade.<\/td><td class=\"column-6\">2025<\/td><td class=\"column-7\"><a href=\"http:\/\/repositorio.faculdadedegoiana.com.br\/wp-content\/uploads\/2025\/11\/TCC-Fabiana-e-Valtilene-Repositorio.pdf\">BAIXAR<\/a><\/td>\n<\/tr>\n<tr class=\"row-40 even\">\n\t<td class=\"column-1\">Desafios no combate ao abandono do tratamento da tuberculose na <br \/>\naten\u00e7\u00e3o prim\u00e1ria de sa\u00fade<\/td><td class=\"column-2\">Gabriel Marques de Andrade; Isabel Cristina Ramos Sabino<\/td><td class=\"column-3\">TCC - Artigo<\/td><td class=\"column-4\">Enfermagem<\/td><td class=\"column-5\">Tuberculose; Infec\u00e7\u00f5es bacterianas; Infec\u00e7\u00f5es.<\/td><td class=\"column-6\">2025<\/td><td class=\"column-7\"><a href=\"http:\/\/repositorio.faculdadedegoiana.com.br\/wp-content\/uploads\/2025\/12\/TCC-Repositorio-Gabriel-e-Isabel.pdf\">BAIXAR<\/a><\/td>\n<\/tr>\n<tr class=\"row-41 odd\">\n\t<td class=\"column-1\">Assist\u00eancia de enfermagem ao paciente com Alzheimer: uma revis\u00e3o de literatura<\/td><td class=\"column-2\">Gleicy Ang\u00e9lica Santiago de Lima; Laissy Sonaly da Silva<\/td><td class=\"column-3\">TCC - Artigo<\/td><td class=\"column-4\">Enfermagem<\/td><td class=\"column-5\">Doen\u00e7a de Alzheimer; Enfermagem; Cuidados ao idoso;<br \/>\nInterven\u00e7\u00e3o de enfermagem.<\/td><td class=\"column-6\">2025<\/td><td class=\"column-7\"><a href=\"http:\/\/repositorio.faculdadedegoiana.com.br\/wp-content\/uploads\/2025\/11\/TCC-Gleycy-e-Laissy-Repositorio.pdf\">BAIXAR<\/a><\/td>\n<\/tr>\n<tr class=\"row-42 even\">\n\t<td class=\"column-1\">Estresse ocupacional da equipe de enfermagem na unidade de terapia <br \/>\nintensiva \u2013 UTI: uma revis\u00e3o de literatura<\/td><td class=\"column-2\">Inglyd Rayane de Alc\u00e2ntara F\u00e9lix; Tainah dos Santos Lins<\/td><td class=\"column-3\">TCC - Artigo<\/td><td class=\"column-4\">Enfermagem<\/td><td class=\"column-5\">Estresse ocupacional; Equipe de enfermagem; Fatores <br \/>\nestressores.<\/td><td class=\"column-6\">2025<\/td><td class=\"column-7\"><a href=\"http:\/\/repositorio.faculdadedegoiana.com.br\/wp-content\/uploads\/2025\/12\/TCC-Repositorio-Inglyd-e-Tainah.pdf\">BAIXAR<\/a><\/td>\n<\/tr>\n<tr class=\"row-43 odd\">\n\t<td class=\"column-1\">A\u00e7\u00f5es de enfermeiros da aten\u00e7\u00e3o prim\u00e1ria na educa\u00e7\u00e3o em sa\u00fade da pessoa idosa: uma revis\u00e3o integrativa<\/td><td class=\"column-2\">Ingryd Maria Soares da Silva<\/td><td class=\"column-3\">TCC - Artigo<\/td><td class=\"column-4\">Enfermagem<\/td><td class=\"column-5\">Sa\u00fade do idoso; Aten\u00e7\u00e3o prim\u00e1ria \u00e0 sa\u00fade; Educa\u00e7\u00e3o em sa\u00fade; Enfermagem.<\/td><td class=\"column-6\">2025<\/td><td class=\"column-7\"><a href=\"http:\/\/repositorio.faculdadedegoiana.com.br\/wp-content\/uploads\/2025\/12\/TCC-Repositorio-Ingryd.pdf\">BAIXAR<\/a><\/td>\n<\/tr>\n<tr class=\"row-44 even\">\n\t<td class=\"column-1\">Import\u00e2ncia da presen\u00e7a paterna nas consultas de pr\u00e9-natal<\/td><td class=\"column-2\">Joaquina Beatriz de Souza Cardoso; V\u00edvia Patr\u00edcia Correia da Silva<\/td><td class=\"column-3\">TCC - Artigo<\/td><td class=\"column-4\">Enfermagem<\/td><td class=\"column-5\">Paternidade ativa; Pr\u00e9-natal; Enfermagem; Pol\u00edticas p\u00fablicas.<\/td><td class=\"column-6\">2025<\/td><td class=\"column-7\"><a href=\"http:\/\/repositorio.faculdadedegoiana.com.br\/wp-content\/uploads\/2025\/12\/TCC-Repositorio-Joaquina-e-Vivia.pdf\">BAIXAR<\/a><\/td>\n<\/tr>\n<tr class=\"row-45 odd\">\n\t<td class=\"column-1\">Diabetes mellitus gestacional: atua\u00e7\u00e3o do enfermeiro no pr\u00e9-natal<\/td><td class=\"column-2\">Johyce Galdino de Lima<\/td><td class=\"column-3\">TCC - Artigo<\/td><td class=\"column-4\">Enfermagem<\/td><td class=\"column-5\">Diabetes; Gesta\u00e7\u00e3o; Assist\u00eancia de enfermagem.<\/td><td class=\"column-6\">2025<\/td><td class=\"column-7\"><a href=\"http:\/\/repositorio.faculdadedegoiana.com.br\/wp-content\/uploads\/2025\/12\/TCC-Repositorio-Johyce.pdf\">BAIXAR<\/a><\/td>\n<\/tr>\n<tr class=\"row-46 even\">\n\t<td class=\"column-1\">Dificuldades enfrentadas por enfermeiros na implementa\u00e7\u00e3o da <br \/>\neduca\u00e7\u00e3o sexual para adolescentes no programa sa\u00fade na escola<\/td><td class=\"column-2\">Julia <br \/>\nCirino Orlando Martins<\/td><td class=\"column-3\">TCC - Artigo<\/td><td class=\"column-4\">Enfermagem<\/td><td class=\"column-5\">Enfermeiro; Educa\u00e7\u00e3o sexual; Adolescentes.<\/td><td class=\"column-6\">2025<\/td><td class=\"column-7\"><a href=\"http:\/\/repositorio.faculdadedegoiana.com.br\/wp-content\/uploads\/2025\/12\/TCC-Repositorio-Julia.pdf\">BAIXAR<\/a><\/td>\n<\/tr>\n<tr class=\"row-47 odd\">\n\t<td class=\"column-1\">Percep\u00e7\u00e3o dos usu\u00e1rios acerca da humaniza\u00e7\u00e3o dos profissionais de <br \/>\nenfermagem em servi\u00e7os de urg\u00eancia e emerg\u00eancia<\/td><td class=\"column-2\">Leide Dayane <br \/>\nPereira da Silva; Sanielle Alexandre da Silva<\/td><td class=\"column-3\">TCC - Artigo<\/td><td class=\"column-4\">Enfermagem<\/td><td class=\"column-5\">Humaniza\u00e7\u00e3o da assist\u00eancia; Urg\u00eancia e emerg\u00eancia; Percep\u00e7\u00e3o <br \/>\ndos usu\u00e1rios; Enfermagem.<\/td><td class=\"column-6\">2025<\/td><td class=\"column-7\"><a href=\"http:\/\/repositorio.faculdadedegoiana.com.br\/wp-content\/uploads\/2025\/12\/TCC-Repositorio-Leide-Dayane-e-Sanielle.pdf\">BAIXAR<\/a><\/td>\n<\/tr>\n<tr class=\"row-48 even\">\n\t<td class=\"column-1\">A assist\u00eancia de enfermagem \u00e0s mulheres com depress\u00e3o p\u00f3s-parto: desafios e estrat\u00e9gias de cuidado<\/td><td class=\"column-2\">Lenilda Camilo de Menezes<\/td><td class=\"column-3\">TCC - Artigo<\/td><td class=\"column-4\">Enfermagem<\/td><td class=\"column-5\">Assist\u00eancia do enfermeiro; Cuidado p\u00f3s-parto; Mulheres com <br \/>\nDPP; Aten\u00e7\u00e3o prim\u00e1ria;  Sa\u00fade da mulher.<\/td><td class=\"column-6\">2025<\/td><td class=\"column-7\"><a href=\"http:\/\/repositorio.faculdadedegoiana.com.br\/wp-content\/uploads\/2025\/12\/TCC-Repositorio-Lenilda-1.pdf\">BAIXAR<\/a><\/td>\n<\/tr>\n<tr class=\"row-49 odd\">\n\t<td class=\"column-1\">O papel da Doula na humaniza\u00e7\u00e3o do parto: abordagens e impactos no <br \/>\nnascimento<\/td><td class=\"column-2\">Let\u00edcia Soares da Silva Freitas; Rosemary Cruz Oliveira da Silva<\/td><td class=\"column-3\">TCC - Artigo<\/td><td class=\"column-4\">Enfermagem<\/td><td class=\"column-5\">Parto humanizado; Doulas; Assist\u00eancia;  Desafios.<\/td><td class=\"column-6\">2025<\/td><td class=\"column-7\"><a href=\"http:\/\/repositorio.faculdadedegoiana.com.br\/wp-content\/uploads\/2025\/11\/TCC-Leticia-e-Rosemary-Repositorio.pdf\">BAIXAR<\/a><\/td>\n<\/tr>\n<tr class=\"row-50 even\">\n\t<td class=\"column-1\">Atribui\u00e7\u00e3o do enfermeiro frente ao diagn\u00f3stico de les\u00e3o por press\u00e3o<\/td><td class=\"column-2\">Luana dos Santos da Silva; Naiane Greyce de Oliveira Santana<\/td><td class=\"column-3\">TCC - Artigo<\/td><td class=\"column-4\">Enfermagem<\/td><td class=\"column-5\">Enfermagem; Les\u00e3o por press\u00e3o; Preven\u00e7\u00e3o.<\/td><td class=\"column-6\">2025<\/td><td class=\"column-7\"><a href=\"http:\/\/repositorio.faculdadedegoiana.com.br\/wp-content\/uploads\/2025\/12\/TCC-Repositorio-Luana-e-Naiane.pdf\">BAIXAR<\/a><\/td>\n<\/tr>\n<tr class=\"row-51 odd\">\n\t<td class=\"column-1\">Sa\u00fade digital na enfermagem: a utiliza\u00e7\u00e3o e o impacto na <br \/>\nassist\u00eancia em sa\u00fade<\/td><td class=\"column-2\">Luzikelly Melo de Oliveira<\/td><td class=\"column-3\">TCC - Artigo<\/td><td class=\"column-4\">Enfermagem<\/td><td class=\"column-5\">Tecnologia em Sa\u00fade; Enfermagem; Tecnologia da <br \/>\nInforma\u00e7\u00e3o.<\/td><td class=\"column-6\">2025<\/td><td class=\"column-7\"><a href=\"http:\/\/repositorio.faculdadedegoiana.com.br\/wp-content\/uploads\/2025\/11\/TCC-Luzikelly-Repositorio.pdf\">BAIXAR<\/a><\/td>\n<\/tr>\n<tr class=\"row-52 even\">\n\t<td class=\"column-1\">L\u00fapus eritematoso sist\u00eamico: Implica\u00e7\u00f5es do diagn\u00f3stico na qualidade de vida<\/td><td class=\"column-2\">Maria da Concei\u00e7\u00e3o Amaro da Silva; Vivian Myrelle de Carvalho Souza<\/td><td class=\"column-3\">TCC - Artigo<\/td><td class=\"column-4\">Enfermagem<\/td><td class=\"column-5\">L\u00fapus eritematoso sist\u00eamico; Qualidade de vida;  Diagn\u00f3stico.<\/td><td class=\"column-6\">2025<\/td><td class=\"column-7\"><a href=\"http:\/\/repositorio.faculdadedegoiana.com.br\/wp-content\/uploads\/2025\/12\/TCC-Repositorio-Maria-da-conceicao-e-Vivian.pdf\">BAIXAR<\/a><\/td>\n<\/tr>\n<tr class=\"row-53 odd\">\n\t<td class=\"column-1\">Assist\u00eancia de enfermagem ao paciente com Alzheimer na aten\u00e7\u00e3o prim\u00e1ria<\/td><td class=\"column-2\">Maria de Jesus Santos de Lima<\/td><td class=\"column-3\">TCC - Artigo<\/td><td class=\"column-4\">Enfermagem<\/td><td class=\"column-5\">Enfermagem; Alzheimer; Aten\u00e7\u00e3o Prim\u00e1ria.<\/td><td class=\"column-6\">2025<\/td><td class=\"column-7\"><a href=\"http:\/\/repositorio.faculdadedegoiana.com.br\/wp-content\/uploads\/2025\/12\/TCC-Repositorio-Maria-de-Jesus.pdf\">BAIXAR<\/a><\/td>\n<\/tr>\n<tr class=\"row-54 even\">\n\t<td class=\"column-1\">A\u00e7\u00f5es desenvolvidas pelo enfermeiro para a promo\u00e7\u00e3o do parto <br \/>\nhumanizado<\/td><td class=\"column-2\">Marieli Oliveira do Nascimento<\/td><td class=\"column-3\">TCC - Artigo<\/td><td class=\"column-4\">Enfermagem<\/td><td class=\"column-5\">Parto humanizado; Enfermeiros obstetras; Gestantes.<\/td><td class=\"column-6\">2025<\/td><td class=\"column-7\"><a href=\"http:\/\/repositorio.faculdadedegoiana.com.br\/wp-content\/uploads\/2025\/12\/TCC-Repositorio-Marielli.pdf\">BAIXAR<\/a><\/td>\n<\/tr>\n<tr class=\"row-55 odd\">\n\t<td class=\"column-1\">Assist\u00eancia pr\u00e9-natal do enfermeiro na aten\u00e7\u00e3o prim\u00e1ria \u00e0 sa\u00fade: desafios para a preven\u00e7\u00e3o da s\u00edfilis cong\u00eanita<\/td><td class=\"column-2\">Maurilio Vieira de Lima; Mylena Eduarda Soares de Lima<\/td><td class=\"column-3\">TCC - Artigo<\/td><td class=\"column-4\">Enfermagem<\/td><td class=\"column-5\">S\u00edfilis Cong\u00eanita; Aten\u00e7\u00e3o Prim\u00e1ria a Sa\u00fade; Cuidados de enfermagem.<\/td><td class=\"column-6\">2025<\/td><td class=\"column-7\"><a href=\"http:\/\/repositorio.faculdadedegoiana.com.br\/wp-content\/uploads\/2025\/12\/TCC-Repositorio-Maurilio-e-Mylena.pdf\">BAIXAR<\/a><\/td>\n<\/tr>\n<tr class=\"row-56 even\">\n\t<td class=\"column-1\">M\u00e9todos n\u00e3o farmacol\u00f3gicos para o al\u00edvio da dor do parto: atua\u00e7\u00e3o do <br \/>\nenfermeiro obstetra<\/td><td class=\"column-2\"> Naqu\u00edbia Dantas Ferreira; Nattany Dantas Ferreira<\/td><td class=\"column-3\">TCC - Artigo<\/td><td class=\"column-4\">Enfermagem<\/td><td class=\"column-5\">Enfermeiro obstetra; M\u00e9todos n\u00e3o farmacol\u00f3gicos; Dor do parto. <\/td><td class=\"column-6\">2025<\/td><td class=\"column-7\"><a href=\"http:\/\/repositorio.faculdadedegoiana.com.br\/wp-content\/uploads\/2026\/02\/TCC-Naquibia-e-Nattany-Repositorio.pdf\">BAIXAR<\/a><\/td>\n<\/tr>\n<tr class=\"row-57 odd\">\n\t<td class=\"column-1\">Impactos da atua\u00e7\u00e3o do enfermeiro na assist\u00eancia ao aleitamento <br \/>\nmaterno<\/td><td class=\"column-2\">Neomirthis Lorrane Gomes dos Santos<\/td><td class=\"column-3\">TCC - Artigo<\/td><td class=\"column-4\">Enfermagem<\/td><td class=\"column-5\">Amamenta\u00e7\u00e3o; Pr\u00e9-natal; Enfermeiro e Enfermeira; <br \/>\nAssessoria; Gesta\u00e7\u00e3o.<\/td><td class=\"column-6\">2025<\/td><td class=\"column-7\"><a href=\"http:\/\/repositorio.faculdadedegoiana.com.br\/wp-content\/uploads\/2025\/11\/TCC-Neomirthis-Repositorio.pdf\">BAIXAR<\/a><\/td>\n<\/tr>\n<tr class=\"row-58 even\">\n\t<td class=\"column-1\">Desafios da assist\u00eancia de enfermagem a pacientes privados liberdade com tuberculose<\/td><td class=\"column-2\">Sabrina Sterfane Estevam da Silva<\/td><td class=\"column-3\">TCC - Artigo<\/td><td class=\"column-4\">Enfermagem<\/td><td class=\"column-5\">Tuberculose; Tratamento; Sistema prisional; Condi\u00e7\u00f5es <br \/>\nsanit\u00e1rias.<\/td><td class=\"column-6\">2025<\/td><td class=\"column-7\"><a href=\"http:\/\/repositorio.faculdadedegoiana.com.br\/wp-content\/uploads\/2025\/12\/TCC-Repositorio-Sabrina.pdf\">BAIXAR<\/a><\/td>\n<\/tr>\n<tr class=\"row-59 odd\">\n\t<td class=\"column-1\">Preven\u00e7\u00e3o de transtornos mentais no puerp\u00e9rio: papel do enfermeiro <br \/>\nna aten\u00e7\u00e3o prim\u00e1ria \u00e0 sa\u00fade<\/td><td class=\"column-2\">Taymenne Lorrane Alves dos Anjos<\/td><td class=\"column-3\">TCC - Artigo<\/td><td class=\"column-4\">Enfermagem<\/td><td class=\"column-5\">Puerp\u00e9rio; Transtornos mentais; Enfermagem; Aten\u00e7\u00e3o <br \/>\nPrim\u00e1ria \u00e0 Sa\u00fade; Sa\u00fade mental materna.<\/td><td class=\"column-6\">2025<\/td><td class=\"column-7\"><a href=\"http:\/\/repositorio.faculdadedegoiana.com.br\/wp-content\/uploads\/2025\/12\/TCC-Repositorio-Taymenne.pdf\">BAIXAR<\/a><\/td>\n<\/tr>\n<tr class=\"row-60 even\">\n\t<td class=\"column-1\">Entre sintomas discretos e atrasos reais: reconhecimento inicial da Esclerose M\u00faltipla<\/td><td class=\"column-2\">V\u00e2nia Regina Ramos Sabino<\/td><td class=\"column-3\">TCC - Artigo<\/td><td class=\"column-4\">Enfermagem<\/td><td class=\"column-5\">Esclerose M\u00faltipla; Diagn\u00f3stico tardio; Profissionais de sa\u00fade; Conhecimento; Sinais iniciais.<\/td><td class=\"column-6\">2025<\/td><td class=\"column-7\"><a href=\"http:\/\/repositorio.faculdadedegoiana.com.br\/wp-content\/uploads\/2026\/03\/TCC-Repositorio-Vania.pdf\">BAIXAR<\/a><\/td>\n<\/tr>\n<tr class=\"row-61 odd\">\n\t<td class=\"column-1\">O papel da enfermagem na promo\u00e7\u00e3o da preven\u00e7\u00e3o de les\u00f5es em pacientes na UTI: les\u00e3o por press\u00e3o<\/td><td class=\"column-2\">Cailane Santos de Freitas; Millena Karen Altino dos Santos; Pollyana Maria Galv\u00e3o dos Santos <\/td><td class=\"column-3\">TCC - Resumo<\/td><td class=\"column-4\">PGUEUTI<\/td><td class=\"column-5\">Les\u00e3o por press\u00e3o; preven\u00e7\u00e3o LPP.<\/td><td class=\"column-6\">2025<\/td><td class=\"column-7\"><a href=\"http:\/\/repositorio.faculdadedegoiana.com.br\/wp-content\/uploads\/2025\/10\/TCC-Repositorio-Cailane-Millena-Pollyana.pdf\">BAIXAR<\/a><\/td>\n<\/tr>\n<tr class=\"row-62 even\">\n\t<td class=\"column-1\">Esquizofrenia e sobrecarga dos cuidadores familiares: <br \/>\nimpactos financeiros, emocionais e a dimens\u00e3o da urg\u00eancia e emerg\u00eancia no <br \/>\ncontexto do cuidado<\/td><td class=\"column-2\">Cirlene Maria da Silva Marques; Lindalva Maria do Nascimento; Rosinalva Pereira de Matos Nascimento<\/td><td class=\"column-3\">TCC - Resumo<\/td><td class=\"column-4\">PGUEUTI<\/td><td class=\"column-5\">Rela\u00e7\u00f5es Familiares; Servi\u00e7os de Sa\u00fade Mental; Impacto Psicossociais; Urgencia e <br \/>\nEmergencia.<\/td><td class=\"column-6\">2025<\/td><td class=\"column-7\"><a href=\"http:\/\/repositorio.faculdadedegoiana.com.br\/wp-content\/uploads\/2025\/05\/TCC-Repositorio-Cirlene-Lindalva-Rosinalva.pdf\">BAIXAR<\/a><\/td>\n<\/tr>\n<tr class=\"row-63 odd\">\n\t<td class=\"column-1\">Promovendo o cuidado centrado na fam\u00edlia na UTI adulto: uma revis\u00e3o integrativa<\/td><td class=\"column-2\">Dalisson Rodrigues Jord\u00e3o; Nath\u00e1lia Karine Gon\u00e7alves Maciel<\/td><td class=\"column-3\">TCC - Resumo<\/td><td class=\"column-4\">PGUEUTI<\/td><td class=\"column-5\">Sa\u00fade da fam\u00edlia; UTI; UTI adulto.<\/td><td class=\"column-6\">2025<\/td><td class=\"column-7\"><a href=\"http:\/\/repositorio.faculdadedegoiana.com.br\/wp-content\/uploads\/2025\/05\/TCC-Repositorio-Dalisson-e-Nathalia.pdf\">BAIXAR<\/a><\/td>\n<\/tr>\n<tr class=\"row-64 even\">\n\t<td class=\"column-1\">Desafios da equipe de enfermagem na gest\u00e3o do equil\u00edbrio h\u00eddrico: uma revis\u00e3o integrativa<\/td><td class=\"column-2\">Daniele Maria da Silva; Eliege Guedes dos Santos da Silva Pereira; Valderice Maria da Silva               <\/td><td class=\"column-3\">TCC - Resumo<\/td><td class=\"column-4\">PGUEUTI<\/td><td class=\"column-5\">Equipe de enfermagem; gest\u00e3o do equil\u00edbrio h\u00eddrico; equil\u00edbrio h\u00eddrico.<\/td><td class=\"column-6\">2025<\/td><td class=\"column-7\"><a href=\"http:\/\/repositorio.faculdadedegoiana.com.br\/wp-content\/uploads\/2025\/05\/TCC-Repositorio-Daniele-Eliege-e-Valderice.pdf\">BAIXAR<\/a><\/td>\n<\/tr>\n<tr class=\"row-65 odd\">\n\t<td class=\"column-1\">Cuidado da enfermagem ao paciente politraumatizado com hemorragia: Uma revis\u00e3o de literatura<\/td><td class=\"column-2\">Diogo Cezar da Silva Parente; Evelin Michelle da Silva Francisco<\/td><td class=\"column-3\">TCC - Resumo<\/td><td class=\"column-4\">PGUEUTI<\/td><td class=\"column-5\">Cuidados de enfermagem; paciente politraumatizado; hemorragia.<\/td><td class=\"column-6\">2025<\/td><td class=\"column-7\"><a href=\"http:\/\/repositorio.faculdadedegoiana.com.br\/wp-content\/uploads\/2025\/05\/TCC-Repositorio-EVELIN-E-DIOGO.pdf\">BAIXAR<\/a><\/td>\n<\/tr>\n<tr class=\"row-66 even\">\n\t<td class=\"column-1\">O papel do enfermeiro na reanima\u00e7\u00e3o e cuidados p\u00f3s-parada cardiorrespirat\u00f3ria<\/td><td class=\"column-2\">Girlaine Grazziele de Oliveira Pontes; Gleycylany da Silva Santana; Gustavo Henrique da Silva<\/td><td class=\"column-3\">TCC - Resumo<\/td><td class=\"column-4\">PGUEUTI<\/td><td class=\"column-5\">Papel do enfermeiro; reanima\u00e7\u00e3o; parada cardiorrespirat\u00f3ria.<\/td><td class=\"column-6\">2025<\/td><td class=\"column-7\"><a href=\"http:\/\/repositorio.faculdadedegoiana.com.br\/wp-content\/uploads\/2025\/05\/TCC-Repositorio-Girlaine-Gleycylane-e-Gustavo.pdf\">BAIXAR<\/a><\/td>\n<\/tr>\n<tr class=\"row-67 odd\">\n\t<td class=\"column-1\">A humaniza\u00e7\u00e3o no atendimento \u00e0 pacientes em situa\u00e7\u00e3o de aborto: desafios e a import\u00e2ncia da equipe multidisciplinar<\/td><td class=\"column-2\">Hyasmin Ingryd Leite Galdino<\/td><td class=\"column-3\">TCC - Resumo<\/td><td class=\"column-4\">PGUEUTI<\/td><td class=\"column-5\">Aborto; Acolhimento; Enfermagem; Gravidez; Humaniza\u00e7\u00e3o da Assist\u00eancia; <br \/>\nMulheres; Obstetr\u00edcia; Sa\u00fade da Mulher; Trabalho de Parto e Viol\u00eancia Obst\u00e9trica.<\/td><td class=\"column-6\">2025<\/td><td class=\"column-7\"><a href=\"http:\/\/repositorio.faculdadedegoiana.com.br\/wp-content\/uploads\/2025\/05\/TCC-Repositorio-HYASMIN.pdf\">BAIXAR<\/a><\/td>\n<\/tr>\n<tr class=\"row-68 even\">\n\t<td class=\"column-1\">A assist\u00eancia da enfermagem a pacientes em uso de ventila\u00e7\u00e3o mec\u00e2nica<\/td><td class=\"column-2\">Isabelle Borges Ferreira; Glauce Mariucha Marques de Oliveira; Maria de F\u00e1tima Ramos da Silva<\/td><td class=\"column-3\">TCC - Resumo<\/td><td class=\"column-4\">PGUEUTI<\/td><td class=\"column-5\">Assist\u00eancia da Enfermagem; Centro de Terapia Intensiva; Ventila\u00e7\u00e3o Mec\u00e2nica. <\/td><td class=\"column-6\">2025<\/td><td class=\"column-7\"><a href=\"http:\/\/repositorio.faculdadedegoiana.com.br\/wp-content\/uploads\/2025\/05\/TCC-Repositorio-ISABELLE-MARIA-DE-FATIMA-E-GLAUCE.pdf\">BAIXAR<\/a><\/td>\n<\/tr>\n<tr class=\"row-69 odd\">\n\t<td class=\"column-1\">O papel do enfermeiro no atendimento de urg\u00eancia e emerg\u00eancia na ressuscita\u00e7\u00e3o cardiopulmonar<\/td><td class=\"column-2\">Isabelly Maria Trajano de Souza Silva; Vit\u00f3ria De Souza Batista de Lima<\/td><td class=\"column-3\">TCC - Resumo<\/td><td class=\"column-4\">PGUEUTI<\/td><td class=\"column-5\">Papel do enfermeiro;  atendimento de urg\u00eancia e emerg\u00eancia; ressuscita\u00e7\u00e3o cardiopulmonar.<\/td><td class=\"column-6\">2025<\/td><td class=\"column-7\"><a href=\"http:\/\/repositorio.faculdadedegoiana.com.br\/wp-content\/uploads\/2025\/05\/TCC-Repositorio-Isabelly-e-Vitoria.pdf\">BAIXAR<\/a><\/td>\n<\/tr>\n<tr class=\"row-70 even\">\n\t<td class=\"column-1\">Atua\u00e7\u00e3o do enfermeiro no descolamento prematuro de placenta nas urg\u00eancias e emerg\u00eancias obst\u00e9tricas<\/td><td class=\"column-2\">Janice Ferreira de Fran\u00e7a; Morgana Maria Gomes de Lima e Silva<\/td><td class=\"column-3\">TCC - Resumo<\/td><td class=\"column-4\">PGUEUTI<\/td><td class=\"column-5\"> Ciclo grav\u00eddico; Classifica\u00e7\u00e3o de Risco; Descolamento Prematuro de Placenta.<\/td><td class=\"column-6\">2025<\/td><td class=\"column-7\"><a href=\"http:\/\/repositorio.faculdadedegoiana.com.br\/wp-content\/uploads\/2025\/05\/TCC-Repositorio-Janice-e-Morgana.pdf\">BAIXAR<\/a><\/td>\n<\/tr>\n<tr class=\"row-71 odd\">\n\t<td class=\"column-1\">Humaniza\u00e7\u00e3o do trabalho em urg\u00eancia e emerg\u00eancia<\/td><td class=\"column-2\">Maria Clara Bandeira Amaral; Maria da Concei\u00e7\u00e3o Coutinho de Oliveira; Nat\u00e1lia Ant\u00f4nia da Silva Gama <\/td><td class=\"column-3\">TCC - Resumo<\/td><td class=\"column-4\">PGUEUTI<\/td><td class=\"column-5\">Humaniza\u00e7\u00e3o; urg\u00eancia e emerg\u00eancia; atendimento ao paciente; sa\u00fade. <\/td><td class=\"column-6\">2025<\/td><td class=\"column-7\"><a href=\"http:\/\/repositorio.faculdadedegoiana.com.br\/wp-content\/uploads\/2025\/05\/TCC-Repositorio-Maria-Clara-Maria-da-Conceicao-e-Natalia.pdf\">BAIXAR<\/a><\/td>\n<\/tr>\n<tr class=\"row-72 even\">\n\t<td class=\"column-1\">S\u00edndrome de burnout em profissionais de sa\u00fade: avalia\u00e7\u00e3o dos fatores de risco, impacto na sa\u00fade e estrat\u00e9gia de preven\u00e7\u00e3o e interven\u00e7\u00e3o<\/td><td class=\"column-2\">Wiara Candido Dias<\/td><td class=\"column-3\">TCC - Resumo<\/td><td class=\"column-4\">PGUEUTI<\/td><td class=\"column-5\">Esgotamento; despersonaliza\u00e7\u00e3o; baixa realiza\u00e7\u00e3o profissional; sa\u00fade <br \/>\nmental.<\/td><td class=\"column-6\">2025<\/td><td class=\"column-7\"><a href=\"http:\/\/repositorio.faculdadedegoiana.com.br\/wp-content\/uploads\/2025\/10\/TCC-Repositorio-Wiara.pdf\">BAIXAR<\/a><\/td>\n<\/tr>\n<tr class=\"row-73 odd\">\n\t<td class=\"column-1\">Efici\u00eancia operacional e Business Process Management (BPM): uma revis\u00e3o narrativa dos impactos e pr\u00e1ticas em processos de neg\u00f3cios<\/td><td class=\"column-2\">Amanda Evyllin da Silva Rodrigues; Stephan Gabriel Gomes da Silva<\/td><td class=\"column-3\">TCC - Artigo<\/td><td class=\"column-4\">Administra\u00e7\u00e3o<\/td><td class=\"column-5\">BPM; Gest\u00e3o de processos; Gest\u00e3o organizacional; An\u00e1lise<br \/>\nnarrativa.<\/td><td class=\"column-6\">2024<\/td><td class=\"column-7\"><a href=\"http:\/\/repositorio.faculdadedegoiana.com.br\/wp-content\/uploads\/2025\/02\/TCC-Amanda-Stephan-Repositorio.pdf\">BAIXAR<\/a><\/td>\n<\/tr>\n<tr class=\"row-74 even\">\n\t<td class=\"column-1\">Lideran\u00e7a e intelig\u00eancia emocional: um estudo narrativo sobre habilidades interpessoais no contexto organizacional<\/td><td class=\"column-2\">Artemio Soares da <br \/>\nSilva; Jemerson da Silva Andrade; Jo\u00e3o Pedro Gon\u00e7alves Gomes<\/td><td class=\"column-3\">TCC - Artigo<\/td><td class=\"column-4\">Administra\u00e7\u00e3o<\/td><td class=\"column-5\">Intelig\u00eancia emocional; Lideran\u00e7a organizacional; Habilidades<br \/>\ninterpessoais; Gest\u00e3o de pessoas<\/td><td class=\"column-6\">2024<\/td><td class=\"column-7\"><a href=\"http:\/\/repositorio.faculdadedegoiana.com.br\/wp-content\/uploads\/2025\/02\/TCC-Artemio-Jemerson-Joao-Pedro-Repositorio.pdf\">BAIXAR<\/a><\/td>\n<\/tr>\n<tr class=\"row-75 odd\">\n\t<td class=\"column-1\">Aplica\u00e7\u00e3o de m\u00e9todos de previs\u00e3o de demanda: um estudo de caso no <br \/>\nvarejo de bicicletas em Goiana-PE<\/td><td class=\"column-2\">Edjaciane Barros Gomes da Rocha; <br \/>\nSuzy Cristina Ramos do Nascimento<\/td><td class=\"column-3\">TCC - Artigo<\/td><td class=\"column-4\">Administra\u00e7\u00e3o<\/td><td class=\"column-5\">Previs\u00e3o de demanda; Gest\u00e3o de estoques; Bicicletas; <br \/>\nM\u00e9todos quantitativos.<\/td><td class=\"column-6\">2024<\/td><td class=\"column-7\"><a href=\"http:\/\/repositorio.faculdadedegoiana.com.br\/wp-content\/uploads\/2025\/02\/TCC-Edjaciane-Suzy-Repositorio.pdf\">BAIXAR<\/a><\/td>\n<\/tr>\n<tr class=\"row-76 even\">\n\t<td class=\"column-1\">Big data na gest\u00e3o de estoques: uma an\u00e1lise bibliom\u00e9trica (2004 - 2024)<\/td><td class=\"column-2\">\u00c9lida Jaqueline Ferreira de Ara\u00fajo; Priscila Yngrid Cassiano <br \/>\nSales da Rocha; Rodrigo Gabriel da Silva Ramos<\/td><td class=\"column-3\">TCC - Artigo<\/td><td class=\"column-4\">Administra\u00e7\u00e3o<\/td><td class=\"column-5\">Big Data Analytics; Gest\u00e3o de estoques; Previs\u00e3o de demanda; Tecnologias emergentes.<\/td><td class=\"column-6\">2024<\/td><td class=\"column-7\"><a href=\"http:\/\/repositorio.faculdadedegoiana.com.br\/wp-content\/uploads\/2025\/02\/TCC-Elida-Priscila-Rodrigo-Repositorio.pdf\">BAIXAR<\/a><\/td>\n<\/tr>\n<tr class=\"row-77 odd\">\n\t<td class=\"column-1\">Turnover: uma revis\u00e3o integrativa sobre os impactos na cultura <br \/>\norganizacional<\/td><td class=\"column-2\">Emilly Bruna Tavares Camelo<\/td><td class=\"column-3\">TCC - Artigo<\/td><td class=\"column-4\">Administra\u00e7\u00e3o<\/td><td class=\"column-5\">Turnover; Rotatividade de pessoas; Cultura organizacional;<br \/>\nProdutividade.<\/td><td class=\"column-6\">2024<\/td><td class=\"column-7\"><a href=\"http:\/\/repositorio.faculdadedegoiana.com.br\/wp-content\/uploads\/2025\/02\/TCC-Emilly-Bruna-Repositorio.pdf\">BAIXAR<\/a><\/td>\n<\/tr>\n<tr class=\"row-78 even\">\n\t<td class=\"column-1\">Influ\u00eancia da ferramenta 5S na manufatura: uma an\u00e1lise bibliom\u00e9trica<\/td><td class=\"column-2\">Emilly Gadelha Santiago; Nat\u00e1lia Menezes da Silva<\/td><td class=\"column-3\">TCC - Artigo<\/td><td class=\"column-4\">Administra\u00e7\u00e3o<\/td><td class=\"column-5\">Efici\u00eancia operacional; Qualidade; Otimiza\u00e7\u00e3o de processos.<\/td><td class=\"column-6\">2024<\/td><td class=\"column-7\"><a href=\"http:\/\/repositorio.faculdadedegoiana.com.br\/wp-content\/uploads\/2025\/02\/TCC-Emilly-Natalia-Repositorio.pdf\">BAIXAR<\/a><\/td>\n<\/tr>\n<tr class=\"row-79 odd\">\n\t<td class=\"column-1\">O impacto da limpeza t\u00e9cnica especializada na manuten\u00e7\u00e3o preventiva <br \/>\ndo setor automotivo: estudo de caso em Goiana-PE<\/td><td class=\"column-2\">\u00c9verton Guilherme <br \/>\nUch\u00f4a Rodrigues<\/td><td class=\"column-3\">TCC - Artigo<\/td><td class=\"column-4\">Administra\u00e7\u00e3o<\/td><td class=\"column-5\">Limpeza t\u00e9cnica especializada; Manuten\u00e7\u00e3o preventiva; Ind\u00fastria automotiva; Efici\u00eancia operacional.<\/td><td class=\"column-6\">2024<\/td><td class=\"column-7\"><a href=\"http:\/\/repositorio.faculdadedegoiana.com.br\/wp-content\/uploads\/2025\/02\/TCC-Everton-Repositorio.pdf\">BAIXAR<\/a><\/td>\n<\/tr>\n<tr class=\"row-80 even\">\n\t<td class=\"column-1\">O impacto das redes corporativas na cultura organizacional<\/td><td class=\"column-2\">Felipe <br \/>\nAntonio da Silva<\/td><td class=\"column-3\">TCC - Artigo<\/td><td class=\"column-4\">Administra\u00e7\u00e3o<\/td><td class=\"column-5\">Redes corporativas; Comunica\u00e7\u00e3o interna; Comunica\u00e7\u00e3o e <br \/>\ncultura organizacional; Tecnologias e redes corporativas.<\/td><td class=\"column-6\">2024<\/td><td class=\"column-7\"><a href=\"http:\/\/repositorio.faculdadedegoiana.com.br\/wp-content\/uploads\/2025\/02\/TCC-Felipe-Repositorio.pdf\">BAIXAR<\/a><\/td>\n<\/tr>\n<tr class=\"row-81 odd\">\n\t<td class=\"column-1\">Intelig\u00eancia artificial no recrutamento e sele\u00e7\u00e3o: uma an\u00e1lise <br \/>\nbibliom\u00e9trica da produ\u00e7\u00e3o cient\u00edfica brasileira (2012-2024)<\/td><td class=\"column-2\">Fernando <br \/>\nWesley Gomes Santos; Pedro Henrique Lemos Vidal<\/td><td class=\"column-3\">TCC - Artigo<\/td><td class=\"column-4\">Administra\u00e7\u00e3o<\/td><td class=\"column-5\">Recrutamento e sele\u00e7\u00e3o; IA; Bibliometria; Automa\u00e7\u00e3o;<br \/>\nRH.<\/td><td class=\"column-6\">2024<\/td><td class=\"column-7\"><a href=\"http:\/\/repositorio.faculdadedegoiana.com.br\/wp-content\/uploads\/2025\/02\/TCC-FERNANDO-PEDRO-Repositorio.pdf\">BAIXAR<\/a><\/td>\n<\/tr>\n<tr class=\"row-82 even\">\n\t<td class=\"column-1\">S\u00edndrome de Burnout e qualidade de vida no trabalho no contexto <br \/>\norganizacional: uma an\u00e1lise bibliom\u00e9trica<\/td><td class=\"column-2\">Iennely Batista dos Prazeres; <br \/>\nSamilly Val\u00e9ria Soares Ferreira<\/td><td class=\"column-3\">TCC - Artigo<\/td><td class=\"column-4\">Administra\u00e7\u00e3o<\/td><td class=\"column-5\">Qualidade de Vida no Trabalho (QVT); S\u00edndrome de Burnout <br \/>\n(SB); An\u00e1lise bibliom\u00e9trica; Sa\u00fade ocupacional.<\/td><td class=\"column-6\">2024<\/td><td class=\"column-7\"><a href=\"http:\/\/repositorio.faculdadedegoiana.com.br\/wp-content\/uploads\/2025\/02\/TCC-Iennely-Samilly-Repositorio.pdf\">BAIXAR<\/a><\/td>\n<\/tr>\n<tr class=\"row-83 odd\">\n\t<td class=\"column-1\">Impactos da lei 13.303\/2016 nos processos licitat\u00f3rios da Hemobr\u00e1s: <br \/>\numa an\u00e1lise da efici\u00eancia e transpar\u00eancia nas contrata\u00e7\u00f5es p\u00fablicas <br \/>\n(2014-2024)<\/td><td class=\"column-2\"> Isabela Soares Batista<\/td><td class=\"column-3\">TCC - Artigo<\/td><td class=\"column-4\">Administra\u00e7\u00e3o<\/td><td class=\"column-5\">Licita\u00e7\u00e3o; Estatais; Contrata\u00e7\u00f5es; Transpar\u00eancia.<\/td><td class=\"column-6\">2024<\/td><td class=\"column-7\"><a href=\"http:\/\/repositorio.faculdadedegoiana.com.br\/wp-content\/uploads\/2025\/03\/TCC_Isabela-Repositorio.pdf\">BAIXAR<\/a><\/td>\n<\/tr>\n<tr class=\"row-84 even\">\n\t<td class=\"column-1\">Sistemas de gest\u00e3o log\u00edstica na efici\u00eancia operacional: an\u00e1lise da otimiza\u00e7\u00e3o de cargas na log\u00edstica<\/td><td class=\"column-2\">Jo\u00e3o Carlos da Silva Rodrigues<\/td><td class=\"column-3\">TCC - Artigo<\/td><td class=\"column-4\">Administra\u00e7\u00e3o<\/td><td class=\"column-5\">Gest\u00e3o de transporte; Log\u00edstica de carga; Planejamento <br \/>\nlog\u00edstico.<\/td><td class=\"column-6\">2024<\/td><td class=\"column-7\"><a href=\"http:\/\/repositorio.faculdadedegoiana.com.br\/wp-content\/uploads\/2025\/03\/TCC-Joao-Carlos-Repositorio.pdf\">BAIXAR<\/a><\/td>\n<\/tr>\n<tr class=\"row-85 odd\">\n\t<td class=\"column-1\">Implementa\u00e7\u00e3o do poka-yoke na ind\u00fastria automotivo: impactos na <br \/>\nqualidade e efici\u00eancia operacional<\/td><td class=\"column-2\">Larissa Vit\u00f3ria Medeiros da Silva; <br \/>\nYasmym Agostinho da Silva<\/td><td class=\"column-3\">TCC - Artigo<\/td><td class=\"column-4\">Administra\u00e7\u00e3o<\/td><td class=\"column-5\"> Qualidade; Manuten\u00e7\u00e3o; Poka-yoke; Inspe\u00e7\u00e3o; Falha.<\/td><td class=\"column-6\">2024<\/td><td class=\"column-7\"><a href=\"http:\/\/repositorio.faculdadedegoiana.com.br\/wp-content\/uploads\/2025\/03\/TCC-Larissa-Yasmim-Repositorio.pdf\">BAIXAR<\/a><\/td>\n<\/tr>\n<tr class=\"row-86 even\">\n\t<td class=\"column-1\">Estrat\u00e9gias empresariais para inclus\u00e3o de pessoas com defici\u00eancia no <br \/>\nmercado de trabalho: pr\u00e1ticas al\u00e9m do cumprimento legal<\/td><td class=\"column-2\">Lucas Sousa <br \/>\nFerreira de Lima<\/td><td class=\"column-3\">TCC - Artigo<\/td><td class=\"column-4\">Administra\u00e7\u00e3o<\/td><td class=\"column-5\">Inclus\u00e3o social; Mercado de trabalho; Pessoas com defici\u00eancia; Lei de Cotas.<\/td><td class=\"column-6\">2024<\/td><td class=\"column-7\"><a href=\"http:\/\/repositorio.faculdadedegoiana.com.br\/wp-content\/uploads\/2025\/03\/TCC-Lucas-Lima-Repositorio.pdf\">BAIXAR<\/a><\/td>\n<\/tr>\n<tr class=\"row-87 odd\">\n\t<td class=\"column-1\">A import\u00e2ncia do enfermeiro na triagem de pacientes em unidades de <br \/>\nurg\u00eancia: acolhimento e classifica\u00e7\u00e3o de riscos em unidades de emerg\u00eancia<\/td><td class=\"column-2\">Al\u00edcia Maria Bernardo dos Santos<\/td><td class=\"column-3\">TCC - Artigo<\/td><td class=\"column-4\">Enfermagem<\/td><td class=\"column-5\">Triagem; Urg\u00eancia; Emerg\u00eancia; Enfermeiro.<\/td><td class=\"column-6\">2024<\/td><td class=\"column-7\"><a href=\"http:\/\/repositorio.faculdadedegoiana.com.br\/wp-content\/uploads\/2024\/12\/TCC-_-Repositorio_Alicia.pdf\">BAIXAR<\/a><\/td>\n<\/tr>\n<tr class=\"row-88 even\">\n\t<td class=\"column-1\">Atua\u00e7\u00e3o do enfermeiro na aten\u00e7\u00e3o \u00e0 diab\u00e9tes gestacional<\/td><td class=\"column-2\">Alessandra Soares da Costa; Marleide Vensceslau Leit\u00e3o Ferreira<\/td><td class=\"column-3\">TCC - Artigo<\/td><td class=\"column-4\">Enfermagem<\/td><td class=\"column-5\">Atua\u00e7\u00e3o do enfermeiro; Diabetes gestacional; Pr\u00e9-natal.<\/td><td class=\"column-6\">2024<\/td><td class=\"column-7\"><a href=\"http:\/\/repositorio.faculdadedegoiana.com.br\/wp-content\/uploads\/2024\/08\/TCC-Repositorio-Alessandra-e-Marleide.pdf\">BAIXAR<\/a><\/td>\n<\/tr>\n<tr class=\"row-89 odd\">\n\t<td class=\"column-1\">Desafios na atua\u00e7\u00e3o do enfermeiro no atendimento pr\u00e9-hospitalar m\u00f3vel: <br \/>\numa an\u00e1lise cr\u00edtica<\/td><td class=\"column-2\">Benedito Francisco da Silva Filho; Ingridi Maria de <br \/>\nAndrade<\/td><td class=\"column-3\">TCC - Artigo<\/td><td class=\"column-4\">Enfermagem<\/td><td class=\"column-5\">Atendimento pr\u00e9-hospitalar; Enfermeiro; Profissional de <br \/>\nenfermagem.<\/td><td class=\"column-6\">2024<\/td><td class=\"column-7\"><a href=\"http:\/\/repositorio.faculdadedegoiana.com.br\/wp-content\/uploads\/2024\/12\/TCC-Repositorio-INGRIDI_E_BENEDITO.pdf\">BAIXAR<\/a><\/td>\n<\/tr>\n<tr class=\"row-90 even\">\n\t<td class=\"column-1\">Assist\u00eancia de enfermagem a mulher com hipertens\u00e3o gestacional<\/td><td class=\"column-2\">Camila Guedes da Silva; Eloiza Maria Ferreira Guedes<\/td><td class=\"column-3\">TCC - Artigo<\/td><td class=\"column-4\">Enfermagem<\/td><td class=\"column-5\">Pr\u00e9-natal; Comorbidades gestacionais; Hipertens\u00e3o gestacional; Cuidados de enfermagem.<\/td><td class=\"column-6\">2024<\/td><td class=\"column-7\"><a href=\"http:\/\/repositorio.faculdadedegoiana.com.br\/wp-content\/uploads\/2025\/03\/TCC-Camila-Eloiza-Repositorio.pdf\">BAIXAR<\/a><\/td>\n<\/tr>\n<tr class=\"row-91 odd\">\n\t<td class=\"column-1\">Sobrecarga de cuidadores de pessoas idosas com dem\u00eancia<\/td><td class=\"column-2\">Carla Patr\u00edcia Oliveira de Santana<\/td><td class=\"column-3\">TCC - Artigo<\/td><td class=\"column-4\">Enfermagem<\/td><td class=\"column-5\">Cuidador; Sobrecarga; Idosos; Dem\u00eancia.<\/td><td class=\"column-6\">2024<\/td><td class=\"column-7\"><a href=\"http:\/\/repositorio.faculdadedegoiana.com.br\/wp-content\/uploads\/2024\/08\/TCC-Repositorio-Carla-Patricia.pdf\">BAIXAR<\/a><\/td>\n<\/tr>\n<tr class=\"row-92 even\">\n\t<td class=\"column-1\">Assist\u00eancia do enfermeiro a gestantes com s\u00edndromes hipertensivas<\/td><td class=\"column-2\">Cleane Maria dos Santos; Lidivan Xavier Pereira<\/td><td class=\"column-3\">TCC - Artigo<\/td><td class=\"column-4\">Enfermagem<\/td><td class=\"column-5\">Assist\u00eancia de enfermagem; Gestante; Cuidados no pr\u00e9-natal; Emerg\u00eancias obst\u00e9tricas; S\u00edndrome hipertensiva.<\/td><td class=\"column-6\">2024<\/td><td class=\"column-7\"><a href=\"http:\/\/repositorio.faculdadedegoiana.com.br\/wp-content\/uploads\/2024\/08\/TCC-Repositorio-Cleane-e-Lindivan.pdf\">BAIXAR<\/a><\/td>\n<\/tr>\n<tr class=\"row-93 odd\">\n\t<td class=\"column-1\">Interven\u00e7\u00f5es de enfermagem para o manejo precoce da hemorragia <br \/>\np\u00f3s-parto<\/td><td class=\"column-2\">D\u00e9bora Rocha Marques dos Santos; Raiane C\u00e1ssia da Silva<\/td><td class=\"column-3\">TCC - Artigo<\/td><td class=\"column-4\">Enfermagem<\/td><td class=\"column-5\">Hemorragia p\u00f3s-parto; Cuidados de enfermagem; Mortalidade<br \/>\nmaterna.<\/td><td class=\"column-6\">2024<\/td><td class=\"column-7\"><a href=\"http:\/\/repositorio.faculdadedegoiana.com.br\/wp-content\/uploads\/2024\/06\/TCC-Repositorio-Debora-e-Raiane.pdf\">BAIXAR<\/a><\/td>\n<\/tr>\n<tr class=\"row-94 even\">\n\t<td class=\"column-1\">Atua\u00e7\u00e3o da enfermagem no cuidado aos pacientes de c\u00e2ncer colorretal<\/td><td class=\"column-2\">Diana Campos da Silva; Lucas Candido Maciel<\/td><td class=\"column-3\">TCC - Artigo<\/td><td class=\"column-4\">Enfermagem<\/td><td class=\"column-5\">Neoplasia; C\u00e2ncer colorretal; Enfermagem.<\/td><td class=\"column-6\">2024<\/td><td class=\"column-7\"><a href=\"http:\/\/repositorio.faculdadedegoiana.com.br\/wp-content\/uploads\/2024\/08\/TCC-Repositorio-Diana-e-Lucas.pdf\">BAIXAR<\/a><\/td>\n<\/tr>\n<tr class=\"row-95 odd\">\n\t<td class=\"column-1\">An\u00e1lise do papel do enfermeiro na promo\u00e7\u00e3o do tratamento da <br \/>\ndiabetes mellitus<\/td><td class=\"column-2\">Eliege Guedes dos Santos da Silva Pereira; Nat\u00e1lia <br \/>\nAnt\u00f4nia da Silva Gama<\/td><td class=\"column-3\">TCC - Artigo<\/td><td class=\"column-4\">Enfermagem<\/td><td class=\"column-5\">Diabetes mellitus; Enfermagem; Promo\u00e7\u00e3o de tratamento.<\/td><td class=\"column-6\">2024<\/td><td class=\"column-7\"><a href=\"http:\/\/repositorio.faculdadedegoiana.com.br\/wp-content\/uploads\/2024\/09\/TCC-Repositorio-Eliege-e-Natalia.pdf\">BAIXAR<\/a><\/td>\n<\/tr>\n<tr class=\"row-96 even\">\n\t<td class=\"column-1\">Papel do enfermeiro na promo\u00e7\u00e3o e no suporte do aleitamento <br \/>\nmaterno<\/td><td class=\"column-2\">Eline Soares Alves<\/td><td class=\"column-3\">TCC - Artigo<\/td><td class=\"column-4\">Enfermagem<\/td><td class=\"column-5\">Aten\u00e7\u00e3o b\u00e1sica a sa\u00fade; Enfermagem; Aleitamento materno.<\/td><td class=\"column-6\">2024<\/td><td class=\"column-7\"><a href=\"http:\/\/repositorio.faculdadedegoiana.com.br\/wp-content\/uploads\/2025\/03\/TCC-Eline-Repositorio.pdf\">BAIXAR<\/a><\/td>\n<\/tr>\n<tr class=\"row-97 odd\">\n\t<td class=\"column-1\">Papel do enfermeiro frente a diabetes mellitus gestacional na aten\u00e7\u00e3o prim\u00e1ria a sa\u00fade<\/td><td class=\"column-2\">Evelin Michelle da Silva Francisco; Gabriela de <br \/>\nAndrade Soares<\/td><td class=\"column-3\">TCC - Artigo<\/td><td class=\"column-4\">Enfermagem<\/td><td class=\"column-5\">Diabetes mellitus gestacional; Enfermeiro; Pr\u00e9-natal<\/td><td class=\"column-6\">2024<\/td><td class=\"column-7\"><a href=\"http:\/\/repositorio.faculdadedegoiana.com.br\/wp-content\/uploads\/2024\/08\/TCC-Repositorio-Evelin-e-Gabriela.pdf\">BAIXAR<\/a><\/td>\n<\/tr>\n<tr class=\"row-98 even\">\n\t<td class=\"column-1\">Riscos ocupacionais na sala de vacina: efeitos na sa\u00fade dos profissionais de enfermagem<\/td><td class=\"column-2\">Gabrielle Patricia de Lima Silva; Joana Maria da Silva<\/td><td class=\"column-3\">TCC - Artigo<\/td><td class=\"column-4\">Enfermagem<\/td><td class=\"column-5\">Sala de vacina; Riscos ocupacionais; Profissionais de <br \/>\nenfermagem.<\/td><td class=\"column-6\">2024<\/td><td class=\"column-7\"><a href=\"http:\/\/repositorio.faculdadedegoiana.com.br\/wp-content\/uploads\/2024\/07\/TCC-Repositorio-Gabrielle-e-Joana.pdf\">BAIXAR<\/a><\/td>\n<\/tr>\n<tr class=\"row-99 odd\">\n\t<td class=\"column-1\">Atua\u00e7\u00e3o do enfermeiro na assist\u00eancia \u00e0s gestantes com positividade <br \/>\nem s\u00edfilis<\/td><td class=\"column-2\">Girlaine Grazziele de Oliveira Pontes; Layssa Alexandre <br \/>\nBezerra Chaves<\/td><td class=\"column-3\">TCC - Artigo<\/td><td class=\"column-4\">Enfermagem<\/td><td class=\"column-5\">Enfermeiro; Gestantes;  S\u00edfilis.<\/td><td class=\"column-6\">2024<\/td><td class=\"column-7\"><a href=\"http:\/\/repositorio.faculdadedegoiana.com.br\/wp-content\/uploads\/2024\/08\/TCC-Repositorio-Girlaine-e-Layssa.pdf\">BAIXAR<\/a><\/td>\n<\/tr>\n<tr class=\"row-100 even\">\n\t<td class=\"column-1\">Papel do enfermeiro na educa\u00e7\u00e3o sobre HIV\/AIDS no Brasil<\/td><td class=\"column-2\">Gleycylany da Silva Santana; Gustavo Henrique da Silva<\/td><td class=\"column-3\">TCC - Artigo<\/td><td class=\"column-4\">Enfermagem<\/td><td class=\"column-5\">Enfermagem. Educa\u00e7\u00e3o. HIV. AIDS.<\/td><td class=\"column-6\">2024<\/td><td class=\"column-7\"><a href=\"http:\/\/repositorio.faculdadedegoiana.com.br\/wp-content\/uploads\/2024\/08\/TCC-Repositorio-Gleycylany-e-Gustavo.pdf\">BAIXAR<\/a><\/td>\n<\/tr>\n<tr class=\"row-101 odd\">\n\t<td class=\"column-1\">Fatores relacionados \u00e0 hesita\u00e7\u00e3o vacinal: uma revis\u00e3o integrativa<\/td><td class=\"column-2\">Iaponira Gomes de Lima; Ver\u00f4nica Alexandre de Oliveira<\/td><td class=\"column-3\">TCC - Artigo<\/td><td class=\"column-4\">Enfermagem<\/td><td class=\"column-5\">Vacinas; Recusa de vacina\u00e7\u00e3o; Aten\u00e7\u00e3o prim\u00e1ria \u00e0 sa\u00fade; Hesita\u00e7\u00e3o vacinal. <\/td><td class=\"column-6\">2024<\/td><td class=\"column-7\"><a href=\"http:\/\/repositorio.faculdadedegoiana.com.br\/wp-content\/uploads\/2024\/07\/TCC-Repositorio-Iaponira-e-Veronica.pdf\">BAIXAR<\/a><\/td>\n<\/tr>\n<tr class=\"row-102 even\">\n\t<td class=\"column-1\">A prematuridade e seu impacto sobre o desenvolvimento psicossocial <br \/>\ne cognitivo da crian\u00e7a: import\u00e2ncia do enfermeiro<\/td><td class=\"column-2\">Isabelly Maria <br \/>\nTrajano de Souza Silva; Vit\u00f3ria de Souza Batista de Lima<\/td><td class=\"column-3\">TCC - Artigo<\/td><td class=\"column-4\">Enfermagem<\/td><td class=\"column-5\">Rec\u00e9m-nascido prematuro; Humaniza\u00e7\u00e3o da assist\u00eancia; Desenvolvimento cognitivo; Enfermagem<\/td><td class=\"column-6\">2024<\/td><td class=\"column-7\"><a href=\"http:\/\/repositorio.faculdadedegoiana.com.br\/wp-content\/uploads\/2024\/08\/TCC-Repositorio-Isabelly-e-Vitoria.pdf\">BAIXAR<\/a><\/td>\n<\/tr>\n<tr class=\"row-103 odd\">\n\t<td class=\"column-1\">Pr\u00e1ticas de assist\u00eancia do enfermeiro no manejo e preven\u00e7\u00e3o de les\u00f5es por press\u00e3o em pacientes hospitalizados<\/td><td class=\"column-2\">Ivanio Carneiro de Oliveira <br \/>\nFilho<\/td><td class=\"column-3\">TCC - Artigo<\/td><td class=\"column-4\">Enfermagem<\/td><td class=\"column-5\">Les\u00e3o por press\u00e3o; Enfermagem; Preven\u00e7\u00e3o de enfermagem.<\/td><td class=\"column-6\">2024<\/td><td class=\"column-7\"><a href=\"http:\/\/repositorio.faculdadedegoiana.com.br\/wp-content\/uploads\/2024\/07\/TCC-Repositorio-Ivanio.pdf\">BAIXAR<\/a><\/td>\n<\/tr>\n<tr class=\"row-104 even\">\n\t<td class=\"column-1\">Desafios vivenciados pelos enfermeiros da aten\u00e7\u00e3o prim\u00e1ria \u00e0 sa\u00fade na assist\u00eancia \u00e0 crian\u00e7a com transtorno do espectro autista<\/td><td class=\"column-2\">Jaqueline <br \/>\nSimfronio da Silva Rodrigues; Rosileide da Costa Barbosa<\/td><td class=\"column-3\">TCC - Artigo<\/td><td class=\"column-4\">Enfermagem<\/td><td class=\"column-5\">Transtorno do espectro autista; Crian\u00e7a; Assist\u00eancia de enfermagem.<\/td><td class=\"column-6\">2024<\/td><td class=\"column-7\"><a href=\"http:\/\/repositorio.faculdadedegoiana.com.br\/wp-content\/uploads\/2024\/07\/TCC-Jaqueline-e-Rosileide-repositorio.pdf\">BAIXAR<\/a><\/td>\n<\/tr>\n<tr class=\"row-105 odd\">\n\t<td class=\"column-1\">Pr\u00e1ticas obst\u00e9tricas evit\u00e1veis na assist\u00eancia \u00e0 sa\u00fade para a promo\u00e7\u00e3o <br \/>\nde um parto humanizado<\/td><td class=\"column-2\">Jessica Brenielly Peixoto Correia<\/td><td class=\"column-3\">TCC - Artigo<\/td><td class=\"column-4\">Enfermagem<\/td><td class=\"column-5\">Parto humanizado; Enfermagem obst\u00e9trica; Papel do profissional de enfermagem.<\/td><td class=\"column-6\">2024<\/td><td class=\"column-7\"><a href=\"http:\/\/repositorio.faculdadedegoiana.com.br\/wp-content\/uploads\/2024\/06\/TCC-Jessica-Brenielly-Repositorio.pdf\">BAIXAR<\/a><\/td>\n<\/tr>\n<tr class=\"row-106 even\">\n\t<td class=\"column-1\">Empreendedorismo na enfermagem dermatol\u00f3gica e est\u00e9tica avan\u00e7ada<\/td><td class=\"column-2\">Karla Fernanda de Lima Fragoso; Maria Clara Bandeira <br \/>\nAmaral<\/td><td class=\"column-3\">TCC - Artigo<\/td><td class=\"column-4\">Enfermagem<\/td><td class=\"column-5\">Empreendedorismo;  Enfermagem dermatol\u00f3gica; Enfermagem<br \/>\nest\u00e9tica.<\/td><td class=\"column-6\">2024<\/td><td class=\"column-7\"><a href=\"http:\/\/repositorio.faculdadedegoiana.com.br\/wp-content\/uploads\/2024\/08\/TCC-Repositorio-Karla-Fernanda-e-Maria-Clara.pdf\">BAIXAR<\/a><\/td>\n<\/tr>\n<tr class=\"row-107 odd\">\n\t<td class=\"column-1\">Dificuldades enfrentadas por cuidadores na aten\u00e7\u00e3o a idosos com a doen\u00e7a de Alzheimer<\/td><td class=\"column-2\">La\u00eds Lucia Guedes da Silva; Luciano Juv\u00eancio <br \/>\nRibeiro<\/td><td class=\"column-3\">TCC - Artigo<\/td><td class=\"column-4\">Enfermagem<\/td><td class=\"column-5\">Idosos.; Doen\u00e7a de Alzheimer; Cuidadores.<\/td><td class=\"column-6\">2024<\/td><td class=\"column-7\"><a href=\"http:\/\/repositorio.faculdadedegoiana.com.br\/wp-content\/uploads\/2024\/12\/TCC-Repositorio-Lais-e-Luciano.pdf\">BAIXAR<\/a><\/td>\n<\/tr>\n<tr class=\"row-108 even\">\n\t<td class=\"column-1\">Sistematiza\u00e7\u00e3o da assist\u00eancia de enfermagem a idosos com doen\u00e7a de Alzheimer<\/td><td class=\"column-2\">Lucas Luiz da Silva; Mikaelly Maria Rodrigues Damacena<\/td><td class=\"column-3\">TCC - Artigo<\/td><td class=\"column-4\">Enfermagem<\/td><td class=\"column-5\">Envelhecimento; Cuidados de enfermagem; Idoso com doen\u00e7a. <br \/>\nde Alzheimer.<\/td><td class=\"column-6\">2024<\/td><td class=\"column-7\"><a href=\"http:\/\/repositorio.faculdadedegoiana.com.br\/wp-content\/uploads\/2024\/06\/TCC-Repositorio-Lucas-e-Mikaelly.pdf\">BAIXAR<\/a><\/td>\n<\/tr>\n<tr class=\"row-109 odd\">\n\t<td class=\"column-1\">Pr\u00e1ticas preventivas de c\u00e2ncer do colo do \u00fatero na aten\u00e7\u00e3o prim\u00e1ria \u00e0 <br \/>\nsa\u00fade<\/td><td class=\"column-2\">Maria F\u00e1tima Bernardo de Lima<\/td><td class=\"column-3\">TCC - Artigo<\/td><td class=\"column-4\">Enfermagem<\/td><td class=\"column-5\">Neoplasias do colo do \u00fatero; Sa\u00fade da mulher; Sa\u00fade p\u00fablica.<\/td><td class=\"column-6\">2024<\/td><td class=\"column-7\"><a href=\"http:\/\/repositorio.faculdadedegoiana.com.br\/wp-content\/uploads\/2024\/07\/TCC-Repositorio-Maria-de-Fatima-Bernardo.pdf\">BAIXAR<\/a><\/td>\n<\/tr>\n<tr class=\"row-110 even\">\n\t<td class=\"column-1\">Assist\u00eancia de enfermagem na detec\u00e7\u00e3o precoce e no acompanhamento da depress\u00e3o em idosos<\/td><td class=\"column-2\">Marleide Souza Queiroz de <br \/>\nOliveira<\/td><td class=\"column-3\">TCC - Artigo<\/td><td class=\"column-4\">Enfermagem<\/td><td class=\"column-5\">Idosos; Depress\u00e3o; Preven\u00e7\u00e3o de doen\u00e7as; Equipe de <br \/>\nenfermagem.<\/td><td class=\"column-6\">2024<\/td><td class=\"column-7\"><a href=\"http:\/\/repositorio.faculdadedegoiana.com.br\/wp-content\/uploads\/2024\/07\/TCC-Repositorio-Marleide-Souza.pdf\">BAIXAR<\/a><\/td>\n<\/tr>\n<tr class=\"row-111 odd\">\n\t<td class=\"column-1\">Desafios de m\u00e3es de crian\u00e7as com transtorno do espectro autista<\/td><td class=\"column-2\">Mayara Correa da Silva; Patr\u00edcia da Silva Matos Joventino<\/td><td class=\"column-3\">TCC - Artigo<\/td><td class=\"column-4\">Enfermagem<\/td><td class=\"column-5\">Transtorno espectro autista; Autismo infantil; Desafios das <br \/>\nm\u00e3es.<\/td><td class=\"column-6\">2024<\/td><td class=\"column-7\"><a href=\"http:\/\/repositorio.faculdadedegoiana.com.br\/wp-content\/uploads\/2024\/07\/TCC-Repositorio-Mayara-e-Patricia.pdf\">BAIXAR<\/a><\/td>\n<\/tr>\n<tr class=\"row-112 even\">\n\t<td class=\"column-1\">Atua\u00e7\u00e3o do enfermeiro no manejo da dor em pacientes oncol\u00f3gicos na emerg\u00eancia<\/td><td class=\"column-2\">Aline da Silva Barreto; Liandra Soares <\/td><td class=\"column-3\">TCC - Resumo<\/td><td class=\"column-4\">PGUEUTI<\/td><td class=\"column-5\">Enfermagem: Dor; Oncologia.<\/td><td class=\"column-6\">2024<\/td><td class=\"column-7\"><a href=\"http:\/\/repositorio.faculdadedegoiana.com.br\/wp-content\/uploads\/2024\/12\/TCC-ALINE-DA-SILVA-LIANDRA-SOARES.pdf\">BAIXAR<\/a><\/td>\n<\/tr>\n<tr class=\"row-113 odd\">\n\t<td class=\"column-1\">Os desafios sobre primeiros socorros em uma parada cardiorrespirat\u00f3ria para estudantes do ensino fundamental e m\u00e9dio: uma revis\u00e3o integrativa<\/td><td class=\"column-2\">Ana Clara A. da Silva Souza; Ana Jailma Guimar\u00e3es Leite<\/td><td class=\"column-3\">TCC - Resumo<\/td><td class=\"column-4\">PGUEUTI<\/td><td class=\"column-5\">Ensino; Parada Card\u00edaca; Primeiros Socorros.<\/td><td class=\"column-6\">2024<\/td><td class=\"column-7\"><a href=\"http:\/\/repositorio.faculdadedegoiana.com.br\/wp-content\/uploads\/2024\/12\/TCC-ANA-CLARA-ANA-JAILMA.pdf\">BAIXAR<\/a><\/td>\n<\/tr>\n<tr class=\"row-114 even\">\n\t<td class=\"column-1\">O papel do enfermeiro na detec\u00e7\u00e3o precoce da sepse na unidade de terapia intensiva<\/td><td class=\"column-2\">Ana Clara Bento da Silva; Nayse Karolline Guerra de Souza; Tayanne Laiz da Silva <br \/>\nBandeira<\/td><td class=\"column-3\">TCC - Resumo<\/td><td class=\"column-4\">PGUEUTI<\/td><td class=\"column-5\">Enfermagem; Diagn\u00f3stico; Sepse.<\/td><td class=\"column-6\">2024<\/td><td class=\"column-7\"><a href=\"http:\/\/repositorio.faculdadedegoiana.com.br\/wp-content\/uploads\/2024\/12\/TCC-ANA-CLARA-NAYSE-KAROLLINE-TAYANNE-LAIZ.pdf\">BAIXAR<\/a><\/td>\n<\/tr>\n<tr class=\"row-115 odd\">\n\t<td class=\"column-1\">O impacto do d\u00e9ficit de enfermeiros especialistas em unidade de terapia intensiva durante a pandemia de covid-19<\/td><td class=\"column-2\">Ana Clara Bento da Silva; Nayse Karolline Guerra de Souza; Tayanne Laiz da Silva <br \/>\nBandeira<\/td><td class=\"column-3\">TCC - Resumo<\/td><td class=\"column-4\">PGUEUTI<\/td><td class=\"column-5\">Covid-19; Enfermeiro; Unidade de Terapia Intensiva.<br \/>\n<\/td><td class=\"column-6\">2024<\/td><td class=\"column-7\"><a href=\"http:\/\/repositorio.faculdadedegoiana.com.br\/wp-content\/uploads\/2024\/12\/TCC-ANA-CLARA-NAYSE-KAROLLINE-TAYANNE-LAIZ-covid.pdf\">BAIXAR<\/a><\/td>\n<\/tr>\n<tr class=\"row-116 even\">\n\t<td class=\"column-1\">Assist\u00eancia de Enfermagem na Preven\u00e7\u00e3o da Pneumonia Associada \u00e0 Ventila\u00e7\u00e3o Mec\u00e2nica  Invasiva: Revis\u00e3o Bibliogr\u00e1fica<\/td><td class=\"column-2\">Andreia Maria da Silva Barbosa; Laise Risalva Farias Gouveia da Silva<\/td><td class=\"column-3\">TCC - Resumo<\/td><td class=\"column-4\">PGUEUTI<\/td><td class=\"column-5\">Assist\u00eancia de enfermagem; pneumonia associada \u00e0 ventila\u00e7\u00e3o mec\u00e2nica; unidade de terapia intensiva.<\/td><td class=\"column-6\">2024<\/td><td class=\"column-7\"><a href=\"http:\/\/repositorio.faculdadedegoiana.com.br\/wp-content\/uploads\/2024\/12\/TCC-ANDREA-MARIA-LAISE-RISALVA.pdf\">BAIXAR<\/a><\/td>\n<\/tr>\n<tr class=\"row-117 odd\">\n\t<td class=\"column-1\">Impactos da pandemia por covid-19 na sa\u00fade mental dos enfermeiros atuantes em unidade de terapia intensiva: revis\u00e3o bibliogr\u00e1fica<\/td><td class=\"column-2\">Angelina Wadjane Ribeiro da Silva Santana; Laryssa Rafaella Silva Pedrozo<\/td><td class=\"column-3\">TCC - Resumo<\/td><td class=\"column-4\">PGUEUTI<\/td><td class=\"column-5\">Sa\u00fade Mental; Profissionais da enfermagem; COVID-19.<\/td><td class=\"column-6\">2024<\/td><td class=\"column-7\"><a href=\"http:\/\/repositorio.faculdadedegoiana.com.br\/wp-content\/uploads\/2024\/12\/TCC-ANGELINA-WADJANE-LARYSSA-RAFAELLA.pdf\">BAIXAR<\/a><\/td>\n<\/tr>\n<tr class=\"row-118 even\">\n\t<td class=\"column-1\">Gest\u00e3o de enfermagem na implanta\u00e7\u00e3o do n\u00facleo de seguran\u00e7a do paciente em uma unidade de pronto atendimento<\/td><td class=\"column-2\">Bianca Katherine Albuquerque Lima; Ruanna Laiza Viana da Silva<\/td><td class=\"column-3\">TCC - Resumo<\/td><td class=\"column-4\">PGUEUTI<\/td><td class=\"column-5\">Seguran\u00e7a do paciente; N\u00facleo de Seguran\u00e7a do paciente; Gest\u00e3o de enfermagem.<\/td><td class=\"column-6\">2024<\/td><td class=\"column-7\"><a href=\"http:\/\/repositorio.faculdadedegoiana.com.br\/wp-content\/uploads\/2024\/12\/TCC-BIANCA-KATHERINE-RUANNA-LAIZA.pdf\">BAIXAR<\/a><\/td>\n<\/tr>\n<tr class=\"row-119 odd\">\n\t<td class=\"column-1\">Efeitos de uma interven\u00e7\u00e3o educativa para preven\u00e7\u00e3o de infec\u00e7\u00e3o da corrente sangu\u00ednea na unidade de terapia intensiva<\/td><td class=\"column-2\">Bruna Raphaela da Silva Santos<\/td><td class=\"column-3\">TCC - Resumo<\/td><td class=\"column-4\">PGUEUTI<\/td><td class=\"column-5\">Educa\u00e7\u00e3o em Sa\u00fade; Enfermagem; Tecnologia em Sa\u00fade.<\/td><td class=\"column-6\">2024<\/td><td class=\"column-7\"><a href=\"http:\/\/repositorio.faculdadedegoiana.com.br\/wp-content\/uploads\/2024\/12\/TCC-BRUNA-RAPHAELA.pdf\">BAIXAR<\/a><\/td>\n<\/tr>\n<tr class=\"row-120 even\">\n\t<td class=\"column-1\">O uso das escalas de predi\u00e7\u00e3o de risco para les\u00e3o por press\u00e3o na unidade de terapia intensiva: revis\u00e3o bibliogr\u00e1fica<\/td><td class=\"column-2\">Danielly Patr\u00edcia de Medeiros; Mar\u00edlia Costa da Silva Melo<\/td><td class=\"column-3\">TCC - Resumo<\/td><td class=\"column-4\">PGUEUTI<\/td><td class=\"column-5\">Escalas de predi\u00e7\u00e3o de risco; Les\u00e3o por press\u00e3o e Unidade de terapia intensiva.<\/td><td class=\"column-6\">2024<\/td><td class=\"column-7\"><a href=\"http:\/\/repositorio.faculdadedegoiana.com.br\/wp-content\/uploads\/2024\/12\/TCC-DANIELLY-PATRICIA-MARILIA-COSTA.pdf\">BAIXAR<\/a><\/td>\n<\/tr>\n<tr class=\"row-121 odd\">\n\t<td class=\"column-1\">Protocolo Manchester na classifica\u00e7\u00e3o de risco nos servi\u00e7os de urg\u00eancia e emerg\u00eancia: autonomia do enfermeiro<\/td><td class=\"column-2\">Edivania Cristina da Silva<\/td><td class=\"column-3\">TCC - Resumo<\/td><td class=\"column-4\">PGUEUTI<\/td><td class=\"column-5\">Protocolo Manchester; Enfermagem; Urg\u00eancia e Emerg\u00eancia.<\/td><td class=\"column-6\">2024<\/td><td class=\"column-7\"><a href=\"http:\/\/repositorio.faculdadedegoiana.com.br\/wp-content\/uploads\/2024\/12\/TCC-EDIVANIA-CRISTINA-DA-SILVA.pdf\">BAIXAR<\/a><\/td>\n<\/tr>\n<tr class=\"row-122 even\">\n\t<td class=\"column-1\">Pr\u00e1ticas e desafios da enfermagem no manejo de paciente em parada cardiorrespirat\u00f3ria: uma revis\u00e3o bibliogr\u00e1fica<\/td><td class=\"column-2\">Euvaneislan Souza da Silva<\/td><td class=\"column-3\">TCC - Resumo<\/td><td class=\"column-4\">PGUEUTI<\/td><td class=\"column-5\">Parada Cardiorrespirat\u00f3ria; Manejo em Urg\u00eancia e Emerg\u00eancia; PCR em Enfermagem.<\/td><td class=\"column-6\">2024<\/td><td class=\"column-7\"><a href=\"http:\/\/repositorio.faculdadedegoiana.com.br\/wp-content\/uploads\/2024\/12\/TCC-EUVANEISLAN-SILVA.pdf\">BAIXAR<\/a><\/td>\n<\/tr>\n<tr class=\"row-123 odd\">\n\t<td class=\"column-1\">Desafios encontrados pelos enfermeiros no acolhimento e classifica\u00e7\u00e3o de risco em servi\u00e7os de urg\u00eancia e emerg\u00eancia<\/td><td class=\"column-2\">Giselle Monshelly Bandeira do Nascimento Borges; Silvia Maria Oliveira e Silva Tavares<\/td><td class=\"column-3\">TCC - Resumo<\/td><td class=\"column-4\">PGUEUTI<\/td><td class=\"column-5\">Classifica\u00e7\u00e3o de Risco; Desafios; Enfermagem.<\/td><td class=\"column-6\">2024<\/td><td class=\"column-7\"><a href=\"http:\/\/repositorio.faculdadedegoiana.com.br\/wp-content\/uploads\/2024\/12\/TCC-GISELLY-MONSHELLY-SILVIA-MARIA.pdf\">BAIXAR<\/a><\/td>\n<\/tr>\n<tr class=\"row-124 even\">\n\t<td class=\"column-1\">D\u00e9ficit de comunica\u00e7\u00e3o dos profissionais de sa\u00fade no cuidar de pacientes sob cuidados paliativos na unidade de terapia intensiva<\/td><td class=\"column-2\">Glenda Isabelle Monte da Cunha; Vit\u00f3ria Wanderley da Silva<\/td><td class=\"column-3\">TCC - Resumo<\/td><td class=\"column-4\">PGUEUTI<\/td><td class=\"column-5\">Comunica\u00e7\u00e3o; Cuidados Paliativos; Profissionais de Sa\u00fade.<\/td><td class=\"column-6\">2024<\/td><td class=\"column-7\"><a href=\"http:\/\/repositorio.faculdadedegoiana.com.br\/wp-content\/uploads\/2024\/12\/TCC-GLENDA-IZABELLE-VITORIA-WANDERLEY.pdf\">BAIXAR<\/a><\/td>\n<\/tr>\n<tr class=\"row-125 odd\">\n\t<td class=\"column-1\">O manejo de pacientes com les\u00e3o por press\u00e3o na unidade de terapia intensiva covid-19<\/td><td class=\"column-2\">J\u00e9ssika Ellen Cavalcanti Oliveira; Juliana do Carmo Ribeiro de Oliveira<\/td><td class=\"column-3\">TCC - Resumo<\/td><td class=\"column-4\">PGUEUTI<\/td><td class=\"column-5\">COVID-19; Les\u00e3o por Press\u00e3o; Unidade de Terapia Intensiva.<\/td><td class=\"column-6\">2024<\/td><td class=\"column-7\"><a href=\"http:\/\/repositorio.faculdadedegoiana.com.br\/wp-content\/uploads\/2024\/12\/TCC-JESSIKA-ELLEN-JULIANA-DO-CARMO.pdf\">BAIXAR<\/a><\/td>\n<\/tr>\n<tr class=\"row-126 even\">\n\t<td class=\"column-1\">Qualidade de vida de m\u00e3es enfermeiras que atuam nas unidades de pronto atendimento<\/td><td class=\"column-2\">Jos\u00e9 Douglas Silva de Souza; Simone Barbosa da Silva<\/td><td class=\"column-3\">TCC - Resumo<\/td><td class=\"column-4\">PGUEUTI<\/td><td class=\"column-5\">Qualidade de Vida; Enfermeiras; M\u00e3es; Sa\u00fade Mental<\/td><td class=\"column-6\">2024<\/td><td class=\"column-7\"><a href=\"http:\/\/repositorio.faculdadedegoiana.com.br\/wp-content\/uploads\/2024\/12\/TCC-JOSE-DOUGLAS-SIMONE-BARBOSA.pdf\">BAIXAR<\/a><\/td>\n<\/tr>\n<tr class=\"row-127 odd\">\n\t<td class=\"column-1\">Compet\u00eancia do enfermeiro emergencista durante uma parada cardiorrespirat\u00f3ria<\/td><td class=\"column-2\">Luana Gabriela Souza de Oliveira; Miquelly Clarindo dos Santos<\/td><td class=\"column-3\">TCC - Resumo<\/td><td class=\"column-4\">PGUEUTI<\/td><td class=\"column-5\">Assist\u00eancia de enfermagem; emerg\u00eancia; Parada Cardiorrespirat\u00f3ria.<\/td><td class=\"column-6\">2024<\/td><td class=\"column-7\"><a href=\"http:\/\/repositorio.faculdadedegoiana.com.br\/wp-content\/uploads\/2024\/12\/TCC-MIQUELLY-CLARINDO-LUANA-GABRIELA.pdf\">BAIXAR<\/a><\/td>\n<\/tr>\n<tr class=\"row-128 even\">\n\t<td class=\"column-1\">Atua\u00e7\u00e3o do enfermeiro no manejo de sepse em um servi\u00e7o de pronto atendimento hematol\u00f3gico: relato de experi\u00eancia<\/td><td class=\"column-2\">Maria Lindalva Pereira da Silva; Tamires Maria Pereira<\/td><td class=\"column-3\">TCC - Resumo<\/td><td class=\"column-4\">PGUEUTI<\/td><td class=\"column-5\">Enfermeiro; hematologia; sepse.<\/td><td class=\"column-6\">2024<\/td><td class=\"column-7\"><a href=\"http:\/\/repositorio.faculdadedegoiana.com.br\/wp-content\/uploads\/2024\/12\/TCC-MARIA-LINDALVA-TAMIRES-PEREIRA.pdf\">BAIXAR<\/a><\/td>\n<\/tr>\n<tr class=\"row-129 odd\">\n\t<td class=\"column-1\">Estrat\u00e9gias de enfrentamento utilizadas por enfermeiros emergencistas atuantes na pandemia da covid 19 em promo\u00e7\u00e3o a sa\u00fade mental<\/td><td class=\"column-2\">Naymar Yonara Carneiro da Cunha Pereira; Rafaela Cristina da Silva<\/td><td class=\"column-3\">TCC - Resumo<\/td><td class=\"column-4\">PGUEUTI<\/td><td class=\"column-5\">Covid-19; Estrat\u00e9gias de enfrentamento; Enfermeiro e Sa\u00fade mental.<\/td><td class=\"column-6\">2024<\/td><td class=\"column-7\"><a href=\"http:\/\/repositorio.faculdadedegoiana.com.br\/wp-content\/uploads\/2024\/12\/TCC-NAYOMAR-YONARA-RAFAELA-CRISTINA.pdf\">BAIXAR<\/a><\/td>\n<\/tr>\n<tr class=\"row-130 even\">\n\t<td class=\"column-1\">Processo de enfermagem aplicado ao paciente queimado na emerg\u00eancia: revis\u00e3o bibliogr\u00e1fica<\/td><td class=\"column-2\">Vitoriana Karem Freire Marinho de Almeida<\/td><td class=\"column-3\">TCC - Resumo<\/td><td class=\"column-4\">PGUEUTI<\/td><td class=\"column-5\">Enfermagem; Emerg\u00eancia; Queimadura.<\/td><td class=\"column-6\">2024<\/td><td class=\"column-7\"><a href=\"http:\/\/repositorio.faculdadedegoiana.com.br\/wp-content\/uploads\/2024\/12\/TCC-VITORIANA-KAREM.pdf\">BAIXAR<\/a><\/td>\n<\/tr>\n<tr class=\"row-131 odd\">\n\t<td class=\"column-1\">Representatividade feminina em cargos de lideran\u00e7a: estudo de caso em uma Empresa do Segmento Industrial localizada em Goiana - PE<\/td><td class=\"column-2\">Andreza Aguiar da Silva; Milka Talyta Ferreira da Silva<\/td><td class=\"column-3\">TCC - Artigo<\/td><td class=\"column-4\">Administra\u00e7\u00e3o<\/td><td class=\"column-5\">Desigualdade de g\u00eaneros; mercado de trabalho; Segmento industrial <br \/>\nlog\u00edstico.<\/td><td class=\"column-6\">2023<\/td><td class=\"column-7\"><a href=\"http:\/\/repositorio.faculdadedegoiana.com.br\/wp-content\/uploads\/2024\/03\/TCC-Repositorio-Andreza-e-Milka.pdf\">BAIXAR<\/a><\/td>\n<\/tr>\n<tr class=\"row-132 even\">\n\t<td class=\"column-1\">Reflexo da Administra\u00e7\u00e3o P\u00fablica Gerencial nas pr\u00e1ticas de treinamento da Prefeitura de Goiana-PE<\/td><td class=\"column-2\">Anthony Gon\u00e7alves Ramos <br \/>\nVerissimo; Ivilla Emille Bomfim da Silva<\/td><td class=\"column-3\">TCC - Artigo<\/td><td class=\"column-4\">Administra\u00e7\u00e3o<\/td><td class=\"column-5\">Administra\u00e7\u00e3o P\u00fablica Gerencial; Pol\u00edticas de treinamento; Efici\u00eancia p\u00fablica.<\/td><td class=\"column-6\">2023<\/td><td class=\"column-7\"><a href=\"http:\/\/repositorio.faculdadedegoiana.com.br\/wp-content\/uploads\/2024\/03\/TCC-Repositorio-Anthony-e-Ivilla.pdf\">BAIXAR<\/a><\/td>\n<\/tr>\n<tr class=\"row-133 odd\">\n\t<td class=\"column-1\">A efici\u00eancia da comunica\u00e7\u00e3o interna no ambiente escolar: estudo de caso em uma escola da rede particular de ensino<\/td><td class=\"column-2\">Arthur Vin\u00edcius <br \/>\nRibeiro da Silva; Jos\u00e9 Roberto Barbosa J\u00fanior<\/td><td class=\"column-3\">TCC - Artigo<\/td><td class=\"column-4\">Administra\u00e7\u00e3o<\/td><td class=\"column-5\">Comunica\u00e7\u00e3o empresarial; Gest\u00e3o escolar; Falhas de <br \/>\ncomunica\u00e7\u00e3o.<\/td><td class=\"column-6\">2023<\/td><td class=\"column-7\"><a href=\"http:\/\/repositorio.faculdadedegoiana.com.br\/wp-content\/uploads\/2024\/03\/TCC-Repositorio-Arthur-e-Jose-Roberto.pdf\">BAIXAR<\/a><\/td>\n<\/tr>\n<tr class=\"row-134 even\">\n\t<td class=\"column-1\">Proposta de otimiza\u00e7\u00e3o da comunica\u00e7\u00e3o interna em um com\u00e9rcio <br \/>\nvarejista de g\u00eaneros aliment\u00edcios<\/td><td class=\"column-2\">D\u00e9bora Ferreira da Cruz; Gildeon de <br \/>\nLucena Gomes<\/td><td class=\"column-3\">TCC - Artigo<\/td><td class=\"column-4\">Administra\u00e7\u00e3o<\/td><td class=\"column-5\">Aplicativo Whatsapp; Falhas de comunica\u00e7\u00e3o; Empresa <br \/>\nfamiliar.<\/td><td class=\"column-6\">2023<\/td><td class=\"column-7\"><a href=\"http:\/\/repositorio.faculdadedegoiana.com.br\/wp-content\/uploads\/2024\/03\/TCC-Repositorio-Debora-e-Gildeon.pdf\">BAIXAR<\/a><\/td>\n<\/tr>\n<tr class=\"row-135 odd\">\n\t<td class=\"column-1\">An\u00e1lise e otimiza\u00e7\u00e3o do fluxo reverso de embalagens de produtos em <br \/>\num processo log\u00edstico: estudo de caso na Ind\u00fastria Automotiva<\/td><td class=\"column-2\">Edmilson Lucindo da Silva; Jos\u00e9 Robson Soares Dias<\/td><td class=\"column-3\">TCC - Artigo<\/td><td class=\"column-4\">Administra\u00e7\u00e3o<\/td><td class=\"column-5\">Log\u00edstica reversa; Solu\u00e7\u00f5es estrat\u00e9gicas; Ind\u00fastria; Ferramentas de gest\u00e3o.<\/td><td class=\"column-6\">2023<\/td><td class=\"column-7\"><a href=\"http:\/\/repositorio.faculdadedegoiana.com.br\/wp-content\/uploads\/2024\/03\/TCC-Repositorio-Edmilson-e-Robson.pdf\">BAIXAR<\/a><\/td>\n<\/tr>\n<tr class=\"row-136 even\">\n\t<td class=\"column-1\">Trilhando o sucesso empresarial: estrat\u00e9gias para a formula\u00e7\u00e3o de um <br \/>\nplanejamento estrat\u00e9gico na empresa Felicit\u00e0 Gelatos Sorvetes LTDA<\/td><td class=\"column-2\">Edna Maria da Silva; Maria Mykaella Barbosa da Silva<\/td><td class=\"column-3\">TCC - Artigo<\/td><td class=\"column-4\">Administra\u00e7\u00e3o<\/td><td class=\"column-5\">Gest\u00e3o estrat\u00e9gica; Matriz SWOT; Planilha 5W2H.<\/td><td class=\"column-6\">2023<\/td><td class=\"column-7\"><a href=\"http:\/\/repositorio.faculdadedegoiana.com.br\/wp-content\/uploads\/2024\/03\/TCC-Repositorio-Edna-e-Mikaella.pdf\">BAIXAR<\/a><\/td>\n<\/tr>\n<tr class=\"row-137 odd\">\n\t<td class=\"column-1\">O uso de ferramentas de qualidade na otimiza\u00e7\u00e3o de processos em <br \/>\numa linha de montagem de produ\u00e7\u00e3o automotiva em Goiana - PE<\/td><td class=\"column-2\">Ednalda Silva de Deus; Sterfesson Alves Bernardo<\/td><td class=\"column-3\">TCC - Artigo<\/td><td class=\"column-4\">Administra\u00e7\u00e3o<\/td><td class=\"column-5\">Ferramentas da qualidade; N\u00e3o conformidade; Ind\u00fastria <br \/>\nautomotiva.<\/td><td class=\"column-6\">2023<\/td><td class=\"column-7\"><a href=\"http:\/\/repositorio.faculdadedegoiana.com.br\/wp-content\/uploads\/2024\/03\/TCC-Repositorio-Ednalda-e-Sterfesson.pdf\">BAIXAR<\/a><\/td>\n<\/tr>\n<tr class=\"row-138 even\">\n\t<td class=\"column-1\">Os benef\u00edcios da utiliza\u00e7\u00e3o de EPIs na preven\u00e7\u00e3o de acidentes em uma <br \/>\nlinha de produ\u00e7\u00e3o automotiva em Goiana - PE<\/td><td class=\"column-2\">Eliana da Rocha Souza; <br \/>\nJo\u00e3o Pedro Luiz da Silva<\/td><td class=\"column-3\">TCC - Artigo<\/td><td class=\"column-4\">Administra\u00e7\u00e3o<\/td><td class=\"column-5\">Seguran\u00e7a do trabalho; Normas regulamentadoras; Ind\u00fastria <br \/>\nautomotiva.<\/td><td class=\"column-6\">2023<\/td><td class=\"column-7\"><a href=\"http:\/\/repositorio.faculdadedegoiana.com.br\/wp-content\/uploads\/2024\/03\/TCC-Repositorio-Eliana-e-Joao.pdf\">BAIXAR<\/a><\/td>\n<\/tr>\n<tr class=\"row-139 odd\">\n\t<td class=\"column-1\">A influ\u00eancia das t\u00e9cnicas de vendas no comportamento de compra dos <br \/>\nconsumidores: estudo de caso em uma movelaria de Condado - PE<\/td><td class=\"column-2\">Emerson Gomes da Silva; Melissa B\u00e1rbara Faustino<\/td><td class=\"column-3\">TCC - Artigo<\/td><td class=\"column-4\">Administra\u00e7\u00e3o<\/td><td class=\"column-5\">For\u00e7a de vendas; Marketing direto; Setor moveleiro.<\/td><td class=\"column-6\">2023<\/td><td class=\"column-7\"><a href=\"http:\/\/repositorio.faculdadedegoiana.com.br\/wp-content\/uploads\/2024\/03\/TCC-Repositorio-Emerson-e-Melissa.pdf\">BAIXAR<\/a><\/td>\n<\/tr>\n<tr class=\"row-140 even\">\n\t<td class=\"column-1\">Aplica\u00e7\u00e3o da ferramenta kaizen para redu\u00e7\u00e3o de n\u00e3o conformidades na <br \/>\nfabrica\u00e7\u00e3o do papel reciclado<\/td><td class=\"column-2\">Jo\u00e3o Victor Leal Rodrigues Barbosa;<br \/>\nSidney Pontual do Nascimento<\/td><td class=\"column-3\">TCC - Artigo<\/td><td class=\"column-4\">Administra\u00e7\u00e3o<\/td><td class=\"column-5\">Kaizen; TPM; SMART; Umidade do papel; Fibras.<\/td><td class=\"column-6\">2023<\/td><td class=\"column-7\"><a href=\"http:\/\/repositorio.faculdadedegoiana.com.br\/wp-content\/uploads\/2024\/03\/TCC-Repositorio-Joao-e-Sidney.pdf\">BAIXAR<\/a><\/td>\n<\/tr>\n<tr class=\"row-141 odd\">\n\t<td class=\"column-1\">Otimiza\u00e7\u00e3o dos ciclos de limpeza t\u00e9cnica nas cabines de pintura automotiva em uma montadora multinacional<\/td><td class=\"column-2\">Jos\u00e9 Douglas de Andrade Batista<\/td><td class=\"column-3\">TCC - Artigo<\/td><td class=\"column-4\">Administra\u00e7\u00e3o<\/td><td class=\"column-5\">Sistema Toyota de Produ\u00e7\u00e3o; Melhoria cont\u00ednua; Manuten\u00e7\u00e3o; SMED.<\/td><td class=\"column-6\">2023<\/td><td class=\"column-7\"><a href=\"http:\/\/repositorio.faculdadedegoiana.com.br\/wp-content\/uploads\/2024\/05\/TCC-Repositorio-Jose-Douglas.pdf\">BAIXAR<\/a><\/td>\n<\/tr>\n<tr class=\"row-142 even\">\n\t<td class=\"column-1\">Os desafios da terceiriza\u00e7\u00e3o no setor automotivo: qualidade e <br \/>\nefici\u00eancia operacional<\/td><td class=\"column-2\">J\u00fanior Pereira dos Santos<\/td><td class=\"column-3\">TCC - Artigo<\/td><td class=\"column-4\">Administra\u00e7\u00e3o<\/td><td class=\"column-5\">Qualidade na Produ\u00e7\u00e3o; Servi\u00e7o terceirizado; Ind\u00fastrias<br \/>\nautomotivas. <\/td><td class=\"column-6\">2023<\/td><td class=\"column-7\"><a href=\"http:\/\/repositorio.faculdadedegoiana.com.br\/wp-content\/uploads\/2024\/03\/TCC-Repositorio-Junior.pdf\">BAIXAR<\/a><\/td>\n<\/tr>\n<tr class=\"row-143 odd\">\n\t<td class=\"column-1\">Treinamento operacional para gest\u00e3o de avarias: um estudo comparativo em ve\u00edculos de transporte do tipo cegonha<\/td><td class=\"column-2\">Ketyllen Silva <br \/>\nde Souza<\/td><td class=\"column-3\">TCC - Artigo<\/td><td class=\"column-4\">Administra\u00e7\u00e3o<\/td><td class=\"column-5\">Treinamento operacionais; Redu\u00e7\u00e3o de avarias; Estudo de caso; Impacto nos resultados.<\/td><td class=\"column-6\">2023<\/td><td class=\"column-7\"><a href=\"http:\/\/repositorio.faculdadedegoiana.com.br\/wp-content\/uploads\/2024\/01\/TCC-ADM-2023.2-Ketyllen-Souza-Repositorio.pdf\">BAIXAR<\/a><\/td>\n<\/tr>\n<tr class=\"row-144 even\">\n\t<td class=\"column-1\">Estrat\u00e9gias de redu\u00e7\u00e3o de custos de estoque para evitar obsolesc\u00eancia <br \/>\nde materiais na ind\u00fastria de embalagens de papel recicl\u00e1ve<\/td><td class=\"column-2\">Leonardo <br \/>\nJeronimo da Silva Junior; Marcelly Teresa da Silva Santos<\/td><td class=\"column-3\">TCC - Artigo<\/td><td class=\"column-4\">Administra\u00e7\u00e3o<\/td><td class=\"column-5\">Custos de estoques; Obsolesc\u00eancia; Gest\u00e3o de materiais; Lucratividade;  Curva ABC; Efici\u00eancia; Gest\u00e3o de materiais.<\/td><td class=\"column-6\">2023<\/td><td class=\"column-7\"><a href=\"http:\/\/repositorio.faculdadedegoiana.com.br\/wp-content\/uploads\/2024\/03\/TCC-Repositorio-Leonardo-e-Marcelly.pdf\">BAIXAR<\/a><\/td>\n<\/tr>\n<tr class=\"row-145 odd\">\n\t<td class=\"column-1\">Ergonomia no ambiente de trabalho: benef\u00edcios das medidas <br \/>\nergon\u00f4micas na sa\u00fade ps\u00edquica dos colaboradores em ambientes <br \/>\norganizacionais<\/td><td class=\"column-2\">Leticia Gomes da Silva; Suzane Karla Gomes de <br \/>\nOliveira<\/td><td class=\"column-3\">TCC - Artigo<\/td><td class=\"column-4\">Administra\u00e7\u00e3o<\/td><td class=\"column-5\">Ergonomia; Qualidade de vida; Normas regulamentadoras; Revis\u00e3o liter\u00e1ria. <\/td><td class=\"column-6\">2023<\/td><td class=\"column-7\"><a href=\"http:\/\/repositorio.faculdadedegoiana.com.br\/wp-content\/uploads\/2024\/03\/TCC-Repositorio-Leticia-e-Suzane.pdf\">BAIXAR<\/a><\/td>\n<\/tr>\n<tr class=\"row-146 even\">\n\t<td class=\"column-1\">Curva ABC e m\u00e9todo TOPSIS na gest\u00e3o estrat\u00e9gica de estoque: um <br \/>\nestudo no segmento t\u00eaxtil atacadista<\/td><td class=\"column-2\">Nataly Cristina da Silva; Oseas <br \/>\nVicente R\u00eago de Oliveira<\/td><td class=\"column-3\">TCC - Artigo<\/td><td class=\"column-4\">Administra\u00e7\u00e3o<\/td><td class=\"column-5\">Gest\u00e3o de estoques; Curva ABC; M\u00e9todo TOPSIS<\/td><td class=\"column-6\">2023<\/td><td class=\"column-7\"><a href=\"http:\/\/repositorio.faculdadedegoiana.com.br\/wp-content\/uploads\/2024\/03\/TCC-Repositorio-Nataly-e-Oseas.pdf\">BAIXAR<\/a><\/td>\n<\/tr>\n<tr class=\"row-147 odd\">\n\t<td class=\"column-1\">Benef\u00edcios do uso de florais de Bach como terapia complementar <br \/>\ndirecionado ao paciente oncol\u00f3gico<\/td><td class=\"column-2\">Adrianny Clarice Paiva de Andrade<br \/>\nSilva<\/td><td class=\"column-3\">TCC - Artigo<\/td><td class=\"column-4\">Enfermagem<\/td><td class=\"column-5\">Enfermagem;  Oncologia.  Terapia complementar; Ess\u00eancias<br \/>\nflorais.<\/td><td class=\"column-6\">2023<\/td><td class=\"column-7\"><a href=\"http:\/\/repositorio.faculdadedegoiana.com.br\/wp-content\/uploads\/2024\/03\/TCC-Repositorio-Adrianny.pdf\">BAIXAR<\/a><\/td>\n<\/tr>\n<tr class=\"row-148 even\">\n\t<td class=\"column-1\">Atua\u00e7\u00e3o do enfermeiro junto ao adolescente com pensamentos <br \/>\nsuicidas<\/td><td class=\"column-2\">Alexsandro Sebasti\u00e3o Dias de Ara\u00fajo<\/td><td class=\"column-3\">TCC - Artigo<\/td><td class=\"column-4\">Enfermagem<\/td><td class=\"column-5\">Enfermagem; Suic\u00eddio; Pscicologia; Adolescente.<\/td><td class=\"column-6\">2023<\/td><td class=\"column-7\"><a href=\"http:\/\/repositorio.faculdadedegoiana.com.br\/wp-content\/uploads\/2024\/06\/TCC-Alexsandro-repositorio.pdf\">BAIXAR<\/a><\/td>\n<\/tr>\n<tr class=\"row-149 odd\">\n\t<td class=\"column-1\">O uso do brinquedo terap\u00eautico como instrumento facilitador de rela\u00e7\u00e3o entre enfermeiro e a crian\u00e7a numa unidade Oncopedi\u00e1trica<\/td><td class=\"column-2\">Ana Cec\u00edlia Alves F\u00e9lix Pereira; Lidyane Fernanda Nunes da Silva<\/td><td class=\"column-3\">TCC - Artigo<\/td><td class=\"column-4\">Enfermagem<\/td><td class=\"column-5\">Cuidados de enfermagem; Brinquedo terap\u00eautico; C\u00e2ncer.<\/td><td class=\"column-6\">2023<\/td><td class=\"column-7\"><a href=\"http:\/\/repositorio.faculdadedegoiana.com.br\/wp-content\/uploads\/2024\/06\/TCC-LYDIANE-E-ANA-CECILIA-Repositorio.pdf\">BAIXAR<\/a><\/td>\n<\/tr>\n<tr class=\"row-150 even\">\n\t<td class=\"column-1\">Fatores associados a infec\u00e7\u00e3o latente por tuberculose em pessoas vivendo com HIV<\/td><td class=\"column-2\">Celina Emmanuelle Pereira de Santana<\/td><td class=\"column-3\">TCC - Artigo<\/td><td class=\"column-4\">Enfermagem<\/td><td class=\"column-5\"> HIV\/AIDS; Tuberculose;  Coinfec\u00e7\u00e3o TB-HIV; ILTB; Fatores Associados.<\/td><td class=\"column-6\">2023<\/td><td class=\"column-7\"><a href=\"http:\/\/repositorio.faculdadedegoiana.com.br\/wp-content\/uploads\/2025\/03\/TCC-CELINA-REPOSITORIO.pdf\">BAIXAR<\/a><\/td>\n<\/tr>\n<tr class=\"row-151 odd\">\n\t<td class=\"column-1\">As consequ\u00eancias da sobrecarga de trabalho do enfermeiro, na <br \/>\nqualidade da assist\u00eancia<\/td><td class=\"column-2\">Cesar Cosme do Nascimento; Emilia Regina de Souza Barreto Silva<\/td><td class=\"column-3\">TCC - Artigo<\/td><td class=\"column-4\">Enfermagem<\/td><td class=\"column-5\">Sobrecarga de trabalho; Enfermeiro; Assist\u00eancia.<\/td><td class=\"column-6\">2023<\/td><td class=\"column-7\"><a href=\"http:\/\/repositorio.faculdadedegoiana.com.br\/wp-content\/uploads\/2025\/05\/TCC-Cesar-e-Emilia-Repositorio.pdf\">BAIXAR<\/a><\/td>\n<\/tr>\n<tr class=\"row-152 even\">\n\t<td class=\"column-1\">Percep\u00e7\u00e3o das enfermeiras sobre seu processo de trabalho na assist\u00eancia ao pr\u00e9-natal de baixo risco<\/td><td class=\"column-2\">Claudia Roberta Tavares da <br \/>\nSilva; Luana Cec\u00edlia Braga de Carvalho<\/td><td class=\"column-3\">TCC - Artigo<\/td><td class=\"column-4\">Enfermagem<\/td><td class=\"column-5\">Enfermeiras; Pr\u00e9-natal; Gestante; Assist\u00eancia.<\/td><td class=\"column-6\">2023<\/td><td class=\"column-7\"><a href=\"http:\/\/repositorio.faculdadedegoiana.com.br\/wp-content\/uploads\/2024\/03\/TCC-Repositorio-Claudia-e-Luana.pdf\">BAIXAR<\/a><\/td>\n<\/tr>\n<tr class=\"row-153 odd\">\n\t<td class=\"column-1\">O impacto do descobrimento da crian\u00e7a com transtorno do espectro autista nas adapta\u00e7\u00f5es familiares<\/td><td class=\"column-2\">Clecia Maria Lemos Penha; Isabela <br \/>\nMaria da Silva de Santana<\/td><td class=\"column-3\">TCC - Artigo<\/td><td class=\"column-4\">Enfermagem<\/td><td class=\"column-5\">Rela\u00e7\u00f5es familiares; Enfermagem; Transtorno do espectro <br \/>\nautista.<\/td><td class=\"column-6\">2023<\/td><td class=\"column-7\"><a href=\"http:\/\/repositorio.faculdadedegoiana.com.br\/wp-content\/uploads\/2025\/04\/TCC-Clecia-e-Isabela-Repositorio.pdf\">BAIXAR<\/a><\/td>\n<\/tr>\n<tr class=\"row-154 even\">\n\t<td class=\"column-1\">Atua\u00e7\u00e3o do enfermeiro no atendimento pr\u00e9- hospitalar em pacientes vit\u00edmas de acidentes automobil\u00edsticos<\/td><td class=\"column-2\">Cristiano Gomes Melo; Jucedi <br \/>\nRafael da Silva<\/td><td class=\"column-3\">TCC - Artigo<\/td><td class=\"column-4\">Enfermagem<\/td><td class=\"column-5\">Atendimento Pr\u00e9-Hospitalar; Enfermagem; Acidente<br \/>\nAutomobil\u00edstico.<\/td><td class=\"column-6\">2023<\/td><td class=\"column-7\"><a href=\"http:\/\/repositorio.faculdadedegoiana.com.br\/wp-content\/uploads\/2025\/03\/TCC-Cristiano-e-Jucedi-Repositorio-1.pdf\">BAIXAR<\/a><\/td>\n<\/tr>\n<tr class=\"row-155 odd\">\n\t<td class=\"column-1\">Fatores de risco e preven\u00e7\u00e3o da diabetes em popula\u00e7\u00f5es idosas<\/td><td class=\"column-2\">Daiane Rafaelly Menezes Silva<\/td><td class=\"column-3\">TCC - Artigo<\/td><td class=\"column-4\">Enfermagem<\/td><td class=\"column-5\">Diabetes; Preval\u00eancia; Idoso; Educa\u00e7\u00e3o em sa\u00fade; Enfermagem.<\/td><td class=\"column-6\">2023<\/td><td class=\"column-7\"><a href=\"http:\/\/repositorio.faculdadedegoiana.com.br\/wp-content\/uploads\/2024\/03\/TCC-Repositorio-Dayane.pdf\">BAIXAR<\/a><\/td>\n<\/tr>\n<tr class=\"row-156 even\">\n\t<td class=\"column-1\">Papel do enfermeiro no enfrentamento da covid-19<\/td><td class=\"column-2\">Daiane Victor <br \/>\nPereira da Silva<\/td><td class=\"column-3\">TCC - Artigo<\/td><td class=\"column-4\">Enfermagem<\/td><td class=\"column-5\">Cuidados de enfermagem; COVID-19; Enfermeiro.<\/td><td class=\"column-6\">2023<\/td><td class=\"column-7\"><a href=\"http:\/\/repositorio.faculdadedegoiana.com.br\/wp-content\/uploads\/2025\/04\/TCC-Daiane-Victor-Repositorio-1.pdf\">BAIXAR<\/a><\/td>\n<\/tr>\n<tr class=\"row-157 odd\">\n\t<td class=\"column-1\">A\u00e7\u00f5es do enfermeiro em servi\u00e7o de urg\u00eancia e emerg\u00eancia com <br \/>\npaciente cr\u00edtico<\/td><td class=\"column-2\">Dami\u00e3o Marinho da Silva<\/td><td class=\"column-3\">TCC - Artigo<\/td><td class=\"column-4\">Enfermagem<\/td><td class=\"column-5\">Enfermeiro; Paciente cr\u00edtico; Servi\u00e7os de urg\u00eancia e <br \/>\nemerg\u00eancia.<\/td><td class=\"column-6\">2023<\/td><td class=\"column-7\"><a href=\"http:\/\/repositorio.faculdadedegoiana.com.br\/wp-content\/uploads\/2024\/03\/TCC-Repositorio-Damiao.pdf\">BAIXAR<\/a><\/td>\n<\/tr>\n<tr class=\"row-158 even\">\n\t<td class=\"column-1\">Enfermagem e a humaniza\u00e7\u00e3o no servi\u00e7o de urg\u00eancia e emerg\u00eancia<\/td><td class=\"column-2\">Denilson F\u00e1bio da Silva Santos<\/td><td class=\"column-3\">TCC - Artigo<\/td><td class=\"column-4\">Enfermagem<\/td><td class=\"column-5\">Urg\u00eancia; Emerg\u00eancia; Enfermagem; Humaniza\u00e7\u00e3o.<\/td><td class=\"column-6\">2023<\/td><td class=\"column-7\"><a href=\"http:\/\/repositorio.faculdadedegoiana.com.br\/wp-content\/uploads\/2024\/03\/TCC-Repositorio-Denilson.pdf\">BAIXAR<\/a><\/td>\n<\/tr>\n<tr class=\"row-159 odd\">\n\t<td class=\"column-1\">Percep\u00e7\u00e3o de cuidadores formais da sa\u00fade ao cuidado do paciente <br \/>\nportador de Alzheimer em Institui\u00e7\u00e3o de longa perman\u00eancia para <br \/>\nidosos<\/td><td class=\"column-2\">Ellen Thaiz Taurino Soares Alves<\/td><td class=\"column-3\">TCC - Artigo<\/td><td class=\"column-4\">Enfermagem<\/td><td class=\"column-5\">Envelhecimento; Doen\u00e7a de Alzheimer;  Institui\u00e7\u00e3o de longa <br \/>\nperman\u00eancia; Humaniza\u00e7\u00e3o.<\/td><td class=\"column-6\">2023<\/td><td class=\"column-7\"><a href=\"http:\/\/repositorio.faculdadedegoiana.com.br\/wp-content\/uploads\/2024\/01\/TCC-2023.2-ENF-ELLEN-TAURINO-REPOSITORIO.pdf\">BAIXAR<\/a><\/td>\n<\/tr>\n<tr class=\"row-160 even\">\n\t<td class=\"column-1\">A import\u00e2ncia da Golden Hour (hora de ouro) para o estimulo da amamenta\u00e7\u00e3o no rec\u00e9m-nascido<\/td><td class=\"column-2\">Emilia Carneiro de Souza Cavalcanti<\/td><td class=\"column-3\">TCC - Artigo<\/td><td class=\"column-4\">Enfermagem<\/td><td class=\"column-5\">Amamenta\u00e7\u00e3o; Nutri\u00e7\u00e3o; Rec\u00e9m-nascido; Golden Hour; Equipe Multiprofissional.<\/td><td class=\"column-6\">2023<\/td><td class=\"column-7\"><a href=\"http:\/\/repositorio.faculdadedegoiana.com.br\/wp-content\/uploads\/2024\/03\/TCC-Repositorio-Emilia.pdf\">BAIXAR<\/a><\/td>\n<\/tr>\n<tr class=\"row-161 odd\">\n\t<td class=\"column-1\">Atua\u00e7\u00e3o do enfermeiro na les\u00e3o em p\u00e9, de paciente com diabetes<\/td><td class=\"column-2\">F\u00e1tima Maria Fran\u00e7a Martins da Silva; Fernanda de Cassia Santana<\/td><td class=\"column-3\">TCC - Artigo<\/td><td class=\"column-4\">Enfermagem<\/td><td class=\"column-5\">Les\u00e3o por press\u00e3o; Enfermeiro; Diabetes.<\/td><td class=\"column-6\">2023<\/td><td class=\"column-7\"><a href=\"http:\/\/repositorio.faculdadedegoiana.com.br\/wp-content\/uploads\/2025\/04\/TCC-Fatima-e-Fernanda-Repositorio.pdf\">BAIXAR<\/a><\/td>\n<\/tr>\n<tr class=\"row-162 even\">\n\t<td class=\"column-1\">Impacto do alcoolismo no n\u00facleo familiar: um estudo de revis\u00e3o<\/td><td class=\"column-2\">Flavia Clementino da Silva; Maria da Concei\u00e7\u00e3o Neves Vicente<\/td><td class=\"column-3\">TCC - Artigo<\/td><td class=\"column-4\">Enfermagem<\/td><td class=\"column-5\">Alcoolismo; N\u00facleo da fam\u00edlia; Interven\u00e7\u00e3o.<\/td><td class=\"column-6\">2023<\/td><td class=\"column-7\"><a href=\"http:\/\/repositorio.faculdadedegoiana.com.br\/wp-content\/uploads\/2024\/03\/TCC-Repositorio-Flavia-e-Maria.pdf\">BAIXAR<\/a><\/td>\n<\/tr>\n<tr class=\"row-163 odd\">\n\t<td class=\"column-1\">O uso do Protocolo de Manchester como instrumento facilitador na <br \/>\nclassifica\u00e7\u00e3o de risco do enfermeiro triagista<\/td><td class=\"column-2\">Isabel Ferreira Martins <br \/>\nMarques; Naara Nery Rodrigues dos Santos<\/td><td class=\"column-3\">TCC - Artigo<\/td><td class=\"column-4\">Enfermagem<\/td><td class=\"column-5\">Protocolo Manchester; Urg\u00eancia e emerg\u00eancia; Enfermeiro.<\/td><td class=\"column-6\">2023<\/td><td class=\"column-7\"><a href=\"http:\/\/repositorio.faculdadedegoiana.com.br\/wp-content\/uploads\/2024\/06\/TCC-Isabel-e-Naara-Repositorio.pdf\">BAIXAR<\/a><\/td>\n<\/tr>\n<tr class=\"row-164 even\">\n\t<td class=\"column-1\">O enfermeiro frente \u00e0 viol\u00eancia obst\u00e9trica<\/td><td class=\"column-2\">Janice Ferreira de Fran\u00e7a<\/td><td class=\"column-3\">TCC - Artigo<\/td><td class=\"column-4\">Enfermagem<\/td><td class=\"column-5\">Gesta\u00e7\u00e3o; Viol\u00eancia obst\u00e9trica; Enfermeiro.<\/td><td class=\"column-6\">2023<\/td><td class=\"column-7\"><a href=\"http:\/\/repositorio.faculdadedegoiana.com.br\/wp-content\/uploads\/2024\/03\/TCC-Repositorio-Janice.pdf\">BAIXAR<\/a><\/td>\n<\/tr>\n<tr class=\"row-165 odd\">\n\t<td class=\"column-1\">Principais desafios da realiza\u00e7\u00e3o do hiperdia: uma percep\u00e7\u00e3o da <br \/>\nequipe multiprofissional<\/td><td class=\"column-2\">Josefa Maria da Silva; Willian Artur da Silva<\/td><td class=\"column-3\">TCC - Artigo<\/td><td class=\"column-4\">Enfermagem<\/td><td class=\"column-5\">Diabetes; Hipertens\u00e3o; Profissional da sa\u00fade.<\/td><td class=\"column-6\">2023<\/td><td class=\"column-7\"><a href=\"http:\/\/repositorio.faculdadedegoiana.com.br\/wp-content\/uploads\/2024\/01\/TCC-2023.2-Enfermagem-Josefa-e-Willian-Repositorio.pdf\">BAIXAR<\/a><\/td>\n<\/tr>\n<tr class=\"row-166 even\">\n\t<td class=\"column-1\">Dificuldades enfrentadas por m\u00e3es com crian\u00e7as com s\u00edndrome de <br \/>\ndown<\/td><td class=\"column-2\">Josiane Maria de Souza<\/td><td class=\"column-3\">TCC - Artigo<\/td><td class=\"column-4\">Enfermagem<\/td><td class=\"column-5\">S\u00edndrome de down; M\u00e3es; Estrat\u00e9gias de enfrentamento.<\/td><td class=\"column-6\">2023<\/td><td class=\"column-7\"><a href=\"http:\/\/repositorio.faculdadedegoiana.com.br\/wp-content\/uploads\/2024\/03\/TCC-Repositorio-Josiane.pdf\">BAIXAR<\/a><\/td>\n<\/tr>\n<tr class=\"row-167 odd\">\n\t<td class=\"column-1\">Transtornos de ansiedade entre profissionais da enfermagem em <br \/>\natendimento durante pandemia da covid-19<\/td><td class=\"column-2\">Larissa Carolina de Sousa <br \/>\nSilva<\/td><td class=\"column-3\">TCC - Artigo<\/td><td class=\"column-4\">Enfermagem<\/td><td class=\"column-5\">Covid-19; Profissionais da enfermagem; Enfermeiros; Transtornos de ansiedade.<\/td><td class=\"column-6\">2023<\/td><td class=\"column-7\"><a href=\"http:\/\/repositorio.faculdadedegoiana.com.br\/wp-content\/uploads\/2025\/04\/TCC-LARISSA-CAROLINA-Repositorio.pdf\">BAIXAR<\/a><\/td>\n<\/tr>\n<tr class=\"row-168 even\">\n\t<td class=\"column-1\">O papel do enfermeiro obstetra e da equipe de enfermagem no parto <br \/>\nhumanizado<\/td><td class=\"column-2\">Larissa Maria da Silva; Maria Jos\u00e9 de Souza Barbosa<\/td><td class=\"column-3\">TCC - Artigo<\/td><td class=\"column-4\">Enfermagem<\/td><td class=\"column-5\">Parto humanizado; Enfermagem obst\u00e9trica; Papel do profissional de enfermagem.<\/td><td class=\"column-6\">2023<\/td><td class=\"column-7\"><a href=\"http:\/\/repositorio.faculdadedegoiana.com.br\/wp-content\/uploads\/2024\/03\/TCC-Repositorio-Larissa-e-Maria.pdf\">BAIXAR<\/a><\/td>\n<\/tr>\n<tr class=\"row-169 odd\">\n\t<td class=\"column-1\">Import\u00e2ncia do enfermeiro no sucesso do aleitamento materno na <br \/>\naten\u00e7\u00e3o prim\u00e1ria<\/td><td class=\"column-2\">Layane Ribeiro de Souza<\/td><td class=\"column-3\">TCC - Artigo<\/td><td class=\"column-4\">Enfermagem<\/td><td class=\"column-5\">Aleitamento materno; Assist\u00eancia de enfermagem; Desmame<br \/>\nprecoce e enfermeiro.<\/td><td class=\"column-6\">2023<\/td><td class=\"column-7\"><a href=\"http:\/\/repositorio.faculdadedegoiana.com.br\/wp-content\/uploads\/2024\/03\/TCC-Repositorio-Layane.pdf\">BAIXAR<\/a><\/td>\n<\/tr>\n<tr class=\"row-170 even\">\n\t<td class=\"column-1\">Avalia\u00e7\u00e3o do conhecimento dos enfermeiros sobre a escala de Braden<\/td><td class=\"column-2\">Lidiane Lima dos Santos Silva<\/td><td class=\"column-3\">TCC - Artigo<\/td><td class=\"column-4\">Enfermagem<\/td><td class=\"column-5\">Enfermagem; Les\u00e3o por press\u00e3o; Cuidados de enfermagem.<\/td><td class=\"column-6\">2023<\/td><td class=\"column-7\"><a href=\"http:\/\/repositorio.faculdadedegoiana.com.br\/wp-content\/uploads\/2024\/03\/TCC-Repositorio-Lidiane.pdf\">BAIXAR<\/a><\/td>\n<\/tr>\n<tr class=\"row-171 odd\">\n\t<td class=\"column-1\">An\u00e1lise das a\u00e7\u00f5es dos profissionais de enfermagem no \u00e2mbito <br \/>\npsiqui\u00e1trico<\/td><td class=\"column-2\">Luzin\u00e1ria Maria Pereira<\/td><td class=\"column-3\">TCC - Artigo<\/td><td class=\"column-4\">Enfermagem<\/td><td class=\"column-5\">Enfermagem; A\u00e7\u00f5es do enfermeiro na psiquiatria; Sa\u00fade<br \/>\nmental.<\/td><td class=\"column-6\">2023<\/td><td class=\"column-7\"><a href=\"http:\/\/repositorio.faculdadedegoiana.com.br\/wp-content\/uploads\/2024\/03\/TCC-Repositorio-Luzinaria.pdf\">BAIXAR<\/a><\/td>\n<\/tr>\n<tr class=\"row-172 even\">\n\t<td class=\"column-1\">Atua\u00e7\u00e3o do Enfermeiro na parada cardiorrespirat\u00f3ria no suporte b\u00e1sico <br \/>\nde vida e avan\u00e7ado de vida<\/td><td class=\"column-2\">Magdiel Rodrigues dos Santos; Michelle <br \/>\nBelo de Abreu<\/td><td class=\"column-3\">TCC - Artigo<\/td><td class=\"column-4\">Enfermagem<\/td><td class=\"column-5\">Parada Cardiorrespirat\u00f3ria; Equipe de Enfermagem; <br \/>\nEmerg\u00eancia;  Educa\u00e7\u00e3o em Sa\u00fade.<\/td><td class=\"column-6\">2023<\/td><td class=\"column-7\"><a href=\"http:\/\/repositorio.faculdadedegoiana.com.br\/wp-content\/uploads\/2024\/01\/TCC-ENF-2023.2-MAGDIEL-E-MICHELLE-REPOSITORIO.pdf\">BAIXAR<\/a><\/td>\n<\/tr>\n<tr class=\"row-173 odd\">\n\t<td class=\"column-1\">A S\u00edndrome de Burnout nos enfermeiros no percurso da pandemia da <br \/>\nCovid-19<\/td><td class=\"column-2\">Maria de Fatima Felix de Lima Torres; Querenhapuque Oliveira de Lima<\/td><td class=\"column-3\">TCC - Artigo<\/td><td class=\"column-4\">Enfermagem<\/td><td class=\"column-5\"> Burnout; Pandemia; Covid-19.<\/td><td class=\"column-6\">2023<\/td><td class=\"column-7\"><a href=\"http:\/\/repositorio.faculdadedegoiana.com.br\/wp-content\/uploads\/2025\/05\/TCC-Queren-e-Maria-de-Fatima-Repositorio.pdf\">BAIXAR<\/a><\/td>\n<\/tr>\n<tr class=\"row-174 even\">\n\t<td class=\"column-1\">Trombofilia da gesta\u00e7\u00e3o: impactos psicossociais da trombofilia para a <br \/>\ngestante<\/td><td class=\"column-2\">Maria Imaculada de Moraes Menezes<\/td><td class=\"column-3\">TCC - Artigo<\/td><td class=\"column-4\">Enfermagem<\/td><td class=\"column-5\">Gesta\u00e7\u00e3o; Trombofilia; Transtornos; Problemas<br \/>\npsicossociais. <\/td><td class=\"column-6\">2023<\/td><td class=\"column-7\"><a href=\"http:\/\/repositorio.faculdadedegoiana.com.br\/wp-content\/uploads\/2024\/03\/TCC-Repositorio-Maria-Imaculada.pdf\">BAIXAR<\/a><\/td>\n<\/tr>\n<tr class=\"row-175 odd\">\n\t<td class=\"column-1\">Papel do enfermeiro na identifica\u00e7\u00e3o precoce do transtorno do <br \/>\nespectro autista na consulta de puericultura<\/td><td class=\"column-2\">Maria Carolina da Silva; Maria Nat\u00e1lya da Silva<\/td><td class=\"column-3\">TCC - Artigo<\/td><td class=\"column-4\">Enfermagem<\/td><td class=\"column-5\">Cuidados de enfermagem; Enfermagem; Transtorno do espectro autista; Crian\u00e7a.<\/td><td class=\"column-6\">2023<\/td><td class=\"column-7\"><a href=\"http:\/\/repositorio.faculdadedegoiana.com.br\/wp-content\/uploads\/2025\/05\/TCC-Maria-Natalya-e-Maria-Carolina-Repositorio.pdf\"> BAIXAR<\/a><\/td>\n<\/tr>\n<tr class=\"row-176 even\">\n\t<td class=\"column-1\">Assist\u00eancia de enfermagem a pacientes portadores de \u00falcera venosa<\/td><td class=\"column-2\">Monique Emannuelly de Sousa Gomes Carvalho<\/td><td class=\"column-3\">TCC - Artigo<\/td><td class=\"column-4\">Enfermagem<\/td><td class=\"column-5\">Tratamento; \u00dalcera venosa; Enfermagem.<\/td><td class=\"column-6\">2023<\/td><td class=\"column-7\"><a href=\"http:\/\/repositorio.faculdadedegoiana.com.br\/wp-content\/uploads\/2024\/06\/TCC-Monique-Repositorio.pdf\">BAIXAR><\/td>\n<\/tr>\n<tr class=\"row-177 odd\">\n\t<td class=\"column-1\">Concep\u00e7\u00e3o x soro diferen\u00e7a: dificuldades encontradas pelos casais <br \/>\nsoro diferentes que vivem com HIV\/Aids<\/td><td class=\"column-2\">Morgana Maria Gomes de <br \/>\nLima e Silva; Thaimenne Gadelha de Salles<\/td><td class=\"column-3\">TCC - Artigo<\/td><td class=\"column-4\">Enfermagem<\/td><td class=\"column-5\">Tratamento; Planejamento Familiar; Estigma.<\/td><td class=\"column-6\">2023<\/td><td class=\"column-7\"><a href=\"http:\/\/repositorio.faculdadedegoiana.com.br\/wp-content\/uploads\/2024\/03\/TCC-Repositorio-Morgana-e-Thaimenne.pdf\">BAIXAR<\/a><\/td>\n<\/tr>\n<tr class=\"row-178 even\">\n\t<td class=\"column-1\">A\u00e7\u00f5es do enfermeiro \u00e0 crian\u00e7a com paralisia cerebral<\/td><td class=\"column-2\">Morgana <br \/>\nRodrigues Machado<\/td><td class=\"column-3\">TCC - Artigo<\/td><td class=\"column-4\">Enfermagem<\/td><td class=\"column-5\">Paralisia cerebral; Enfermagem; Cuidados da enfermagem.<\/td><td class=\"column-6\">2023<\/td><td class=\"column-7\"><a href=\"http:\/\/repositorio.faculdadedegoiana.com.br\/wp-content\/uploads\/2024\/03\/TCC-Repositorio-Morgana.pdf\">BAIXAR<\/a><\/td>\n<\/tr>\n<tr class=\"row-179 odd\">\n\t<td class=\"column-1\">Atua\u00e7\u00e3o do enfermeiro na preven\u00e7\u00e3o do c\u00e2ncer de colo do \u00fatero na <br \/>\nunidade de sa\u00fade da fam\u00edlia: uma revis\u00e3o da literatura<\/td><td class=\"column-2\">Renata Ara\u00fajo<br \/>\nPaiva<\/td><td class=\"column-3\">TCC - Artigo<\/td><td class=\"column-4\">Enfermagem<\/td><td class=\"column-5\">C\u00e2ncer do colo do \u00fatero; Preven\u00e7\u00e3o; Enfermeiro<\/td><td class=\"column-6\">2023<\/td><td class=\"column-7\"><a href=\"http:\/\/repositorio.faculdadedegoiana.com.br\/wp-content\/uploads\/2024\/06\/TCC-Renata-Repositorio.pdf\">BAIXAR<\/a><\/td>\n<\/tr>\n<tr class=\"row-180 even\">\n\t<td class=\"column-1\">O papel do enfermeiro na sala de vacina: revis\u00e3o integrativa da<br \/>\nliteratura<\/td><td class=\"column-2\">Renata Niriam Sousa de Carvalho; Wedja Carla Gama da Silva<\/td><td class=\"column-3\">TCC - Artigo<\/td><td class=\"column-4\">Enfermagem<\/td><td class=\"column-5\">Enfermagem; Sala de vacina\u00e7\u00e3o; Papel do profissional;<br \/>\nAten\u00e7\u00e3o prim\u00e1ria em sa\u00fade.<\/td><td class=\"column-6\">2023<\/td><td class=\"column-7\"><a href=\"http:\/\/repositorio.faculdadedegoiana.com.br\/wp-content\/uploads\/2025\/05\/TCC-Renata-e-Wedja-Repositorio.pdf\">BAIXAR<\/a><\/td>\n<\/tr>\n<tr class=\"row-181 odd\">\n\t<td class=\"column-1\">Cuidados de enfermagem relacionados a les\u00e3o por press\u00e3o em <br \/>\npacientes acamados<\/td><td class=\"column-2\">Rhanna Crys Fideles da Silva<\/td><td class=\"column-3\">TCC - Artigo<\/td><td class=\"column-4\">Enfermagem<\/td><td class=\"column-5\">Pessoas acamadas; Les\u00e3o por press\u00e3o; Cuidados de <br \/>\nEnfermagem.<\/td><td class=\"column-6\">2023<\/td><td class=\"column-7\"><a href=\"http:\/\/repositorio.faculdadedegoiana.com.br\/wp-content\/uploads\/2024\/03\/Tcc-Repositorio-Rhanna.pdf\">BAIXAR<\/a><\/td>\n<\/tr>\n<tr class=\"row-182 even\">\n\t<td class=\"column-1\">Desafios vivenciados pelas equipes de enfermagem na assist\u00eancia a <br \/>\npacientes com covid-19 em unidades de terapia intensiva<\/td><td class=\"column-2\">Ros\u00e2ngela <br \/>\nQueiroz Ferreira<\/td><td class=\"column-3\">TCC - Artigo<\/td><td class=\"column-4\">Enfermagem<\/td><td class=\"column-5\">Enfermagem; Epidemia; Infec\u00e7\u00e3o por coronav\u00edrus; Unidade<br \/>\nde terapia intensiva. <\/td><td class=\"column-6\">2023<\/td><td class=\"column-7\"><a href=\"http:\/\/repositorio.faculdadedegoiana.com.br\/wp-content\/uploads\/2024\/03\/TCC-Repositorio-Rosangela.pdf\">BAIXAR<\/a><\/td>\n<\/tr>\n<tr class=\"row-183 odd\">\n\t<td class=\"column-1\">Percep\u00e7\u00e3o da equipe de enfermagem acerca dos desafios encontrados <br \/>\nna abordagem do SAMU aos pacientes em surto psiqui\u00e1trico<\/td><td class=\"column-2\">Rosemary <br \/>\nCaetano Ribeiro Silva Cavalcanti<\/td><td class=\"column-3\">TCC - Artigo<\/td><td class=\"column-4\">Enfermagem<\/td><td class=\"column-5\">SAMU; Enfermagem; Atua\u00e7\u00f5es;  Contribui\u00e7\u00f5es.<\/td><td class=\"column-6\">2023<\/td><td class=\"column-7\"><a href=\"http:\/\/repositorio.faculdadedegoiana.com.br\/wp-content\/uploads\/2025\/05\/TCC-Rosemary-Repositorio.pdf\">BAIXAR<\/a><\/td>\n<\/tr>\n<tr class=\"row-184 even\">\n\t<td class=\"column-1\">Clima organizacional no ambiente de trabalho: estudo de caso em uma <br \/>\nescola no munic\u00edpio de Goiana-PE<\/td><td class=\"column-2\">Amanda Mirele da Silva; J\u00e2ne Cleide Dantas da Silva<\/td><td class=\"column-3\">TCC - Artigo<\/td><td class=\"column-4\">Administra\u00e7\u00e3o<\/td><td class=\"column-5\">Clima coorporativo; Ambiente organizacional; Motiva\u00e7\u00e3o.<\/td><td class=\"column-6\">2022<\/td><td class=\"column-7\"><a href=\"http:\/\/repositorio.faculdadedegoiana.com.br\/wp-content\/uploads\/2023\/05\/TCC.-AMANDA.JANE-CLEIDE..pdf\">BAIXAR<\/a><\/td>\n<\/tr>\n<tr class=\"row-185 odd\">\n\t<td class=\"column-1\">Proposta de redu\u00e7\u00e3o das estadias de transporte em uma empresa do <br \/>\nsetor de celulose<\/td><td class=\"column-2\">Andr\u00e9 Batista de Melo J\u00fanior<\/td><td class=\"column-3\">TCC - Artigo<\/td><td class=\"column-4\">Administra\u00e7\u00e3o<\/td><td class=\"column-5\">Log\u00edstica; Transportes; Estadias.<\/td><td class=\"column-6\">2022<\/td><td class=\"column-7\"><a href=\"http:\/\/repositorio.faculdadedegoiana.com.br\/wp-content\/uploads\/2023\/05\/TCC.ANDRE_.BATISTA.ADM_.pdf\">BAIXAR<\/a><\/td>\n<\/tr>\n<tr class=\"row-186 even\">\n\t<td class=\"column-1\">Teoria dos Jogos e a Gest\u00e3o Estrat\u00e9gica Empresarial: An\u00e1lise da <br \/>\nViabilidade de um Novo Servi\u00e7o em uma Cl\u00ednica Terap\u00eautica na Cidade de <br \/>\nGoiana - PE<\/td><td class=\"column-2\">Bernadete Gadelha da Silva; Tatiana Maria Neves de Lira<\/td><td class=\"column-3\">TCC - Artigo<\/td><td class=\"column-4\">Administra\u00e7\u00e3o<\/td><td class=\"column-5\">Dilema dos Prisioneiros; Jogos Estrat\u00e9gicos; Servi\u00e7os Esportivos Terap\u00eauticos.<\/td><td class=\"column-6\">2022<\/td><td class=\"column-7\"><a href=\"http:\/\/repositorio.faculdadedegoiana.com.br\/wp-content\/uploads\/2023\/05\/TCC-TATIANA-LYRA-E-BERNADETE-POS-DEFESA-OK-28-03-2023.pdf\">BAIXAR<\/a><\/td>\n<\/tr>\n<tr class=\"row-187 odd\">\n\t<td class=\"column-1\">Contribui\u00e7\u00e3o da forma\u00e7\u00e3o de equipes multifuncionais na gera\u00e7\u00e3o de <br \/>\nresultados em fluxos cont\u00ednuos na produ\u00e7\u00e3o de bancos automotivos<\/td><td class=\"column-2\">Carolayne Alves Pereira da Silva; La\u00eds Ferreira do Monte<\/td><td class=\"column-3\">TCC - Artigo<\/td><td class=\"column-4\">Administra\u00e7\u00e3o<\/td><td class=\"column-5\">Equipe; Produ\u00e7\u00e3o; Multifuncionalidade.<\/td><td class=\"column-6\">2022<\/td><td class=\"column-7\"><a href=\"http:\/\/repositorio.faculdadedegoiana.com.br\/wp-content\/uploads\/2023\/05\/TCC.-CAROLAYNE.-LAIS-F.-1-4.pdf\">BAIXAR<\/a><\/td>\n<\/tr>\n<tr class=\"row-188 even\">\n\t<td class=\"column-1\">A Utiliza\u00e7\u00e3o das Informa\u00e7\u00f5es Cont\u00e1beis como Instrumento de Gest\u00e3o <br \/>\nem MPE\u2019s - Percep\u00e7\u00e3o dos Contadores e dos Usu\u00e1rios das Informa\u00e7\u00f5es<\/td><td class=\"column-2\">C\u00e1tia Maria da Cruz; Janileide Maria Dornelas<\/td><td class=\"column-3\">TCC - Artigo<\/td><td class=\"column-4\">Administra\u00e7\u00e3o<\/td><td class=\"column-5\"> Contabilidade; Gest\u00e3o Cont\u00e1bil; Micro e Pequenas Empresas.<\/td><td class=\"column-6\">2022<\/td><td class=\"column-7\"><a href=\"http:\/\/repositorio.faculdadedegoiana.com.br\/wp-content\/uploads\/2023\/05\/TCC-Catia-e-Janileide-com-ficha-catalografica.pdf\">BAIXAR<\/a><\/td>\n<\/tr>\n<tr class=\"row-189 odd\">\n\t<td class=\"column-1\">An\u00e1lise da Empregabilidade dos Estudantes do Curso de Administra\u00e7\u00e3o da <br \/>\nFaculdade de Goiana - FAG<\/td><td class=\"column-2\">Cheyenne Ryanne da Silva Neves; Kennia Lais da Silva Neves<\/td><td class=\"column-3\">TCC - Artigo<\/td><td class=\"column-4\">Administra\u00e7\u00e3o<\/td><td class=\"column-5\">Emprego; Mercado de trabalho; Ensino Superior; Curso de Administra\u00e7\u00e3o.<\/td><td class=\"column-6\">2022<\/td><td class=\"column-7\"><a href=\"http:\/\/repositorio.faculdadedegoiana.com.br\/wp-content\/uploads\/2023\/05\/TCC-CHAYENNE-E-KENNIA-POS-DEFESA-CORRIGIDO-1.pdf\">BAIXAR<\/a><\/td>\n<\/tr>\n<tr class=\"row-190 even\">\n\t<td class=\"column-1\">Empoderamento feminino: mulheres em cargo de lideran\u00e7a numa <br \/>\nind\u00fastria automotiva no munic\u00edpio de Goiana-PE<\/td><td class=\"column-2\">D\u00e9bora Luis da Silva; Nat\u00e1lia Maria de Assis<\/td><td class=\"column-3\">TCC - Artigo<\/td><td class=\"column-4\">Administra\u00e7\u00e3o<\/td><td class=\"column-5\">Empoderamento; Lideran\u00e7a; Mulher.<\/td><td class=\"column-6\">2022<\/td><td class=\"column-7\"><a href=\"http:\/\/repositorio.faculdadedegoiana.com.br\/wp-content\/uploads\/2023\/05\/TCC.DEBORA-LUIS-E-NATALIA-ASSIS.pdf\">BAIXAR<\/a><\/td>\n<\/tr>\n<tr class=\"row-191 odd\">\n\t<td class=\"column-1\">A Influ\u00eancia da Lideran\u00e7a sobre a Produtividade e a Sa\u00fade Emocional dos <br \/>\nColaboradores de uma Ind\u00fastria de Confec\u00e7\u00e3o de Fardamentos<\/td><td class=\"column-2\">Eduarda Gabriela de Souza; Leonila Ferreira Barbosa<\/td><td class=\"column-3\">TCC - Artigo<\/td><td class=\"column-4\">Administra\u00e7\u00e3o<\/td><td class=\"column-5\">Gest\u00e3o Organizacional; Estilos de Lideran\u00e7a; Empresa de Fardamento.<\/td><td class=\"column-6\">2022<\/td><td class=\"column-7\"><a href=\"http:\/\/repositorio.faculdadedegoiana.com.br\/wp-content\/uploads\/2023\/05\/TCC-LEONILA-E-EDUARDA-POS-DEFESA-CORRIGIDO..pdf\">BAIXAR<\/a><\/td>\n<\/tr>\n<tr class=\"row-192 even\">\n\t<td class=\"column-1\">Avalia\u00e7\u00e3o da qualidade em servi\u00e7os de uma cl\u00ednica terap\u00eautica: um estudo de caso utilizando o modelo ServQual<\/td><td class=\"column-2\">Em\u00edlia Maria da Concei\u00e7\u00e3o Costa da Silva Neta<\/td><td class=\"column-3\">TCC - Artigo<\/td><td class=\"column-4\">Administra\u00e7\u00e3o<\/td><td class=\"column-5\">Quality; Services; ServQual.<\/td><td class=\"column-6\">2022<\/td><td class=\"column-7\"><a href=\"http:\/\/repositorio.faculdadedegoiana.com.br\/wp-content\/uploads\/2023\/05\/TCC-de-Emilia-corrigido.pdf\">BAIXAR<\/a><\/td>\n<\/tr>\n<tr class=\"row-193 odd\">\n\t<td class=\"column-1\">A import\u00e2ncia da qualidade como medida de desempenho na produ\u00e7\u00e3o <br \/>\nde bancos automotivos: o uso da ferramenta Poka Yoke<\/td><td class=\"column-2\">Everson Francisco de Barros<\/td><td class=\"column-3\">TCC - Artigo<\/td><td class=\"column-4\">Administra\u00e7\u00e3o<\/td><td class=\"column-5\">Qualidade; Poka Yoke; Automotivo.<\/td><td class=\"column-6\">2022<\/td><td class=\"column-7\"><a href=\"http:\/\/repositorio.faculdadedegoiana.com.br\/wp-content\/uploads\/2023\/05\/TCC-Everson-com-ficha-catalografica.pdf\">BAIXAR<\/a><\/td>\n<\/tr>\n<tr class=\"row-194 even\">\n\t<td class=\"column-1\">Controle de estoque: estudo do layout de uma empresa do setor de papel e celulose<br \/>\n<\/td><td class=\"column-2\">Geraldo Martins da Silva; Lenilton Batista Pereira<\/td><td class=\"column-3\">TCC - Artigo<\/td><td class=\"column-4\">Administra\u00e7\u00e3o<\/td><td class=\"column-5\">Log\u00edstica; Controle; Estoque; Layout.<\/td><td class=\"column-6\">2022<\/td><td class=\"column-7\"><a href=\"http:\/\/repositorio.faculdadedegoiana.com.br\/wp-content\/uploads\/2023\/05\/TCC-LENILTON-E-GERALDO.pdf\">BAIXAR<\/a><\/td>\n<\/tr>\n<tr class=\"row-195 odd\">\n\t<td class=\"column-1\">Os Efeitos da Pandemia de Covid-19 no Atendimento ao Cliente: Estudo <br \/>\nde Caso na Empresa Isal Servi\u00e7os &amp; Enlonamento de Cargas Ltda<\/td><td class=\"column-2\">Giselle Lira dos Santos<\/td><td class=\"column-3\">TCC - Artigo<\/td><td class=\"column-4\">Administra\u00e7\u00e3o<\/td><td class=\"column-5\">Prestadora de Servi\u00e7os; Qualidade no Atendimento; Estrat\u00e9gias Emergentes.<\/td><td class=\"column-6\">2022<\/td><td class=\"column-7\"><a href=\"http:\/\/repositorio.faculdadedegoiana.com.br\/wp-content\/uploads\/2023\/05\/TCC-GISELLE-POS-DEFESA-CORRIGIDO...4.pdf\">BAIXAR<\/a><\/td>\n<\/tr>\n<tr class=\"row-196 even\">\n\t<td class=\"column-1\">A influ\u00eancia do marketing digital no comportamento do consumidor: <br \/>\nestudo de caso em uma empresa do segmento \u00f3ptico em Goiana - PE<\/td><td class=\"column-2\">Gracilene Rodrigues Pereira; Maria Eduarda de Almeida Neves<\/td><td class=\"column-3\">TCC - Artigo<\/td><td class=\"column-4\">Administra\u00e7\u00e3o<\/td><td class=\"column-5\">Evolu\u00e7\u00e3o do marketing digital; Comportamento do consumidor; Decis\u00e3o de compra.<\/td><td class=\"column-6\">2022<\/td><td class=\"column-7\"><a href=\"http:\/\/repositorio.faculdadedegoiana.com.br\/wp-content\/uploads\/2023\/05\/TCC-Maria-Eduarda-e-Gracilene-com-ficha-catalografica.pdf\">BAIXAR<\/a><\/td>\n<\/tr>\n<tr class=\"row-197 odd\">\n\t<td class=\"column-1\">A Utiliza\u00e7\u00e3o das Ferramentas de Marketing Digital na Experi\u00eancia de <br \/>\nCompra do Cliente: Estudo de caso na Papelaria Perfil Gr\u00e1fica R\u00e1pida<\/td><td class=\"column-2\">Iolanda Josially de Ara\u00fajo Souza; Wellington C\u00e9sar Marinho de Santana<\/td><td class=\"column-3\">TCC - Artigo<\/td><td class=\"column-4\">Administra\u00e7\u00e3o<\/td><td class=\"column-5\">M\u00eddias Sociais; Marketing de Relacionamento; Papelaria Personalizada.<\/td><td class=\"column-6\">2022<\/td><td class=\"column-7\"><a href=\"http:\/\/repositorio.faculdadedegoiana.com.br\/wp-content\/uploads\/2023\/05\/TCC-Iolanda-e-Wellington.pdf\">BAIXAR<\/a><\/td>\n<\/tr>\n<tr class=\"row-198 even\">\n\t<td class=\"column-1\">A Influ\u00eancia da Lideran\u00e7a na Produtividade de uma Equipe: Estudo <br \/>\nde Caso em uma Empresa do Setor Automotivo<\/td><td class=\"column-2\">Isla Karla Souza Rocha<\/td><td class=\"column-3\">TCC - Artigo<\/td><td class=\"column-4\">Administra\u00e7\u00e3o<\/td><td class=\"column-5\">Estilos de Lideran\u00e7a; Produtividade do Trabalho; Ind\u00fastria <br \/>\nAutomotiva.<\/td><td class=\"column-6\">2022<\/td><td class=\"column-7\"><a href=\"http:\/\/repositorio.faculdadedegoiana.com.br\/wp-content\/uploads\/2023\/05\/TCC-ISLA-KARLA.pdf\">BAIXAR<\/a><\/td>\n<\/tr>\n<tr class=\"row-199 odd\">\n\t<td class=\"column-1\">O Fen\u00f4meno das Fake News: Os Impactos de sua Dissemina\u00e7\u00e3o e as <br \/>\nEstrat\u00e9gias de Combate sobre os Indiv\u00edduos e as Organiza\u00e7\u00f5es<\/td><td class=\"column-2\">Lays Regina da Silva Barbosa; Yuri Thiago Silva de Oliveira<\/td><td class=\"column-3\">TCC - Artigo<\/td><td class=\"column-4\">Administra\u00e7\u00e3o<\/td><td class=\"column-5\">Not\u00edcias falsas; Dissemina\u00e7\u00e3o; Estrat\u00e9gias; Indiv\u00edduos e Organiza\u00e7\u00e3o.<\/td><td class=\"column-6\">2022<\/td><td class=\"column-7\"><a href=\"http:\/\/repositorio.faculdadedegoiana.com.br\/wp-content\/uploads\/2023\/05\/TCC-YURI-E-LAIS-REGINA-FINALIZADO-PARA-DEFESA-TRADUZIDO-OK-1.pdf\">BAIXAR<\/a><\/td>\n<\/tr>\n<tr class=\"row-200 even\">\n\t<td class=\"column-1\">Empreendedorismo feminino: Motiva\u00e7\u00f5es e desafios enfrentados por <br \/>\nempreendedoras no munic\u00edpio de Goiana - PE<\/td><td class=\"column-2\">Let\u00edcia Maria de Ara\u00fajo Severo; Raiany Santos do Nascimento<\/td><td class=\"column-3\">TCC - Artigo<\/td><td class=\"column-4\">Administra\u00e7\u00e3o<\/td><td class=\"column-5\">Empreendedorismo; Mulheres; Motiva\u00e7\u00f5es; Desafios.<\/td><td class=\"column-6\">2022<\/td><td class=\"column-7\"><a href=\"http:\/\/repositorio.faculdadedegoiana.com.br\/wp-content\/uploads\/2023\/05\/tcc-leticia.pdf\">BAIXAR<\/a><\/td>\n<\/tr>\n<tr class=\"row-201 odd\">\n\t<td class=\"column-1\">Recrutamento e Sele\u00e7\u00e3o no Contexto Pand\u00eamico da Covid-19: Estudo <br \/>\nde Caso em uma Consultoria de Recursos Humanos<\/td><td class=\"column-2\">Luana Carla de Oliveira Burgos; Maria Eduarda de Oliveira<\/td><td class=\"column-3\">TCC - Artigo<\/td><td class=\"column-4\">Administra\u00e7\u00e3o<\/td><td class=\"column-5\">Gest\u00e3o de Pessoas; Tecnologia e Processos de Sele\u00e7\u00e3o; Distanciamento <br \/>\nSocial.<\/td><td class=\"column-6\">2022<\/td><td class=\"column-7\"><a href=\"http:\/\/repositorio.faculdadedegoiana.com.br\/wp-content\/uploads\/2023\/05\/TCC-LUANA-E-MARIA-EDUARDA-POS-DEFESA-CORRIGIDO..pdf\">BAIXAR<\/a><\/td>\n<\/tr>\n<tr class=\"row-202 even\">\n\t<td class=\"column-1\">A Influ\u00eancia do Controle de Estoque na Gest\u00e3o Eficaz de Compras: <br \/>\nEstudo de Caso em uma Agroind\u00fastria do Segmento Sucroalcooleiro<\/td><td class=\"column-2\">Marcely Santiago da Silva; Rivaldo Ramos da Silva<\/td><td class=\"column-3\">TCC - Artigo<\/td><td class=\"column-4\">Administra\u00e7\u00e3o<\/td><td class=\"column-5\">Gest\u00e3o de Compras; Programa ERP; Setor Agroindustrial.<\/td><td class=\"column-6\">2022<\/td><td class=\"column-7\"><a href=\"http:\/\/repositorio.faculdadedegoiana.com.br\/wp-content\/uploads\/2023\/05\/TCC-RIVALDO-E-MARCELY-POS-DEFESA-CORRIGIDO.pdf\">BAIXAR<\/a><\/td>\n<\/tr>\n<tr class=\"row-203 odd\">\n\t<td class=\"column-1\">Gest\u00e3o de Terceiros: Avalia\u00e7\u00e3o das Pr\u00e1ticas de Terceiriza\u00e7\u00e3o em uma <br \/>\nInd\u00fastria do Segmento de Papel e Celulose<\/td><td class=\"column-2\">Mikaele Mayara de Souza Rufino Gon\u00e7alves<\/td><td class=\"column-3\">TCC - Artigo<\/td><td class=\"column-4\">Administra\u00e7\u00e3o<\/td><td class=\"column-5\">Servi\u00e7os Terceirizados; Parceria Estrat\u00e9gica; Ind\u00fastria de Embalagens e Reciclados.<\/td><td class=\"column-6\">2022<\/td><td class=\"column-7\"><a href=\"http:\/\/repositorio.faculdadedegoiana.com.br\/wp-content\/uploads\/2023\/05\/TCC-MIKAELE-POS-DEFESA-CORRIGIDO..pdf\">BAIXAR<\/a><\/td>\n<\/tr>\n<tr class=\"row-204 even\">\n\t<td class=\"column-1\">O Comportamento do Consumidor no Processo de Concretiza\u00e7\u00e3o da<br \/>\nVenda: Estudo de Caso em uma Empresa de Confec\u00e7\u00e3o<\/td><td class=\"column-2\">M\u00f4nica Cristina Vicente Barbosa<\/td><td class=\"column-3\">TCC - Artigo<\/td><td class=\"column-4\">Administra\u00e7\u00e3o<\/td><td class=\"column-5\">Comportamento do Consumidor; Concretiza\u00e7\u00e3o de Vendas; Empresa de Confec\u00e7\u00e3o.<\/td><td class=\"column-6\">2022<\/td><td class=\"column-7\"><a href=\"http:\/\/repositorio.faculdadedegoiana.com.br\/wp-content\/uploads\/2023\/05\/TCC-MONICA-POS-DEFESA-CORRIGIDO..pdf\">BAIXAR<\/a><\/td>\n<\/tr>\n<tr class=\"row-205 odd\">\n\t<td class=\"column-1\">A Percep\u00e7\u00e3o dos Clientes em Rela\u00e7\u00e3o aos Servi\u00e7os Prestados por uma <br \/>\nFuner\u00e1ria Localizada no Munic\u00edpio de Goiana - PE<\/td><td class=\"column-2\">Oda\u00edsa Rodrigues da Silva<\/td><td class=\"column-3\">TCC - Artigo<\/td><td class=\"column-4\">Administra\u00e7\u00e3o<\/td><td class=\"column-5\">Qualidade em Servi\u00e7os; M\u00e9todo NPS; Plano de Assist\u00eancia Funeral.<\/td><td class=\"column-6\">2022<\/td><td class=\"column-7\"><a href=\"http:\/\/repositorio.faculdadedegoiana.com.br\/wp-content\/uploads\/2023\/05\/TCC-ODAISA-POS-DEFESA.pdf\">BAIXAR<\/a><\/td>\n<\/tr>\n<tr class=\"row-206 even\">\n\t<td class=\"column-1\">A import\u00e2ncia do planejamento financeiro: estudo de caso em uma <br \/>\nempresa do segmento de limpeza e EPI em Goiana - PE<\/td><td class=\"column-2\">Talita Maria Barbosa Alves<\/td><td class=\"column-3\">TCC - Artigo<\/td><td class=\"column-4\">Administra\u00e7\u00e3o<\/td><td class=\"column-5\">Planejamento financeiro; Controle financeiro; Finan\u00e7as.<\/td><td class=\"column-6\">2022<\/td><td class=\"column-7\"><a href=\"http:\/\/repositorio.faculdadedegoiana.com.br\/wp-content\/uploads\/2023\/05\/TCC-TALITA-MARIA..pdf\">BAIXAR<\/a><\/td>\n<\/tr>\n<tr class=\"row-207 odd\">\n\t<td class=\"column-1\">Resumos Expandidos Jornada Cient\u00edfica<br \/>\n2022 - FAG<\/td><td class=\"column-2\">H\u00e9lio Oliveira dos Santos Rodrigues; Jordana Kelly Belarmino da Silva (orgs.)<\/td><td class=\"column-3\">Resumos Expandidos<\/td><td class=\"column-4\">FAG<\/td><td class=\"column-5\">Resumos Expandidos<\/td><td class=\"column-6\">2022<\/td><td class=\"column-7\"><a href=\"http:\/\/repositorio.faculdadedegoiana.com.br\/wp-content\/uploads\/2024\/06\/RESUMOS-EXPANDIDOS-2022.pdf\">BAIXAR<\/a><\/td>\n<\/tr>\n<tr class=\"row-208 even\">\n\t<td class=\"column-1\">A enfermagem frente \u00e0 covid-19 na unidade de terapia intensiva: perfil cl\u00ednico dos pacientes e <br \/>\natua\u00e7\u00e3o da equipe<\/td><td class=\"column-2\">Creudiane Azevedo de M\u00e9lo<\/td><td class=\"column-3\">TCC - Artigo<\/td><td class=\"column-4\">PGUEUTI<\/td><td class=\"column-5\">Enfermagem; COVID; UTI.<\/td><td class=\"column-6\">2022<br \/>\n<\/td><td class=\"column-7\"><a href=\"http:\/\/repositorio.faculdadedegoiana.com.br\/wp-content\/uploads\/2022\/06\/TCC-UTI-Creudiane-Azevedo-de-Melo.pdf\">BAIXAR<\/a><\/td>\n<\/tr>\n<tr class=\"row-209 odd\">\n\t<td class=\"column-1\">A atua\u00e7\u00e3o do enfermeiro na ventila\u00e7\u00e3o mec\u00e2nica <br \/>\ninvasiva<\/td><td class=\"column-2\">Maria Aline Sim\u00f5es Bento<\/td><td class=\"column-3\">TCC - Artigo<\/td><td class=\"column-4\">PGUEUTI<\/td><td class=\"column-5\"> Intuba\u00e7\u00e3o. Terapia intensiva. Respira\u00e7\u00e3o artificial. Alta complexidade. <\/td><td class=\"column-6\">2022<\/td><td class=\"column-7\"><a href=\"http:\/\/repositorio.faculdadedegoiana.com.br\/wp-content\/uploads\/2023\/01\/MARIA-ALINE-SIMO\u0303ES-BENTO-UTI.pdf\">BAIXAR<\/a><\/td>\n<\/tr>\n<tr class=\"row-210 even\">\n\t<td class=\"column-1\">Atua\u00e7\u00e3o da enfermagem a pacientes sequelados em acidente vascular encef\u00e1lico<\/td><td class=\"column-2\">Maria Aline Sim\u00f5es Bento<\/td><td class=\"column-3\">TCC - Artigo<\/td><td class=\"column-4\">PGUEUTI<\/td><td class=\"column-5\">Acidente Vascular Encef\u00e1lico; Cuidados de enfermagem; Paciente.<\/td><td class=\"column-6\">2022<\/td><td class=\"column-7\"><a href=\"http:\/\/repositorio.faculdadedegoiana.com.br\/wp-content\/uploads\/2023\/01\/MARIA-ALINE-SIMO\u0303ES-BENTO-URGENCIA-EMERGENCIA.pdf\">BAIXAR<\/a><\/td>\n<\/tr>\n<tr class=\"row-211 odd\">\n\t<td class=\"column-1\">Cuidados de enfermagem ao paciente acometido por parada cardiorespirat\u00f3ria<\/td><td class=\"column-2\">R\u00f4mulo Oliveira da Silva<\/td><td class=\"column-3\">TCC - Artigo<\/td><td class=\"column-4\">PGUEUTI<\/td><td class=\"column-5\">Interven\u00e7\u00f5es de Enfermagem. Parada Card\u00edaca. Ressuscita\u00e7\u00e3o <br \/>\nCardiorrespirat\u00f3ria.<\/td><td class=\"column-6\">2022<\/td><td class=\"column-7\"><a href=\"http:\/\/repositorio.faculdadedegoiana.com.br\/wp-content\/uploads\/2023\/01\/ROMULO-OLIVEIRA-DA-SILVA-URGENCIA-EMERGENCIA.pdf\">BAIXAR<\/a><\/td>\n<\/tr>\n<tr class=\"row-212 even\">\n\t<td class=\"column-1\">Dificuldades na efetiva\u00e7\u00e3o da humaniza\u00e7\u00e3o na UTI: uma revis\u00e3o integrativa<\/td><td class=\"column-2\">G\u00e9sia Marilaid Hon\u00f3rio Trajano<\/td><td class=\"column-3\">TCC - Artigo<\/td><td class=\"column-4\">PGUEUTI<\/td><td class=\"column-5\">Humaniza\u00e7\u00e3o, Enfermagem, Unidade de Terapia Intensiva (UTI)<\/td><td class=\"column-6\">2022<\/td><td class=\"column-7\"><a href=\"http:\/\/repositorio.faculdadedegoiana.com.br\/wp-content\/uploads\/2023\/01\/humanizacao_Gesia.pdf\">BAIXAR<\/a><\/td>\n<\/tr>\n<tr class=\"row-213 odd\">\n\t<td class=\"column-1\">Caracteriza\u00e7\u00e3o dos \u00f3bitos por ocorr\u00eancia envolvendo <br \/>\nmotociclistas no estado da Para\u00edba entre os anos de 2016 \u2013 2019<\/td><td class=\"column-2\">G\u00e9sia Marilaid Hon\u00f3rio Trajano<\/td><td class=\"column-3\">TCC - Artigo<\/td><td class=\"column-4\">PGUEUTI<\/td><td class=\"column-5\">\u00d3bitos; Acidentes de tr\u00e2nsito; Motociclistas.<\/td><td class=\"column-6\">2022<\/td><td class=\"column-7\"><a href=\"http:\/\/repositorio.faculdadedegoiana.com.br\/wp-content\/uploads\/2023\/01\/perfil_acidentes_transito_gesia.pdf\">BAIXAR<\/a><\/td>\n<\/tr>\n<tr class=\"row-214 even\">\n\t<td class=\"column-1\">Acidentes de tr\u00e2nsito no estado da Para\u00edba: uma revis\u00e3o <br \/>\nintegrativa da literatura<\/td><td class=\"column-2\">Jos\u00e9 Sim\u00e3o Trajano do Nascimento<\/td><td class=\"column-3\">TCC - Artigo<\/td><td class=\"column-4\">PGUEUTI<\/td><td class=\"column-5\"> Acidente; tr\u00e2nsito; revis\u00e3o integrativa.<\/td><td class=\"column-6\">2022<\/td><td class=\"column-7\"><a href=\"http:\/\/repositorio.faculdadedegoiana.com.br\/wp-content\/uploads\/2023\/01\/Artigo2_Simao.pdf\">BAIXAR<\/a><\/td>\n<\/tr>\n<tr class=\"row-215 odd\">\n\t<td class=\"column-1\">Interven\u00e7\u00e3o de enfermagem frente ao paciente <br \/>\nacometido com infarto agudo do mioc\u00e1rdio<\/td><td class=\"column-2\">Missilene Esp\u00edndula dos Santos<\/td><td class=\"column-3\">TCC - Artigo<\/td><td class=\"column-4\">PGUEUTI<\/td><td class=\"column-5\">Enfermeiro; Assist\u00eancia; Preven\u00e7\u00e3o; Infarto.<\/td><td class=\"column-6\">2022<\/td><td class=\"column-7\"><a href=\"http:\/\/repositorio.faculdadedegoiana.com.br\/wp-content\/uploads\/2023\/01\/MISSILENE-ESPI\u0301NDULA-DOS-SANTOS-URGENCIA-EMERGENCIA.pdf\">BAIXAR<\/a><\/td>\n<\/tr>\n<tr class=\"row-216 even\">\n\t<td class=\"column-1\">Atua\u00e7\u00e3o do enfermeiro acerca da SEPSE na unidade de <br \/>\nterapia intensiva<\/td><td class=\"column-2\">Missilene Esp\u00edndula dos Santos<\/td><td class=\"column-3\">TCC - Artigo<\/td><td class=\"column-4\">PGUEUTI<\/td><td class=\"column-5\">Assist\u00eancia de enfermagem. Infec\u00e7\u00e3o. Humaniza\u00e7\u00e3o<\/td><td class=\"column-6\">2022<\/td><td class=\"column-7\"><a href=\"http:\/\/repositorio.faculdadedegoiana.com.br\/wp-content\/uploads\/2023\/01\/MISSILENE-ESPI\u0301NDULA-DOS-SANTOS-UTI.pdf\">BAIXAR<\/a><\/td>\n<\/tr>\n<tr class=\"row-217 odd\">\n\t<td class=\"column-1\">Controle glic\u00eamico na unidade de terapia intensiva: uma revis\u00e3o integrativa<\/td><td class=\"column-2\">Jos\u00e9 Sim\u00e3o Trajano do Nascimento<\/td><td class=\"column-3\">TCC - Artigo<\/td><td class=\"column-4\">PGUEUTI<\/td><td class=\"column-5\">Glicemia, Unidade de Terapia Intensiva (UTI), Enfermagem.<\/td><td class=\"column-6\">2022<\/td><td class=\"column-7\"><a href=\"http:\/\/repositorio.faculdadedegoiana.com.br\/wp-content\/uploads\/2023\/01\/CONTROLE-GLICEMICO-TCC-2.pdf\">BAIXAR<\/a><\/td>\n<\/tr>\n<tr class=\"row-218 even\">\n\t<td class=\"column-1\">Resumos Expandidos Jornada Cient\u00edfica<br \/>\n2021 - FAG<\/td><td class=\"column-2\">H\u00e9lio Oliveira dos Santos Rodrigues; Jordana Kelly Belarmino da Silva (orgs.)<\/td><td class=\"column-3\">Resumos Expandidos<\/td><td class=\"column-4\">FAG<\/td><td class=\"column-5\">RESUMOS EXPANDIDOS<\/td><td class=\"column-6\">2021<\/td><td class=\"column-7\"><a href=\"http:\/\/repositorio.faculdadedegoiana.com.br\/wp-content\/uploads\/2024\/06\/RESUMOS-EXPANDIDOS-jornada-2021.pdf\">BAIXAR<\/a><\/td>\n<\/tr>\n<tr class=\"row-219 odd\">\n\t<td class=\"column-1\">Manejo da SEPSE em unidade de terapia intensiva <br \/>\npela enfermagem na perspectiva da seguran\u00e7a do <br \/>\npaciente<\/td><td class=\"column-2\">Danielle N\u00f3brega Miguel<\/td><td class=\"column-3\">TCC - Artigo<\/td><td class=\"column-4\">PGUEUTI<\/td><td class=\"column-5\">Sepse; Enfermagem; UTI; seguran\u00e7a do paciente.<\/td><td class=\"column-6\">2021<\/td><td class=\"column-7\"><a href=\"http:\/\/repositorio.faculdadedegoiana.com.br\/wp-content\/uploads\/2022\/06\/DANIELLE-NOBREGA-ARTIGO-MANEJO-DA-SEPSE-1.pdf\">BAIXAR<\/a><\/td>\n<\/tr>\n<tr class=\"row-220 even\">\n\t<td class=\"column-1\">Classifica\u00e7\u00e3o de risco em urg\u00eancias e emerg\u00eancias: um estudo bibliom\u00e9trico<\/td><td class=\"column-2\">Deborah Helena Batista Leite<\/td><td class=\"column-3\">TCC - Artigo<\/td><td class=\"column-4\">PGUEUTI<\/td><td class=\"column-5\">Acolhimento; Servi\u00e7o hospitalar de emerg\u00eancia; Enfermagem em <br \/>\nemerg\u00eancia.<\/td><td class=\"column-6\">2021<br \/>\n<\/td><td class=\"column-7\"><a href=\"http:\/\/repositorio.faculdadedegoiana.com.br\/wp-content\/uploads\/2022\/06\/TCC_DEBORAH_POS.pdf\">BAIXAR<\/a><\/td>\n<\/tr>\n<tr class=\"row-221 odd\">\n\t<td class=\"column-1\">Dificuldades na assist\u00eancia ao paciente psiqui\u00e1trico nos servi\u00e7os de urg\u00eancia e emerg\u00eancia: revis\u00e3o integrativa<\/td><td class=\"column-2\">Beatriz da Costa Brito Ferreira<\/td><td class=\"column-3\">TCC - Artigo<\/td><td class=\"column-4\">PGUEUTI<\/td><td class=\"column-5\">Emerg\u00eancias; Sa\u00fade Mental; Enfermagem Psiqui\u00e1trica; Servi\u00e7os de Emerg\u00eancia <br \/>\nPsiqui\u00e1trica. <\/td><td class=\"column-6\">2021<br \/>\n<\/td><td class=\"column-7\"><a href=\"http:\/\/repositorio.faculdadedegoiana.com.br\/wp-content\/uploads\/2022\/06\/DIFICULDADES-NA-ASSISTENCIA-AO-PACIENTE-PSIQUIATRICO-NOS-SERVICOS-DE-URGENCIA-E-EMERGENCIA-REVISAO-INTEGRATIVA.pdf\">BAIXAR<\/a><\/td>\n<\/tr>\n<tr class=\"row-222 even\">\n\t<td class=\"column-1\">Emerg\u00eancias Hipertensivas<\/td><td class=\"column-2\">Julianna de Albuquerque Melo Guimar\u00e3es <\/td><td class=\"column-3\">TCC - Artigo<\/td><td class=\"column-4\">PGUEUTI<\/td><td class=\"column-5\"> Emerg\u00eancias hipertensivas; Assist\u00eancia; Enfermagem.<\/td><td class=\"column-6\">2021<br \/>\n<\/td><td class=\"column-7\"><a href=\"http:\/\/repositorio.faculdadedegoiana.com.br\/wp-content\/uploads\/2022\/06\/TCC-FAG-UE-C.pdf\">BAIXAR<\/a><\/td>\n<\/tr>\n<tr class=\"row-223 odd\">\n\t<td class=\"column-1\">Perfil dos usu\u00e1rios internos em unidades de terapia intensiva em decorr\u00eancia do novo Coronav\u00edrus: uma revis\u00e3o integrativa<\/td><td class=\"column-2\">Beatriz da Costa Brito Ferreira<\/td><td class=\"column-3\">TCC - Artigo<\/td><td class=\"column-4\">PGUEUTI<\/td><td class=\"column-5\"> COVID-19; Unidade de Terapia Intensiva; SARS-CoV-2<\/td><td class=\"column-6\">2021<br \/>\n<\/td><td class=\"column-7\"><a href=\"http:\/\/repositorio.faculdadedegoiana.com.br\/wp-content\/uploads\/2022\/06\/PERFIL-DOS-USUARIOS-INTERNOS-EM-UNIDADES-DE-TERAPIA-INTENSIVA-EM-DECORRENCIA-DO-NOVO-CORONAVIRUS-UMA-REVISAO-INTEGRATIVA.pdf\">BAIXAR<\/a><\/td>\n<\/tr>\n<tr class=\"row-224 even\">\n\t<td class=\"column-1\">Desafios na praxis paliativa em ambiente intensivo<\/td><td class=\"column-2\">Julianna de Albuquerque Melo Guimar\u00e3es<\/td><td class=\"column-3\">TCC - Artigo<\/td><td class=\"column-4\">PGUEUTI<\/td><td class=\"column-5\">Cuidados Paliativos; Unidade de terapia intensiva; Desafios.<\/td><td class=\"column-6\"> 2021<br \/>\n<\/td><td class=\"column-7\"><a href=\"http:\/\/repositorio.faculdadedegoiana.com.br\/wp-content\/uploads\/2022\/06\/TCC-FAG.pdf\">BAIXAR<\/a><\/td>\n<\/tr>\n<tr class=\"row-225 odd\">\n\t<td class=\"column-1\">A import\u00e2ncia da identifica\u00e7\u00e3o da SEPSE pelo enfermeiro(a) em unidades de urg\u00eancia e emerg\u00eancia<\/td><td class=\"column-2\">Danielle N\u00f3brega Miguel<\/td><td class=\"column-3\">TCC - Artigo<\/td><td class=\"column-4\">PGUEUTI<\/td><td class=\"column-5\">Sepse; Enfermagem; Urg\u00eancia; Emerg\u00eancia.<\/td><td class=\"column-6\">2021<\/td><td class=\"column-7\"><a href=\"http:\/\/repositorio.faculdadedegoiana.com.br\/wp-content\/uploads\/2022\/06\/DANIELLE-NOBREGA-ARTIGO-MANEJO-DA-SEPSE.pdf\">BAIXAR<\/a><\/td>\n<\/tr>\n<tr class=\"row-226 even\">\n\t<td class=\"column-1\">Atua\u00e7\u00e3o do enfermeiro paciente acometido por<br \/>\ntrauma tor\u00e1cico<br \/>\n<\/td><td class=\"column-2\">Marcelo Henrique Monteiro<\/td><td class=\"column-3\">TCC - Artigo<\/td><td class=\"column-4\">PGUEUTI<\/td><td class=\"column-5\">Politraumatizado ; Assist\u00eancia de Enfermagem ; Trauma Tor\u00e1cico.<\/td><td class=\"column-6\">2021<\/td><td class=\"column-7\"><a href=\"http:\/\/repositorio.faculdadedegoiana.com.br\/wp-content\/uploads\/2023\/02\/TCC-MARCELO-URGENCIA-EMERGENCIA-OK.pdf\">BAIXAR<\/a><\/td>\n<\/tr>\n<\/tbody>\n<\/table>\n<!-- #tablepress-1 from cache --><\/div>\n\t\t\t\t<\/div>\n\t\t\t\t<\/div>\n\t\t\t\t\t<\/div>\n\t\t<\/div>\n\t\t\t\t\t\t\t<\/div>\n\t\t<\/section>\n\t\t\t\t<section class=\"elementor-section elementor-top-section elementor-element elementor-element-4db298b elementor-section-boxed elementor-section-height-default elementor-section-height-default\" data-id=\"4db298b\" data-element_type=\"section\" data-settings=\"{&quot;background_background&quot;:&quot;classic&quot;}\">\n\t\t\t\t\t\t<div class=\"elementor-container elementor-column-gap-default\">\n\t\t\t\t\t<div class=\"elementor-column elementor-col-50 elementor-top-column elementor-element elementor-element-c1c676d\" data-id=\"c1c676d\" data-element_type=\"column\">\n\t\t\t<div class=\"elementor-widget-wrap elementor-element-populated\">\n\t\t\t\t\t\t\t\t<div class=\"elementor-element elementor-element-792cbad elementor-widget elementor-widget-text-editor\" data-id=\"792cbad\" data-element_type=\"widget\" data-widget_type=\"text-editor.default\">\n\t\t\t\t<div class=\"elementor-widget-container\">\n\t\t\t\t\t\t\t<p><span class=\"Copy\">Todos os direitos reservado \u00a9 www.faculdadedegoiana.com.br<\/span><\/p>\t\t\t\t\t\t<\/div>\n\t\t\t\t<\/div>\n\t\t\t\t\t<\/div>\n\t\t<\/div>\n\t\t\t\t<div class=\"elementor-column elementor-col-50 elementor-top-column elementor-element elementor-element-861ffc1\" data-id=\"861ffc1\" data-element_type=\"column\">\n\t\t\t<div class=\"elementor-widget-wrap elementor-element-populated\">\n\t\t\t\t\t\t\t\t<div class=\"elementor-element elementor-element-ec6b208 elementor-widget elementor-widget-text-editor\" data-id=\"ec6b208\" data-element_type=\"widget\" data-widget_type=\"text-editor.default\">\n\t\t\t\t<div class=\"elementor-widget-container\">\n\t\t\t\t\t\t\t<p><a href=\"http:\/\/www.google.com.br\"><span style=\"color: #ffffff;\"><strong><span class=\"Copy\">Conhe\u00e7a nossas Regras<\/span><\/strong><\/span><\/a><\/p>\t\t\t\t\t\t<\/div>\n\t\t\t\t<\/div>\n\t\t\t\t\t<\/div>\n\t\t<\/div>\n\t\t\t\t\t\t\t<\/div>\n\t\t<\/section>\n\t\t\t\t\t\t\t<\/div>\n\t\t","protected":false},"excerpt":{"rendered":"<p>Reposit\u00f3rio | Faculdade de Goiana Todos os direitos reservado \u00a9 www.faculdadedegoiana.com.br Conhe\u00e7a nossas Regras<\/p>\n","protected":false},"author":1,"featured_media":0,"parent":0,"menu_order":0,"comment_status":"closed","ping_status":"closed","template":"elementor_canvas","meta":[],"_links":{"self":[{"href":"https:\/\/repositorio.faculdadedegoiana.com.br\/index.php\/wp-json\/wp\/v2\/pages\/6"}],"collection":[{"href":"https:\/\/repositorio.faculdadedegoiana.com.br\/index.php\/wp-json\/wp\/v2\/pages"}],"about":[{"href":"https:\/\/repositorio.faculdadedegoiana.com.br\/index.php\/wp-json\/wp\/v2\/types\/page"}],"author":[{"embeddable":true,"href":"https:\/\/repositorio.faculdadedegoiana.com.br\/index.php\/wp-json\/wp\/v2\/users\/1"}],"replies":[{"embeddable":true,"href":"https:\/\/repositorio.faculdadedegoiana.com.br\/index.php\/wp-json\/wp\/v2\/comments?post=6"}],"version-history":[{"count":73,"href":"https:\/\/repositorio.faculdadedegoiana.com.br\/index.php\/wp-json\/wp\/v2\/pages\/6\/revisions"}],"predecessor-version":[{"id":113,"href":"https:\/\/repositorio.faculdadedegoiana.com.br\/index.php\/wp-json\/wp\/v2\/pages\/6\/revisions\/113"}],"wp:attachment":[{"href":"https:\/\/repositorio.faculdadedegoiana.com.br\/index.php\/wp-json\/wp\/v2\/media?parent=6"}],"curies":[{"name":"wp","href":"https:\/\/api.w.org\/{rel}","templated":true}]}}